{"id":10303,"date":"2026-05-07T11:27:44","date_gmt":"2026-05-07T09:27:44","guid":{"rendered":"https:\/\/santboi.salesians.cat\/escola\/?page_id=10303"},"modified":"2026-05-07T11:27:48","modified_gmt":"2026-05-07T09:27:48","slug":"obrasalesianasantboi","status":"publish","type":"page","link":"https:\/\/santboi.salesians.cat\/escola\/obrasalesianasantboi\/","title":{"rendered":"L&#8217;obra salesiana de Sant Boi"},"content":{"rendered":"<div id=\"fb-root\"><\/div>\n<p>[et_pb_section fb_built=\u00bb1&#8243; fullwidth=\u00bbon\u00bb _builder_version=\u00bb4.16&#8243; transparent_background=\u00bboff\u00bb make_fullwidth=\u00bboff\u00bb use_custom_width=\u00bboff\u00bb width_unit=\u00bbon\u00bb global_colors_info=\u00bb{}\u00bb][et_pb_fullwidth_header title=\u00bbL&#8217;obra salesiana de Sant Boi\u00bb admin_label=\u00bbT\u00edtulo de anchura completa\u00bb module_class=\u00bbpagina-imagen-cabecera\u00bb _builder_version=\u00bb4.16&#8243; title_text_color=\u00bb#ffffff\u00bb title_font_size=\u00bb40px\u00bb background_color=\u00bbrgba(255, 255, 255, 0)\u00bb background_image=\u00bbhttps:\/\/santboi.salesians.cat\/wp-content\/uploads\/2020\/12\/xfondo_novedades_web.png.pagespeed.ic_.oaBX3K76z6.png\u00bb background_layout=\u00bblight\u00bb max_width_tablet=\u00bb50px\u00bb global_colors_info=\u00bb{}\u00bb button_one_text_size__hover_enabled=\u00bboff\u00bb button_one_text_size__hover=\u00bbnull\u00bb button_two_text_size__hover_enabled=\u00bboff\u00bb button_two_text_size__hover=\u00bbnull\u00bb button_one_text_color__hover_enabled=\u00bboff\u00bb button_one_text_color__hover=\u00bbnull\u00bb button_two_text_color__hover_enabled=\u00bboff\u00bb button_two_text_color__hover=\u00bbnull\u00bb button_one_border_width__hover_enabled=\u00bboff\u00bb button_one_border_width__hover=\u00bbnull\u00bb button_two_border_width__hover_enabled=\u00bboff\u00bb button_two_border_width__hover=\u00bbnull\u00bb button_one_border_color__hover_enabled=\u00bboff\u00bb button_one_border_color__hover=\u00bbnull\u00bb button_two_border_color__hover_enabled=\u00bboff\u00bb button_two_border_color__hover=\u00bbnull\u00bb button_one_border_radius__hover_enabled=\u00bboff\u00bb button_one_border_radius__hover=\u00bbnull\u00bb button_two_border_radius__hover_enabled=\u00bboff\u00bb button_two_border_radius__hover=\u00bbnull\u00bb button_one_letter_spacing__hover_enabled=\u00bboff\u00bb button_one_letter_spacing__hover=\u00bbnull\u00bb button_two_letter_spacing__hover_enabled=\u00bboff\u00bb button_two_letter_spacing__hover=\u00bbnull\u00bb button_one_bg_color__hover_enabled=\u00bboff\u00bb button_one_bg_color__hover=\u00bbnull\u00bb button_two_bg_color__hover_enabled=\u00bboff\u00bb button_two_bg_color__hover=\u00bbnull\u00bb][\/et_pb_fullwidth_header][\/et_pb_section][et_pb_section fb_built=\u00bb1&#8243; custom_padding_last_edited=\u00bbon|desktop\u00bb admin_label=\u00bbsection\u00bb _builder_version=\u00bb4.16&#8243; custom_padding_tablet=\u00bb50px|0|50px|0&#8243; custom_padding_phone=\u00bb\u00bb transparent_background=\u00bboff\u00bb padding_mobile=\u00bboff\u00bb make_fullwidth=\u00bboff\u00bb use_custom_width=\u00bboff\u00bb width_unit=\u00bboff\u00bb custom_width_px=\u00bb1080px\u00bb custom_width_percent=\u00bb80%\u00bb global_colors_info=\u00bb{}\u00bb][et_pb_row padding_mobile=\u00bboff\u00bb column_padding_mobile=\u00bbon\u00bb admin_label=\u00bbrow\u00bb module_id=\u00bbportada-titulo-seccion\u00bb _builder_version=\u00bb4.16&#8243; background_size=\u00bbinitial\u00bb background_position=\u00bbtop_left\u00bb background_repeat=\u00bbrepeat\u00bb width_unit=\u00bboff\u00bb global_colors_info=\u00bb{}\u00bb][et_pb_column type=\u00bb4_4&#8243; _builder_version=\u00bb4.16&#8243; background_position=\u00bbtop_left\u00bb custom_padding=\u00bb|||\u00bb global_colors_info=\u00bb{}\u00bb custom_padding__hover=\u00bb|||\u00bb][et_pb_text _builder_version=\u00bb4.16&#8243; global_colors_info=\u00bb{}\u00bb]<\/p>\n<p><span style=\"font-weight: 400\">L\u2019Obra salesiana de San Boi del Llobregat \u00e9s molt complerta: \u00a0Fam\u00edlia salesiana (Comunitat religiosa, Salesians Cooperadors, \u00a0Llars Don Bosco, Associaci\u00f3 de Maria Auxiliadora), Parr\u00f2quia, Escola , Plataforma d\u2019educaci\u00f3 social, Educaci\u00f3 en el lleure. Tots hi treballem desenvolupant-hi les caracter\u00edstiques pr\u00f2pies dins d\u2019un projecte unificat pel Consell de l\u2019Obra.<\/span><\/p>\n<h3><b>L\u2019ESCOLA<\/b><\/h3>\n<p><span style=\"font-weight: 400\">La comunitat salesiana inici\u00e0 la seva missi\u00f3 amb la fundaci\u00f3 d\u2019una escola, gr\u00e0cies a l\u2019emprenedoria d\u2019alguns bons samboians que, coneixent l\u2019esperit salesi\u00e0, consideraren que la congregaci\u00f3 fundada per don Bosco, era la millor opci\u00f3 per respondre a les necessitats educatives d\u2019un barri de fam\u00edlies en general immigrants i de baix nivell econ\u00f2mic.<\/span><\/p>\n<p><span style=\"font-weight: 400\">En els seus or\u00edgens els propis salesians constitu\u00efen pr\u00e0cticament \u00a0tot el personal directiu, educatiu i d\u2019administraci\u00f3 i serveis. Actualment l\u2019escola t\u00e9 una l\u00ednia d\u2019Educaci\u00f3 infantil i prim\u00e0ria i tres d\u2019ESO. Un bon equip de seglars, amb el suport dels salesians de la comunitat i de la instituci\u00f3 inspectorial, hi estan compromesos en la renovaci\u00f3 pedag\u00f2gica, tenen present que qualsevol actuaci\u00f3 seva s\u2019inscriu en el marc de l\u2019acci\u00f3 pastoral salesiana i treballen personalment o en equip perqu\u00e8 els m\u00e9s febles puguin reeixir en el seu esperit de superaci\u00f3, inspirats en el sistema preventiu de don Bosco.<\/span><\/p>\n<h3><b>PLATAFORMA D\u2019EDUCACI\u00d3 SOCIAL (PES)<\/b><\/h3>\n<p><span style=\"font-weight: 400\">Des del curs 1997-1998, l&#8217;Obra salesiana de Sant Boi s&#8217;ha vist enriquida amb una de les vessants m\u00e9s caracter\u00edstiques\u00a0 del carisma de Joan Bosco: L&#8217;atenci\u00f3 als infants, adolescents, joves i fam\u00edlies que es troben en situacions de vulnerabilitat educativa, cultural i que dificulten el seu creixement personal i l&#8217;exercici de la seva ciutadania de manera integral.\u00a0<\/span><\/p>\n<p><span style=\"font-weight: 400\">El que s&#8217;inici\u00e0\u00a0 de forma senzilla, ha evolucionat fins a constituir una\u00a0 Plataforma d&#8217;Educaci\u00f3 Social (PES), lligada a les altres PES\u00a0Salesianes del territori\u00a0 i que aqu\u00ed es concreta en els seg\u00fcents projectes:\u00a0un Centre Obert per a infants i adolescents, una Aula d&#8217;Estudi assistit per a adolescents dels Instituts de la Zona, un projecte d&#8217;atenci\u00f3 a adolescents i joves nouvinguts\/des al territori (Projecte Atles), un projecte d&#8217;acompanyament integral a joves a partir de 18 anys i finalment, un projecte de Promoci\u00f3 d&#8217;habilitats parentals i marentals positives per a fam\u00edlies de Sant Boi.<\/span><\/p>\n<p><span style=\"font-weight: 400\">El desenvolupament de tots aquests serveis es fa en estreta col\u00b7laboraci\u00f3 amb les administracions p\u00fabliques (tant locals com auton\u00f2miques i estatals) i la xarxa d&#8217;entitats del territori que es dediquen a l&#8217;atenci\u00f3 de persones.<\/span><\/p>\n<p><span style=\"font-weight: 400\">Aquesta PES compta amb la dedicaci\u00f3 d&#8217;un bon nombre de joves educadors i educadores professionals, identificats\/des amb el sistema educatiu salesi\u00e0, acompanyats\/des per un bon nombre de voluntaris i volunt\u00e0ries amb vocaci\u00f3. L&#8217;equip tamb\u00e9 est\u00e0 format per persones en proc\u00e9s de formaci\u00f3, que inicien el seu cam\u00ed professional en aquest \u00e0mbit educatiu.\u00bb<\/span><\/p>\n<h3><b>L&#8217;ESPLAI ARRELS<\/b><\/h3>\n<p><span style=\"font-weight: 400\">Don Bosco inici\u00e0 la seva obra amb l\u2019Oratori festiu, reunint dissabtes i diumenges nens, adolescents i joves per a divertir-se, aprendre, tenir consci\u00e8ncia de grup i formar-se en valors humans i cristians. A mesura que els nois creixien, en fidelitzava alguns perqu\u00e8 fossin el pal de paller dels altres. Aquesta tasca es continua a l\u2019Obra Salesiana de Sant Boi amb l\u2019Esplai i l\u2019Espai Jove, amb activitats per a nens, adolescents i joves els caps de setmana, col\u00f2nies d\u2019estiu i participaci\u00f3 en festes tradicionals ciutadanes i de Catalunya.<\/span><\/p>\n<p><span style=\"font-weight: 400\">Aix\u00f2 \u00e9s possible gr\u00e0cies a un grup de joves, nois i noies amb formaci\u00f3 oficial de monitors o directors de lleure i amb el mateix esperit de creativitat, servei i voluntariat que Don Bosco va ser capa\u00e7 de comunicar als joves de l\u2019Oratori de Tor\u00ed.<\/span><\/p>\n<h3><b>LA PARR\u00d2QUIA<\/b><\/h3>\n<p><span style=\"font-weight: 400\">Des de 1966 hi hagu\u00e9 culte p\u00fablic a l\u2019esgl\u00e9sia de Maria Auxiliadora, per\u00f2 comen\u00e7\u00e0 a funcionar com a parr\u00f2quia el gener de 1972. Enclavada en el barri de Marianao, \u00e9s la comunitat cristiana de refer\u00e8ncia de tota l\u2019Obra salesiana de Sant Boi, tant pel que fa la vessant evangelitzadora, com a la social, assistencial, l\u00fadica i celebrativa , tot proposant itineraris de formaci\u00f3 humana i cristiana en grup des d\u2019infants que es preparen a la primera comuni\u00f3 fins a joves adults que alhora s\u2019impliquen com a voluntaris responsables d\u2019etapes m\u00e9s joves.<\/span><\/p>\n<h3><b>COMUNITAT RELIGIOSA<\/b><\/h3>\n<p><span style=\"font-weight: 400\">L\u2019Obra salesiana de Sant Boi del Llobregat est\u00e0 animada per una comunitat de religiosos salesians incl\u00fas des d\u2019abans del 7 d\u2019octubre de 1965 en qu\u00e8 fou constitu\u00efda oficialment. \u00a0Variable al llarg dels anys en nombre y edats, es mant\u00e9 il\u00b7lusionada en fer possible que les intu\u00efcions educatives i evangelitzadores hi perdurin i es renovin, essent fidels al carisma \u00a0de don Bosco.<\/span><\/p>\n<h3><b>SALESIANS COOPERADORS<\/b><\/h3>\n<p><span style=\"font-weight: 400\">El carisma de don Bosco no \u00e9s nom\u00e9s patrimoni dels religiosos, Salesians i Filles de Maria Auxiliadora. Ho \u00e9s tamb\u00e9 d\u2019altres fam\u00edlies salesianes (m\u00e9s de trenta), entre les quals destaquen el Salesians Cooperadors. A Sant Boi n\u2019hi ha un bon grup que, des de la seva condici\u00f3 la\u00efcal s\u2019han entusiasmat per la proposta educativa de don Bosco, en l\u2019\u00e0mbit familiar, professional, social i evangelitzador, comprometent-s\u2019hi amb una promesa de fidelitat. <\/span><\/p>\n<p><span style=\"font-weight: 400\">A la seva empara han sorgit les Llars Don Bosco, per a formaci\u00f3 humana i cristiana d\u2019adults, que sense assolir el nivell de comprom\u00eds dels Salesians Cooperadors, viuen tamb\u00e9 amb entusiasme l\u2019esperit salesi\u00e0. A l\u2019Obra salesiana de Sant Boi hi ha diversos grups i nivells.<\/span><\/p>\n<p>[\/et_pb_text][\/et_pb_column][\/et_pb_row][\/et_pb_section]<\/p>\n","protected":false},"excerpt":{"rendered":"<p>L\u2019Obra salesiana de San Boi del Llobregat \u00e9s molt complerta: \u00a0Fam\u00edlia salesiana (Comunitat religiosa, Salesians Cooperadors, \u00a0Llars Don Bosco, Associaci\u00f3 de Maria Auxiliadora), Parr\u00f2quia, Escola , Plataforma d\u2019educaci\u00f3 social, Educaci\u00f3 en el lleure. Tots hi treballem desenvolupant-hi les caracter\u00edstiques pr\u00f2pies dins d\u2019un projecte unificat pel Consell de l\u2019Obra. L\u2019ESCOLA La comunitat salesiana inici\u00e0 la seva [&hellip;]<\/p>\n","protected":false},"author":5,"featured_media":0,"parent":0,"menu_order":0,"comment_status":"closed","ping_status":"closed","template":"","meta":{"_et_pb_use_builder":"on","_et_pb_old_content":"","_et_gb_content_width":"","footnotes":""},"class_list":["post-10303","page","type-page","status-publish","hentry"],"yoast_head":"<!-- This site is optimized with the Yoast SEO plugin v28.4 - https:\/\/yoast.com\/product\/yoast-seo-wordpress\/ -->\n<title>L&#039;obra salesiana de Sant Boi - Escola<\/title>\n<meta name=\"robots\" content=\"index, follow, max-snippet:-1, max-image-preview:large, max-video-preview:-1\" \/>\n<link rel=\"canonical\" href=\"https:\/\/santboi.salesians.cat\/escola\/obrasalesianasantboi\/\" \/>\n<meta property=\"og:locale\" content=\"es_ES\" \/>\n<meta property=\"og:type\" content=\"article\" \/>\n<meta property=\"og:title\" content=\"L&#039;obra salesiana de Sant Boi - Escola\" \/>\n<meta property=\"og:description\" content=\"L\u2019Obra salesiana de San Boi del Llobregat \u00e9s molt complerta: \u00a0Fam\u00edlia salesiana (Comunitat religiosa, Salesians Cooperadors, \u00a0Llars Don Bosco, Associaci\u00f3 de Maria Auxiliadora), Parr\u00f2quia, Escola , Plataforma d\u2019educaci\u00f3 social, Educaci\u00f3 en el lleure. Tots hi treballem desenvolupant-hi les caracter\u00edstiques pr\u00f2pies dins d\u2019un projecte unificat pel Consell de l\u2019Obra. L\u2019ESCOLA La comunitat salesiana inici\u00e0 la seva [&hellip;]\" \/>\n<meta property=\"og:url\" content=\"https:\/\/santboi.salesians.cat\/escola\/obrasalesianasantboi\/\" \/>\n<meta property=\"og:site_name\" content=\"Escola\" \/>\n<meta property=\"article:publisher\" content=\"https:\/\/www.facebook.com\/SalesiansSBL\/\" \/>\n<meta property=\"article:modified_time\" content=\"2026-05-07T09:27:48+00:00\" \/>\n<meta name=\"twitter:card\" content=\"summary_large_image\" \/>\n<meta name=\"twitter:site\" content=\"@salesianssbl\" \/>\n<meta name=\"twitter:label1\" content=\"Tiempo de lectura\" \/>\n\t<meta name=\"twitter:data1\" content=\"4 minutos\" \/>\n<script type=\"application\/ld+json\" class=\"yoast-schema-graph\">{\"@context\":\"https:\\\/\\\/schema.org\",\"@graph\":[{\"@type\":\"WebPage\",\"@id\":\"https:\\\/\\\/santboi.salesians.cat\\\/escola\\\/obrasalesianasantboi\\\/\",\"url\":\"https:\\\/\\\/santboi.salesians.cat\\\/escola\\\/obrasalesianasantboi\\\/\",\"name\":\"L'obra salesiana de Sant Boi - Escola\",\"isPartOf\":{\"@id\":\"https:\\\/\\\/santboi.salesians.cat\\\/escola\\\/#website\"},\"datePublished\":\"2026-05-07T09:27:44+00:00\",\"dateModified\":\"2026-05-07T09:27:48+00:00\",\"breadcrumb\":{\"@id\":\"https:\\\/\\\/santboi.salesians.cat\\\/escola\\\/obrasalesianasantboi\\\/#breadcrumb\"},\"inLanguage\":\"es\",\"potentialAction\":[{\"@type\":\"ReadAction\",\"target\":[\"https:\\\/\\\/santboi.salesians.cat\\\/escola\\\/obrasalesianasantboi\\\/\"]}]},{\"@type\":\"BreadcrumbList\",\"@id\":\"https:\\\/\\\/santboi.salesians.cat\\\/escola\\\/obrasalesianasantboi\\\/#breadcrumb\",\"itemListElement\":[{\"@type\":\"ListItem\",\"position\":1,\"name\":\"Portada\",\"item\":\"https:\\\/\\\/santboi.salesians.cat\\\/escola\\\/\"},{\"@type\":\"ListItem\",\"position\":2,\"name\":\"L&#8217;obra salesiana de Sant Boi\"}]},{\"@type\":\"WebSite\",\"@id\":\"https:\\\/\\\/santboi.salesians.cat\\\/escola\\\/#website\",\"url\":\"https:\\\/\\\/santboi.salesians.cat\\\/escola\\\/\",\"name\":\"Escola\",\"description\":\"Salesians Sant Boi de Llobregat\",\"potentialAction\":[{\"@type\":\"SearchAction\",\"target\":{\"@type\":\"EntryPoint\",\"urlTemplate\":\"https:\\\/\\\/santboi.salesians.cat\\\/escola\\\/?s={search_term_string}\"},\"query-input\":{\"@type\":\"PropertyValueSpecification\",\"valueRequired\":true,\"valueName\":\"search_term_string\"}}],\"inLanguage\":\"es\"}]}<\/script>\n<!-- \/ Yoast SEO plugin. -->","yoast_head_json":{"title":"L'obra salesiana de Sant Boi - Escola","robots":{"index":"index","follow":"follow","max-snippet":"max-snippet:-1","max-image-preview":"max-image-preview:large","max-video-preview":"max-video-preview:-1"},"canonical":"https:\/\/santboi.salesians.cat\/escola\/obrasalesianasantboi\/","og_locale":"es_ES","og_type":"article","og_title":"L'obra salesiana de Sant Boi - Escola","og_description":"L\u2019Obra salesiana de San Boi del Llobregat \u00e9s molt complerta: \u00a0Fam\u00edlia salesiana (Comunitat religiosa, Salesians Cooperadors, \u00a0Llars Don Bosco, Associaci\u00f3 de Maria Auxiliadora), Parr\u00f2quia, Escola , Plataforma d\u2019educaci\u00f3 social, Educaci\u00f3 en el lleure. Tots hi treballem desenvolupant-hi les caracter\u00edstiques pr\u00f2pies dins d\u2019un projecte unificat pel Consell de l\u2019Obra. L\u2019ESCOLA La comunitat salesiana inici\u00e0 la seva [&hellip;]","og_url":"https:\/\/santboi.salesians.cat\/escola\/obrasalesianasantboi\/","og_site_name":"Escola","article_publisher":"https:\/\/www.facebook.com\/SalesiansSBL\/","article_modified_time":"2026-05-07T09:27:48+00:00","twitter_card":"summary_large_image","twitter_site":"@salesianssbl","twitter_misc":{"Tiempo de lectura":"4 minutos"},"schema":{"@context":"https:\/\/schema.org","@graph":[{"@type":"WebPage","@id":"https:\/\/santboi.salesians.cat\/escola\/obrasalesianasantboi\/","url":"https:\/\/santboi.salesians.cat\/escola\/obrasalesianasantboi\/","name":"L'obra salesiana de Sant Boi - Escola","isPartOf":{"@id":"https:\/\/santboi.salesians.cat\/escola\/#website"},"datePublished":"2026-05-07T09:27:44+00:00","dateModified":"2026-05-07T09:27:48+00:00","breadcrumb":{"@id":"https:\/\/santboi.salesians.cat\/escola\/obrasalesianasantboi\/#breadcrumb"},"inLanguage":"es","potentialAction":[{"@type":"ReadAction","target":["https:\/\/santboi.salesians.cat\/escola\/obrasalesianasantboi\/"]}]},{"@type":"BreadcrumbList","@id":"https:\/\/santboi.salesians.cat\/escola\/obrasalesianasantboi\/#breadcrumb","itemListElement":[{"@type":"ListItem","position":1,"name":"Portada","item":"https:\/\/santboi.salesians.cat\/escola\/"},{"@type":"ListItem","position":2,"name":"L&#8217;obra salesiana de Sant Boi"}]},{"@type":"WebSite","@id":"https:\/\/santboi.salesians.cat\/escola\/#website","url":"https:\/\/santboi.salesians.cat\/escola\/","name":"Escola","description":"Salesians Sant Boi de Llobregat","potentialAction":[{"@type":"SearchAction","target":{"@type":"EntryPoint","urlTemplate":"https:\/\/santboi.salesians.cat\/escola\/?s={search_term_string}"},"query-input":{"@type":"PropertyValueSpecification","valueRequired":true,"valueName":"search_term_string"}}],"inLanguage":"es"}]}},"_links":{"self":[{"href":"https:\/\/santboi.salesians.cat\/escola\/wp-json\/wp\/v2\/pages\/10303","targetHints":{"allow":["GET"]}}],"collection":[{"href":"https:\/\/santboi.salesians.cat\/escola\/wp-json\/wp\/v2\/pages"}],"about":[{"href":"https:\/\/santboi.salesians.cat\/escola\/wp-json\/wp\/v2\/types\/page"}],"author":[{"embeddable":true,"href":"https:\/\/santboi.salesians.cat\/escola\/wp-json\/wp\/v2\/users\/5"}],"replies":[{"embeddable":true,"href":"https:\/\/santboi.salesians.cat\/escola\/wp-json\/wp\/v2\/comments?post=10303"}],"version-history":[{"count":2,"href":"https:\/\/santboi.salesians.cat\/escola\/wp-json\/wp\/v2\/pages\/10303\/revisions"}],"predecessor-version":[{"id":10306,"href":"https:\/\/santboi.salesians.cat\/escola\/wp-json\/wp\/v2\/pages\/10303\/revisions\/10306"}],"wp:attachment":[{"href":"https:\/\/santboi.salesians.cat\/escola\/wp-json\/wp\/v2\/media?parent=10303"}],"curies":[{"name":"wp","href":"https:\/\/api.w.org\/{rel}","templated":true}]}}