{"id":8009,"date":"2018-10-04T10:03:20","date_gmt":"2018-10-04T08:03:20","guid":{"rendered":"https:\/\/santboi.salesians.cat\/escola\/?page_id=8009"},"modified":"2022-12-09T19:23:24","modified_gmt":"2022-12-09T18:23:24","slug":"caracter-propi","status":"publish","type":"page","link":"https:\/\/santboi.salesians.cat\/escola\/caracter-propi\/","title":{"rendered":"Car\u00e0cter Propi"},"content":{"rendered":"<div id=\"fb-root\"><\/div>\n<p>[et_pb_section fb_built=\u00bb1&#8243; fullwidth=\u00bbon\u00bb _builder_version=\u00bb4.16&#8243; custom_padding=\u00bb0px|0px|0px|0px\u00bb global_colors_info=\u00bb{}\u00bb][et_pb_fullwidth_header title=\u00bbCar\u00e0cter Propi\u00bb background_overlay_color=\u00bbrgba(178,178,178,0)\u00bb module_class=\u00bbpagina-imagen-cabecera\u00bb _builder_version=\u00bb4.16&#8243; background_image=\u00bbhttps:\/\/inspectoria.salesianos.edu\/wp-content\/uploads\/2017\/09\/ImagenPAGINA.jpg\u00bb background_layout=\u00bblight\u00bb max_width_tablet=\u00bb50px\u00bb global_colors_info=\u00bb{}\u00bb button_one_text_size__hover_enabled=\u00bboff\u00bb button_one_text_size__hover=\u00bbnull\u00bb button_two_text_size__hover_enabled=\u00bboff\u00bb button_two_text_size__hover=\u00bbnull\u00bb button_one_text_color__hover_enabled=\u00bboff\u00bb button_one_text_color__hover=\u00bbnull\u00bb button_two_text_color__hover_enabled=\u00bboff\u00bb button_two_text_color__hover=\u00bbnull\u00bb button_one_border_width__hover_enabled=\u00bboff\u00bb button_one_border_width__hover=\u00bbnull\u00bb button_two_border_width__hover_enabled=\u00bboff\u00bb button_two_border_width__hover=\u00bbnull\u00bb button_one_border_color__hover_enabled=\u00bboff\u00bb button_one_border_color__hover=\u00bbnull\u00bb button_two_border_color__hover_enabled=\u00bboff\u00bb button_two_border_color__hover=\u00bbnull\u00bb button_one_border_radius__hover_enabled=\u00bboff\u00bb button_one_border_radius__hover=\u00bbnull\u00bb button_two_border_radius__hover_enabled=\u00bboff\u00bb button_two_border_radius__hover=\u00bbnull\u00bb button_one_letter_spacing__hover_enabled=\u00bboff\u00bb button_one_letter_spacing__hover=\u00bbnull\u00bb button_two_letter_spacing__hover_enabled=\u00bboff\u00bb button_two_letter_spacing__hover=\u00bbnull\u00bb button_one_bg_color__hover_enabled=\u00bboff\u00bb button_one_bg_color__hover=\u00bbnull\u00bb button_two_bg_color__hover_enabled=\u00bboff\u00bb button_two_bg_color__hover=\u00bbnull\u00bb][\/et_pb_fullwidth_header][\/et_pb_section][et_pb_section fb_built=\u00bb1&#8243; _builder_version=\u00bb4.16&#8243; global_colors_info=\u00bb{}\u00bb][et_pb_row _builder_version=\u00bb4.16&#8243; background_size=\u00bbinitial\u00bb background_position=\u00bbtop_left\u00bb background_repeat=\u00bbrepeat\u00bb global_colors_info=\u00bb{}\u00bb][et_pb_column type=\u00bb4_4&#8243; _builder_version=\u00bb4.16&#8243; custom_padding=\u00bb|||\u00bb global_colors_info=\u00bb{}\u00bb custom_padding__hover=\u00bb|||\u00bb][et_pb_text _builder_version=\u00bb4.16&#8243; global_colors_info=\u00bb{}\u00bb]<\/p>\n<p>L\u2019Escola Salesiana \u201cMare de D\u00e9u dels Dolors\u201d de Sant Boi de Llobregat \u00e9s un centre educatiu concertat per la Generalitat de Catalunya. La seva titularitat correspon a la Congregaci\u00f3 Salesiana.<\/p>\n<p>La seva tasca educativa es va iniciar el curs 1964-1965. En el curs 1996-1997 L\u2019escola passa a tenir una l\u00ednia d\u2019EI-EP i tres de l\u2019ESO. Aquesta \u00e9s la nostra oferta actual.\u00a0<\/p>\n<p>El Centre, en el marc del drets a l\u2019educaci\u00f3 i la llibertat d\u2019ensenyament que reconeix la Constituci\u00f3, inspira\u00a0 la seva acci\u00f3 educativa en els valors de l\u2019Evangeli i en el model educatiu de Don Bosco. En conseq\u00fc\u00e8ncia vol oferir un servei a totes les fam\u00edlies i joves de Sant Boi. Aquesta voluntat es materialitza tamb\u00e9 en l\u2019actual Conveni de col\u00b7laboraci\u00f3 amb l\u2019Escola Vedruna de Sant Boi, escola d\u2019EI-EP adscrita a la nostra.<\/p>\n<h3><strong><\/strong><\/h3>\n<h3><strong>ESTIL EDUCATIU<\/strong><\/h3>\n<p>L\u2019estil educatiu es caracteritza per <strong>posar la persona<\/strong> <strong>en el centre del projecte<\/strong>, posant especial \u00e8mfasi en l\u2019educaci\u00f3 en valors.\u00a0<\/p>\n<p>Les principals caracter\u00edstiques que defineixen l\u2019estil educatiu s\u00f3n les seg\u00fcents:<\/p>\n<ul>\n<li>Una educaci\u00f3 integral al servei de la Persona<\/li>\n<li>Una educaci\u00f3 inspirada en els valors de l\u2019evangeli<\/li>\n<li>Una educaci\u00f3 oberta a la transcend\u00e8ncia<\/li>\n<li>Una escola popular i oberta al seu entorn<\/li>\n<li>Una comunitat educativa<\/li>\n<\/ul>\n<h3><\/h3>\n<h3><strong>UNA EDUCACI\u00d3 INTEGRAL AL SERVEI DE LA PERSONA<\/strong><\/h3>\n<p>Cada alumne i alumna \u00e9s protagonista del propi creixement i maduraci\u00f3 en tots els aspectes de la seva personalitat. L\u2019acci\u00f3 educativa, de forma oberta i flexible, cerca donar l\u2019ajut i el suport necessaris en cada una de les etapes d\u2019aquesta proc\u00e9s.<\/p>\n<p>Per aquest motiu es promou una educaci\u00f3 cristiana de l\u2019\u00e9sser hum\u00e0.<\/p>\n<p>La intervenci\u00f3 educativa s\u2019orienta al desenvolupament harm\u00f2nic de totes les dimensions de la personalitat -psicomotora, intel\u00b7lectual, afectiva, social, moral i transcendent- per tal de permetre als alumnes descobrir i realitzar un projecte de vida realista, obert als altres i inserit en el propi entorn.<\/p>\n<p>La pres\u00e8ncia activa i amistosa dels educadors enmig dels joves \u00e9s l\u2019eina b\u00e0sica amb que compta l\u2019escola.<\/p>\n<p>&nbsp;<\/p>\n<h3><strong>UNA EDUCACI\u00d3 INSPIRADA EN ELS VALORS DE L\u2019EVANGELI<\/strong><\/h3>\n<p>L\u2019educaci\u00f3 que es promou posa l\u2019accent en l\u2019educaci\u00f3 en valors des de la perspectiva de l\u2019evangeli. De forma especial destaquen les seg\u00fcents opcions educatives:<\/p>\n<ul>\n<li><strong>Educar en la llibertat i per a la llibertat<\/strong><\/li>\n<\/ul>\n<p style=\"padding-left: 30px\">Perqu\u00e8 els alumnes aprenguin a actuar per conviccions personals i amb responsabilitat davant les pr\u00f2pies accions, fomentant el respecte i la valoraci\u00f3 de la llibertat dels altre. Aconseguir-ho demana fer \u00fas d\u2019un recte esperit cr\u00edtic i la creaci\u00f3 d\u2019un clima de di\u00e0leg i de m\u00fatua confian\u00e7a, que afavoreixi la progressiva participaci\u00f3 dels alumnes en les responsabilitats escolars com a membres actius de la comunitat educativa.<\/p>\n<ul>\n<li><strong>Educar al servei de la just\u00edcia i la solidaritat<\/strong><\/li>\n<\/ul>\n<p style=\"padding-left: 30px\">Oferint als alumnes una real igualtat d\u2019oportunitats, fent normal i f\u00e0cil la integraci\u00f3 en el m\u00f3n escolar dels qui tenen m\u00e9s dificultats a causa de discapacitats, dificultats s\u00f2cio-econ\u00f2miques o problem\u00e0tiques personals o familiars.<\/p>\n<p style=\"padding-left: 30px\">A m\u00e9s de la promoci\u00f3 i desenvolupament de les capacitats de cada alumne, es vol fomentar la seva reflexi\u00f3 cr\u00edtica sobre les realitats d\u2019injust\u00edcia existents en la nostra societat per tal de desvetllar en ells la solidaritat amb qui en s\u00f3n les v\u00edctimes.<\/p>\n<ul>\n<li><strong>Educar per a la conviv\u00e8ncia i la pau<\/strong><\/li>\n<\/ul>\n<p style=\"padding-left: 30px\">Es considera l\u2019escola com a lloc de privilegi per promoure els valors de la conviv\u00e8ncia, cercant sempre camins de pau i no de confrontaci\u00f3, evitant tota forma de marginaci\u00f3 i ab\u00fas, afavorint una relaci\u00f3 cordial i el desvetllament dels valors de la toler\u00e0ncia i la diversitat entre els membres de la comunitat educativa.<\/p>\n<ul>\n<li><strong>Promoure una educaci\u00f3 social i compromesa<\/strong><\/li>\n<\/ul>\n<p style=\"padding-left: 30px\">En primer lloc es procura la socialitzaci\u00f3 dels alumnes i la seva integraci\u00f3 en l\u2019entorn social, evitant tota discriminaci\u00f3. Per\u00f2 tamb\u00e9 es vol formar persones amb visions cr\u00edtiques, desenvolupant totes les seves capacitats humanes per a participar activament en la millora i transformaci\u00f3 de la societat. Com a instituci\u00f3, l\u2019escola treballa en la millora s\u00f2cio-cultural de l\u2019entorn en col\u00b7laboraci\u00f3 amb altres institucions. Tamb\u00e9 es d\u00f3na a con\u00e8ixer aquelles entitats que lluiten en la construcci\u00f3 d\u2019una comunitat humana sense l\u00edmits geogr\u00e0fics, pol\u00edtics o econ\u00f2mics.<\/p>\n<p>&nbsp;<\/p>\n<h3>UNA EDUCACI\u00d3 OBERTA A LA TRASCEND\u00c8NCIA<\/h3>\n<p>Aquesta dimensi\u00f3 s\u2019encarna, cultural i hist\u00f2ricament, el fet religi\u00f3s, que t\u00e9 el seu \u00e0mbit concret d\u2019estudi en l\u2019\u00e0rea de Religi\u00f3. Aquesta \u00e0rea l\u2019imparteix en un marc de respecte i llibertat, fent especial \u00e8mfasi en la dimensi\u00f3 cultural i en les viv\u00e8ncies del fet religi\u00f3s, de manera que subscrit interrogants que afavoreixen una s\u00edntesi entre fe, cultural i vida. Es reconeix tamb\u00e9 la import\u00e0ncia del testimoni dels educadors -religiosos i laics- i del seu comprom\u00eds en fer presents aquests valors en la vida quotidiana.<\/p>\n<p>&nbsp;<\/p>\n<h3>UNA ESCOLA POPULAR I OBERTA AL SEU ENTORN<\/h3>\n<p>L\u2019obertura a l\u2019entorn i l\u2019opci\u00f3 per a la formaci\u00f3 integral de la persona porta impl\u00edcita una concepci\u00f3 d\u2019escola en la que aquesta esdev\u00e9 centre de promoci\u00f3 cultural i social de l\u2019entorn.L\u2019escola es defineix com popular, al servei preferent de la poblaci\u00f3 de Sant Boi de LLobregat i el Baix Llobregat. Orienta el seus esfor\u00e7os cap a la consecuci\u00f3 d\u2019una igualtat d\u2019oportunitats real. Mitjan\u00e7ant una educaci\u00f3 de qualitat que aculli a tots els qui ho desitgin, sense cap tipus de discriminaci\u00f3, donant prefer\u00e8ncia als joves m\u00e9s necessitats.<\/p>\n<p>&nbsp;<\/p>\n<h3>UNA COMUNITAT EDUCATIVA<\/h3>\n<p>L\u2019escola vol ser una Comunitat Educativa -integrada per la Titularitat, Professorat, Personal d\u2019administraci\u00f3 i Serveis, Alumnes i Pares- que viu i fa presents els valors de l\u2019Evangeli en l\u2019\u00e0mbit de l\u2019educaci\u00f3.<\/p>\n<p>Es caracteritza per un esperit de fam\u00edlia, clima d\u2019alegria i sentit de festa i es regeix segons el principi de la corresponsabilitat.<\/p>\n<p>&nbsp;<\/p>\n<h3><strong>EL MODEL DE PERSONA QUE ES VOL EDUCAR<\/strong><\/h3>\n<p><strong>\u00a0<\/strong>El centre vol ser una plataforma educativa que ajudi als seus alumnes a cr\u00e9ixer i madurar segons una concepci\u00f3 o model de persona aut\u00f2noma, protagonista de la seva pr\u00f2pia formaci\u00f3 i capa\u00e7 de construir el seu projecte de vida. Aquest model, inspirat en les antropologies de tradici\u00f3 humanista i cristiana, concep l\u2019\u00e9sser hum\u00e0 com a \u00e9sser \u00fanic, social i moral \u2013amb valors- i fet a imatge de D\u00e9u. \u00c9s una persona que desenvolupa i integra, de forma harm\u00f2nica i equilibrada, les dimensions intel\u00b7lectual, psicomotora, afectiva, social, moral i transcendent.<\/p>\n<p>Les principals caracter\u00edstiques que defineixen aquest model s\u00f3n:<\/p>\n<ul>\n<li>Una persona que es mostra inquieta i curiosa per ampliar els seus coneixements. Motivada per la cultura, t\u00e9 un tarann\u00e0 investigador i cient\u00edfic. \u00c9s oberta a nous aprenentatges, amb bona capacitat de s\u00edntesi, emprenedora i creativa.<\/li>\n<li>Una persona que coneix el seu cos, les seves possibilitats i els seus l\u00edmits, per\u00f2 que t\u00e9 actituds de superaci\u00f3. \u00c9s conscient de la import\u00e0ncia de l\u2019expressi\u00f3 corporal i del manteniment f\u00edsic del seu cos. T\u00e9 cura serena de la pr\u00f2pia imatge i \u00e9s responsable de la seva salut.<\/li>\n<li>Una persona que es coneix a s\u00ed mateixa i s\u2019accepta, amb autoestima positiva, emocionalment segura i equilibrada. Sap comunicar sentiments i \u00e9s capa\u00e7 d\u2019estimar els altres. Integra al sexualitat amb tota la seva persona. \u00c9s una persona feli\u00e7 que es mostra alegre i optimista i que estima la vida.<\/li>\n<li>Una persona altruista, comprensiva amb els qui l\u2019envolten i agra\u00efda. \u00c9s dialogant, oberta i cr\u00edtica. \u00c9s participativa i responsable en les tasques comunes. Sap treballar en equip i accepta al pluralitat dels altres amb maduresa. Es troba integrada en l\u2019entorn social i cultural i est\u00e0 compromesa en la seva millora.<\/li>\n<li>Una persona capa\u00e7 de valorar i actuar moralment en coher\u00e8ncia amb els principis i valors universals, aut\u00f2nomament assumits. La consci\u00e8ncia de la dimensi\u00f3 moral la fa reflexiva i la condueix a fer-se responsable dels seus actes. Assumeix actituds de solidaritat i comprom\u00eds envers els altres.<\/li>\n<li>Una persona que integra en la pr\u00f2pia formaci\u00f3 al dimensi\u00f3 religiosa i el creixement de la fe. La dimensi\u00f3 religiosa la condueix a estimar-se a s\u00ed mateixa i a mostrar-se oberta, generosa i compromesa amb els altres, il\u00b7luminant el seu projecte de vida.<\/li>\n<\/ul>\n<p>[\/et_pb_text][\/et_pb_column][\/et_pb_row][\/et_pb_section]<\/p>\n","protected":false},"excerpt":{"rendered":"<p>L\u2019Escola Salesiana \u201cMare de D\u00e9u dels Dolors\u201d de Sant Boi de Llobregat \u00e9s un centre educatiu concertat per la Generalitat de Catalunya. La seva titularitat correspon a la Congregaci\u00f3 Salesiana. La seva tasca educativa es va iniciar el curs 1964-1965. En el curs 1996-1997 L\u2019escola passa a tenir una l\u00ednia d\u2019EI-EP i tres de l\u2019ESO. [&hellip;]<\/p>\n","protected":false},"author":2,"featured_media":0,"parent":0,"menu_order":0,"comment_status":"closed","ping_status":"closed","template":"","meta":{"_et_pb_use_builder":"on","_et_pb_old_content":"","_et_gb_content_width":"","footnotes":""},"class_list":["post-8009","page","type-page","status-publish","hentry"],"yoast_head":"<!-- This site is optimized with the Yoast SEO plugin v28.4 - https:\/\/yoast.com\/product\/yoast-seo-wordpress\/ -->\n<title>Car\u00e0cter Propi - Escola<\/title>\n<meta name=\"robots\" content=\"index, follow, max-snippet:-1, max-image-preview:large, max-video-preview:-1\" \/>\n<link rel=\"canonical\" href=\"https:\/\/santboi.salesians.cat\/escola\/caracter-propi\/\" \/>\n<meta property=\"og:locale\" content=\"es_ES\" \/>\n<meta property=\"og:type\" content=\"article\" \/>\n<meta property=\"og:title\" content=\"Car\u00e0cter Propi - Escola\" \/>\n<meta property=\"og:description\" content=\"L\u2019Escola Salesiana \u201cMare de D\u00e9u dels Dolors\u201d de Sant Boi de Llobregat \u00e9s un centre educatiu concertat per la Generalitat de Catalunya. La seva titularitat correspon a la Congregaci\u00f3 Salesiana. La seva tasca educativa es va iniciar el curs 1964-1965. En el curs 1996-1997 L\u2019escola passa a tenir una l\u00ednia d\u2019EI-EP i tres de l\u2019ESO. [&hellip;]\" \/>\n<meta property=\"og:url\" content=\"https:\/\/santboi.salesians.cat\/escola\/caracter-propi\/\" \/>\n<meta property=\"og:site_name\" content=\"Escola\" \/>\n<meta property=\"article:publisher\" content=\"https:\/\/www.facebook.com\/SalesiansSBL\/\" \/>\n<meta property=\"article:modified_time\" content=\"2022-12-09T18:23:24+00:00\" \/>\n<meta name=\"twitter:card\" content=\"summary_large_image\" \/>\n<meta name=\"twitter:site\" content=\"@salesianssbl\" \/>\n<meta name=\"twitter:label1\" content=\"Tiempo de lectura\" \/>\n\t<meta name=\"twitter:data1\" content=\"9 minutos\" \/>\n<script type=\"application\/ld+json\" class=\"yoast-schema-graph\">{\"@context\":\"https:\\\/\\\/schema.org\",\"@graph\":[{\"@type\":\"WebPage\",\"@id\":\"https:\\\/\\\/santboi.salesians.cat\\\/escola\\\/caracter-propi\\\/\",\"url\":\"https:\\\/\\\/santboi.salesians.cat\\\/escola\\\/caracter-propi\\\/\",\"name\":\"Car\u00e0cter Propi - Escola\",\"isPartOf\":{\"@id\":\"https:\\\/\\\/santboi.salesians.cat\\\/escola\\\/#website\"},\"datePublished\":\"2018-10-04T08:03:20+00:00\",\"dateModified\":\"2022-12-09T18:23:24+00:00\",\"breadcrumb\":{\"@id\":\"https:\\\/\\\/santboi.salesians.cat\\\/escola\\\/caracter-propi\\\/#breadcrumb\"},\"inLanguage\":\"es\",\"potentialAction\":[{\"@type\":\"ReadAction\",\"target\":[\"https:\\\/\\\/santboi.salesians.cat\\\/escola\\\/caracter-propi\\\/\"]}]},{\"@type\":\"BreadcrumbList\",\"@id\":\"https:\\\/\\\/santboi.salesians.cat\\\/escola\\\/caracter-propi\\\/#breadcrumb\",\"itemListElement\":[{\"@type\":\"ListItem\",\"position\":1,\"name\":\"Portada\",\"item\":\"https:\\\/\\\/santboi.salesians.cat\\\/escola\\\/\"},{\"@type\":\"ListItem\",\"position\":2,\"name\":\"Car\u00e0cter Propi\"}]},{\"@type\":\"WebSite\",\"@id\":\"https:\\\/\\\/santboi.salesians.cat\\\/escola\\\/#website\",\"url\":\"https:\\\/\\\/santboi.salesians.cat\\\/escola\\\/\",\"name\":\"Escola\",\"description\":\"Salesians Sant Boi de Llobregat\",\"potentialAction\":[{\"@type\":\"SearchAction\",\"target\":{\"@type\":\"EntryPoint\",\"urlTemplate\":\"https:\\\/\\\/santboi.salesians.cat\\\/escola\\\/?s={search_term_string}\"},\"query-input\":{\"@type\":\"PropertyValueSpecification\",\"valueRequired\":true,\"valueName\":\"search_term_string\"}}],\"inLanguage\":\"es\"}]}<\/script>\n<!-- \/ Yoast SEO plugin. -->","yoast_head_json":{"title":"Car\u00e0cter Propi - Escola","robots":{"index":"index","follow":"follow","max-snippet":"max-snippet:-1","max-image-preview":"max-image-preview:large","max-video-preview":"max-video-preview:-1"},"canonical":"https:\/\/santboi.salesians.cat\/escola\/caracter-propi\/","og_locale":"es_ES","og_type":"article","og_title":"Car\u00e0cter Propi - Escola","og_description":"L\u2019Escola Salesiana \u201cMare de D\u00e9u dels Dolors\u201d de Sant Boi de Llobregat \u00e9s un centre educatiu concertat per la Generalitat de Catalunya. La seva titularitat correspon a la Congregaci\u00f3 Salesiana. La seva tasca educativa es va iniciar el curs 1964-1965. En el curs 1996-1997 L\u2019escola passa a tenir una l\u00ednia d\u2019EI-EP i tres de l\u2019ESO. [&hellip;]","og_url":"https:\/\/santboi.salesians.cat\/escola\/caracter-propi\/","og_site_name":"Escola","article_publisher":"https:\/\/www.facebook.com\/SalesiansSBL\/","article_modified_time":"2022-12-09T18:23:24+00:00","twitter_card":"summary_large_image","twitter_site":"@salesianssbl","twitter_misc":{"Tiempo de lectura":"9 minutos"},"schema":{"@context":"https:\/\/schema.org","@graph":[{"@type":"WebPage","@id":"https:\/\/santboi.salesians.cat\/escola\/caracter-propi\/","url":"https:\/\/santboi.salesians.cat\/escola\/caracter-propi\/","name":"Car\u00e0cter Propi - Escola","isPartOf":{"@id":"https:\/\/santboi.salesians.cat\/escola\/#website"},"datePublished":"2018-10-04T08:03:20+00:00","dateModified":"2022-12-09T18:23:24+00:00","breadcrumb":{"@id":"https:\/\/santboi.salesians.cat\/escola\/caracter-propi\/#breadcrumb"},"inLanguage":"es","potentialAction":[{"@type":"ReadAction","target":["https:\/\/santboi.salesians.cat\/escola\/caracter-propi\/"]}]},{"@type":"BreadcrumbList","@id":"https:\/\/santboi.salesians.cat\/escola\/caracter-propi\/#breadcrumb","itemListElement":[{"@type":"ListItem","position":1,"name":"Portada","item":"https:\/\/santboi.salesians.cat\/escola\/"},{"@type":"ListItem","position":2,"name":"Car\u00e0cter Propi"}]},{"@type":"WebSite","@id":"https:\/\/santboi.salesians.cat\/escola\/#website","url":"https:\/\/santboi.salesians.cat\/escola\/","name":"Escola","description":"Salesians Sant Boi de Llobregat","potentialAction":[{"@type":"SearchAction","target":{"@type":"EntryPoint","urlTemplate":"https:\/\/santboi.salesians.cat\/escola\/?s={search_term_string}"},"query-input":{"@type":"PropertyValueSpecification","valueRequired":true,"valueName":"search_term_string"}}],"inLanguage":"es"}]}},"_links":{"self":[{"href":"https:\/\/santboi.salesians.cat\/escola\/wp-json\/wp\/v2\/pages\/8009","targetHints":{"allow":["GET"]}}],"collection":[{"href":"https:\/\/santboi.salesians.cat\/escola\/wp-json\/wp\/v2\/pages"}],"about":[{"href":"https:\/\/santboi.salesians.cat\/escola\/wp-json\/wp\/v2\/types\/page"}],"author":[{"embeddable":true,"href":"https:\/\/santboi.salesians.cat\/escola\/wp-json\/wp\/v2\/users\/2"}],"replies":[{"embeddable":true,"href":"https:\/\/santboi.salesians.cat\/escola\/wp-json\/wp\/v2\/comments?post=8009"}],"version-history":[{"count":10,"href":"https:\/\/santboi.salesians.cat\/escola\/wp-json\/wp\/v2\/pages\/8009\/revisions"}],"predecessor-version":[{"id":9492,"href":"https:\/\/santboi.salesians.cat\/escola\/wp-json\/wp\/v2\/pages\/8009\/revisions\/9492"}],"wp:attachment":[{"href":"https:\/\/santboi.salesians.cat\/escola\/wp-json\/wp\/v2\/media?parent=8009"}],"curies":[{"name":"wp","href":"https:\/\/api.w.org\/{rel}","templated":true}]}}