{"id":8023,"date":"2018-10-04T10:08:18","date_gmt":"2018-10-04T08:08:18","guid":{"rendered":"https:\/\/santboi.salesians.cat\/escola\/?page_id=8023"},"modified":"2026-04-30T11:09:27","modified_gmt":"2026-04-30T09:09:27","slug":"primaria","status":"publish","type":"page","link":"https:\/\/santboi.salesians.cat\/escola\/primaria\/","title":{"rendered":"Prim\u00e0ria"},"content":{"rendered":"<div id=\"fb-root\"><\/div>\n<p>[et_pb_section fb_built=\u00bb1&#8243; fullwidth=\u00bbon\u00bb _builder_version=\u00bb4.16&#8243; custom_padding=\u00bb0px|0px|0px|0px\u00bb global_colors_info=\u00bb{}\u00bb][et_pb_fullwidth_header title=\u00bbPrim\u00e0ria\u00bb background_overlay_color=\u00bbrgba(178,178,178,0)\u00bb admin_label=\u00bbT\u00edtulo de anchura completa\u00bb module_class=\u00bbpagina-imagen-cabecera\u00bb _builder_version=\u00bb4.26.0&#8243; background_image=\u00bbhttps:\/\/santboi.salesians.cat\/escola\/wp-content\/uploads\/sites\/3\/2024\/07\/IMG_20240209_155614-scaled.jpg\u00bb background_layout=\u00bblight\u00bb max_width_tablet=\u00bb50px\u00bb global_colors_info=\u00bb{}\u00bb button_one_text_size__hover_enabled=\u00bboff\u00bb button_one_text_size__hover=\u00bbnull\u00bb button_two_text_size__hover_enabled=\u00bboff\u00bb button_two_text_size__hover=\u00bbnull\u00bb button_one_text_color__hover_enabled=\u00bboff\u00bb button_one_text_color__hover=\u00bbnull\u00bb button_two_text_color__hover_enabled=\u00bboff\u00bb button_two_text_color__hover=\u00bbnull\u00bb button_one_border_width__hover_enabled=\u00bboff\u00bb button_one_border_width__hover=\u00bbnull\u00bb button_two_border_width__hover_enabled=\u00bboff\u00bb button_two_border_width__hover=\u00bbnull\u00bb button_one_border_color__hover_enabled=\u00bboff\u00bb button_one_border_color__hover=\u00bbnull\u00bb button_two_border_color__hover_enabled=\u00bboff\u00bb button_two_border_color__hover=\u00bbnull\u00bb button_one_border_radius__hover_enabled=\u00bboff\u00bb button_one_border_radius__hover=\u00bbnull\u00bb button_two_border_radius__hover_enabled=\u00bboff\u00bb button_two_border_radius__hover=\u00bbnull\u00bb button_one_letter_spacing__hover_enabled=\u00bboff\u00bb button_one_letter_spacing__hover=\u00bbnull\u00bb button_two_letter_spacing__hover_enabled=\u00bboff\u00bb button_two_letter_spacing__hover=\u00bbnull\u00bb button_one_bg_color__hover_enabled=\u00bboff\u00bb button_one_bg_color__hover=\u00bbnull\u00bb button_two_bg_color__hover_enabled=\u00bboff\u00bb button_two_bg_color__hover=\u00bbnull\u00bb][\/et_pb_fullwidth_header][\/et_pb_section][et_pb_section fb_built=\u00bb1&#8243; _builder_version=\u00bb4.16&#8243; global_colors_info=\u00bb{}\u00bb][et_pb_row column_structure=\u00bb1_2,1_2&#8243; _builder_version=\u00bb4.27.4&#8243; background_size=\u00bbinitial\u00bb background_position=\u00bbtop_left\u00bb background_repeat=\u00bbrepeat\u00bb animation_style=\u00bbslide\u00bb animation_direction=\u00bbleft\u00bb animation_duration=\u00bb1250ms\u00bb global_colors_info=\u00bb{}\u00bb][et_pb_column type=\u00bb1_2&#8243; _builder_version=\u00bb4.16&#8243; custom_padding=\u00bb|||\u00bb global_colors_info=\u00bb{}\u00bb custom_padding__hover=\u00bb|||\u00bb][et_pb_text _builder_version=\u00bb4.27.4&#8243; _module_preset=\u00bbdefault\u00bb animation_direction=\u00bbleft\u00bb global_colors_info=\u00bb{}\u00bb]<\/p>\n<h1 style=\"text-align: justify\">Educaci\u00f3 Prim\u00e0ria<\/h1>\n<p style=\"text-align: justify\">L\u2019etapa d\u2019Educaci\u00f3 Prim\u00e0ria compr\u00e8n els nens i nenes de 6 a 12 anys. En tenir una sola l\u00ednia hi ha una aula per nivell, aix\u00f2 ens permet oferir un tracte proper i familiar als nostres alumnes.<\/p>\n<p style=\"text-align: justify\">L\u2019educaci\u00f3 Prim\u00e0ria t\u00e9 com a objectiu preparar als alumnes per ser persones que s\u2019han de desenvolupar en una societat i un m\u00f3n canviant. Els ensenya a pensar i actuar de forma integrada, a interrelacionar els aprenentatges, promou l\u2019adquisici\u00f3 d\u2019h\u00e0bits i valors per resoldre problemes i situacions, a fomentar la iniciativa, la creativitat i l\u2019esperit cr\u00edtic, les ganes d\u2019aprendre i a desenvolupar la capacitat d\u2019esfor\u00e7 i treball.<\/p>\n<p style=\"text-align: justify\">Volem educar els nostres alumnes per tal que siguin persones resilients, obertes, aut\u00f2nomes, emprenedores, responsables, col\u00b7laboradores, compromeses, cr\u00edtiques, comunicatives, resolutives, enginyoses i creatives per tal que tinguin la capacitat de dissenyar un projecte de vida que l\u2019ajudi a esdevenir un agent social transformador. De tot aix\u00f2 nosaltres en diem Perfil Competencial Salesi\u00e0.<\/p>\n<p>[\/et_pb_text][\/et_pb_column][et_pb_column type=\u00bb1_2&#8243; _builder_version=\u00bb4.16&#8243; custom_padding=\u00bb|||\u00bb global_colors_info=\u00bb{}\u00bb custom_padding__hover=\u00bb|||\u00bb][et_pb_image src=\u00bbhttps:\/\/santboi.salesians.cat\/escola\/wp-content\/uploads\/sites\/3\/2026\/01\/EP_2-scaled.jpg\u00bb title_text=\u00bbEP_2&#8243; _builder_version=\u00bb4.27.4&#8243; _module_preset=\u00bbdefault\u00bb global_colors_info=\u00bb{}\u00bb][\/et_pb_image][\/et_pb_column][\/et_pb_row][et_pb_row column_structure=\u00bb1_2,1_2&#8243; _builder_version=\u00bb4.27.4&#8243; animation_style=\u00bbslide\u00bb animation_direction=\u00bbright\u00bb animation_duration=\u00bb1250ms\u00bb global_colors_info=\u00bb{}\u00bb][et_pb_column type=\u00bb1_2&#8243; _builder_version=\u00bb4.16&#8243; custom_padding=\u00bb|||\u00bb global_colors_info=\u00bb{}\u00bb custom_padding__hover=\u00bb|||\u00bb][et_pb_text _builder_version=\u00bb4.16&#8243; _module_preset=\u00bbdefault\u00bb global_colors_info=\u00bb{}\u00bb]<\/p>\n<p style=\"text-align: justify\">Els mestres de les escoles salesianes ens comprometem a treballar des del primer dia per desenvolupar en els nostres alumnes aquesta proposta competencial. Seguint la l\u00ednia de treball d\u2019Educaci\u00f3 Infantil, a Prim\u00e0ria adaptem les metodologies, eines i activitats iniciades i n\u2019incorporem de noves per respondre al creixement i maduraci\u00f3 dels alumnes.<\/p>\n<ul>\n<li style=\"text-align: justify\"><strong>Ambients:<\/strong> Metodologia de treball que s\u2019inicia a Infantil i que funciona tamb\u00e9 al Cicle Inicial (1r i 2n). Dos dies a la setmana els alumnes del cicle treballen barrejats en 3 espais d\u2019aprenentatge. Els alumnes trien segons els seus interessos i treballen aut\u00f2nomament propostes competencials, l\u00fadiques,\u2026 a partir de les quals gestionen el seu propi aprenentatge.<\/li>\n<li style=\"text-align: justify\"><strong>Treball per projectes:<\/strong> Alumnes de cicle barrejats treballen amb tres mestres durant 8 hores a la setmana, continguts de catal\u00e0, matem\u00e0tiques, castell\u00e0, naturals i socials. Aprenen de forma cooperativa a partir de petits reptes o situacions. Aquest treball es realitza al Cicle Mitj\u00e0 (3r i 4t) i al Cicle Superior (5\u00e8 i 6\u00e8).<\/li>\n<\/ul>\n<p>[\/et_pb_text][\/et_pb_column][et_pb_column type=\u00bb1_2&#8243; _builder_version=\u00bb4.16&#8243; custom_padding=\u00bb|||\u00bb global_colors_info=\u00bb{}\u00bb custom_padding__hover=\u00bb|||\u00bb][et_pb_image src=\u00bbhttps:\/\/santboi.salesians.cat\/escola\/wp-content\/uploads\/sites\/3\/2026\/01\/EP_1-scaled.jpg\u00bb title_text=\u00bbEP_1&#8243; _builder_version=\u00bb4.27.4&#8243; _module_preset=\u00bbdefault\u00bb global_colors_info=\u00bb{}\u00bb][\/et_pb_image][\/et_pb_column][\/et_pb_row][et_pb_row column_structure=\u00bb2_5,3_5&#8243; _builder_version=\u00bb4.27.4&#8243; _module_preset=\u00bbdefault\u00bb animation_style=\u00bbslide\u00bb animation_direction=\u00bbbottom\u00bb animation_duration=\u00bb1250ms\u00bb global_colors_info=\u00bb{}\u00bb][et_pb_column type=\u00bb2_5&#8243; _builder_version=\u00bb4.16&#8243; _module_preset=\u00bbdefault\u00bb global_colors_info=\u00bb{}\u00bb][et_pb_image src=\u00bbhttps:\/\/santboi.salesians.cat\/escola\/wp-content\/uploads\/sites\/3\/2024\/07\/1717177937986-scaled.jpg\u00bb title_text=\u00bb1717177937986&#8243; _builder_version=\u00bb4.26.0&#8243; _module_preset=\u00bbdefault\u00bb global_colors_info=\u00bb{}\u00bb][\/et_pb_image][\/et_pb_column][et_pb_column type=\u00bb3_5&#8243; _builder_version=\u00bb4.16&#8243; _module_preset=\u00bbdefault\u00bb global_colors_info=\u00bb{}\u00bb][et_pb_text _builder_version=\u00bb4.16&#8243; _module_preset=\u00bbdefault\u00bb global_colors_info=\u00bb{}\u00bb]<\/p>\n<ul>\n<li style=\"text-align: justify\"><strong>Aprenentatge cooperatiu:<\/strong> Apostem per un aprenentatge de col\u00b7laboraci\u00f3 entre iguals a totes les \u00e0rees, mitjan\u00e7ant el treball per equips, que els permeti adquirir les destreses necess\u00e0ries per desenvolupar-se com a persones i agents socials transformadors.<\/li>\n<li style=\"text-align: justify\"><strong>Pla lector:<\/strong> Donem molta import\u00e0ncia a treballar amb els nostres alumnes el gust per la lectura, cada dia dediquem un temps potenciant aquest aspecte. Un dels dies el dediquem a l\u2019apadrinament lector on alumnes m\u00e9s grans fan de padrins dels m\u00e9s petits i els acompanyen en la motivaci\u00f3 per la lectura.<\/li>\n<li style=\"text-align: justify\"><strong>Escola pluriling\u00fce:<\/strong> Dediquem 2 hores d\u2019angl\u00e8s setmanals per curs. L\u2019\u00e0rea de Pl\u00e0stica tamb\u00e9 s\u2019imparteix en aquest idioma (dues hores a Cicle Inicial i Cicle Mitj\u00e0 i una a Cicle Superior).<br \/>El Cicle superior t\u00e9 una hora m\u00e9s que es dedica a fer diferents activitats que estimulen la parla en llengua anglesa.<\/li>\n<li style=\"text-align: justify\"><strong>Projecte d\u2019Escola Digital:<\/strong> Disposem de pissarres digitals a totes les aules. Tot l&#8217;alumnat treballa regularment amb tauletes de l&#8217;escola per anar-se introduint en el m\u00f3n digital. A m\u00e9s a m\u00e9s, els alumnes de Cicle Superior segueixen el Projecte Escola Digital que tindr\u00e0 continu\u00eftat a l&#8217;ESO. Cada alumne t\u00e9 a l&#8217;aula un ordinador tipus Chromebook i els llibres d&#8217;algunes \u00e0rees s\u00f3n digitals.<br \/>Teniu m\u00e9s informaci\u00f3 sobre el Projecte Escola Digital en aquest enlla\u00e7:<br \/><a href=\"https:\/\/santboi.salesians.cat\/escola\/escola-digital\/\">https:\/\/santboi.salesians.cat\/escola\/escola-digital\/<\/a><\/li>\n<li style=\"text-align: justify\"><strong>Atenci\u00f3 individualitzada:<\/strong> Donem suport a tot aquell alumnat que ho necessita (alumnes que presenten algun tipus de dificultat en l&#8217;adquisici\u00f3 d&#8217;aprenentatge, h\u00e0bits, relaci\u00f3 amb els altres&#8230;). En casos que calgui, els tutors disposen de l&#8217;ajuda i orientaci\u00f3 del Servei d&#8217;Assessorament Psicopedag\u00f2gic (SAPP), on mestres i especialistes busquem el millor per cada nen\/a.<br \/>Teniu m\u00e9s informaci\u00f3 sobre el Servei d\u2019Assessorament Psicopedag\u00f2gic en aquest enlla\u00e7:<br \/><a href=\"https:\/\/santboi.salesians.cat\/escola\/orientacio-psicopedagogica\/\">https:\/\/santboi.salesians.cat\/escola\/orientacio-psicopedagogica\/<\/a><\/li>\n<li style=\"text-align: justify\"><strong>Acci\u00f3 tutorial:<\/strong> Donem molta import\u00e0ncia a l\u2019acompanyament als alumnes de manera grupal i individual per part del tutor\/a, aix\u00ed com tamb\u00e9 a les seves fam\u00edlies, treballant de forma conjunta fam\u00edlia i escola.<\/li>\n<li style=\"text-align: justify\"><strong>Educaci\u00f3 emocional:<\/strong> Treballem la presa de consci\u00e8ncia dels sentiments i emocions propis i dels altres, per aprendre a fomentar el benestar personal i social.<\/li>\n<\/ul>\n<p>[\/et_pb_text][\/et_pb_column][\/et_pb_row][et_pb_row column_structure=\u00bb1_2,1_2&#8243; _builder_version=\u00bb4.27.4&#8243; _module_preset=\u00bbdefault\u00bb animation_style=\u00bbslide\u00bb animation_direction=\u00bbleft\u00bb animation_duration=\u00bb1250ms\u00bb global_colors_info=\u00bb{}\u00bb][et_pb_column type=\u00bb1_2&#8243; _builder_version=\u00bb4.16&#8243; _module_preset=\u00bbdefault\u00bb global_colors_info=\u00bb{}\u00bb][et_pb_text _builder_version=\u00bb4.16&#8243; _module_preset=\u00bbdefault\u00bb global_colors_info=\u00bb{}\u00bb]<\/p>\n<ul>\n<li style=\"text-align: justify\"><strong>Hort:<\/strong> Disposem d\u2019un espai al pati adequat on hi plantem, recollim, reguem, observem&#8230; treballem el contacte dels nostres alumnes amb la natura, desenvolupant tasques adequades a cada edat i relacionades amb diferents \u00e0rees curriculars.<\/li>\n<li style=\"text-align: justify\"><strong>Sortides i col\u00f2nies:<\/strong> Les sortides i col\u00f2nies escolars complementen, de manera l\u00fadica, el nostre curr\u00edculum, el nostre model de conviv\u00e8ncia i fomenten l\u2019autonomia.<\/li>\n<li style=\"text-align: justify\"><strong>Festes i celebracions:<\/strong> Celebrem les diverses festes populars com la castanyada, carnaval.. En ser una escola cristiana celebrem les principals festes religioses com el Nadal, la Pasqua&#8230;<\/li>\n<li style=\"text-align: justify\"><strong>Projecte escolar de consum de fruita a l\u2019escola:<\/strong> Fomentem h\u00e0bits d\u2019alimentaci\u00f3 saludable entre els nostres alumnes i les seves fam\u00edlies, tot participant en aquest projecte d\u2019iniciativa de la Uni\u00f3 Europea.<\/li>\n<\/ul>\n<p>[\/et_pb_text][\/et_pb_column][et_pb_column type=\u00bb1_2&#8243; _builder_version=\u00bb4.16&#8243; _module_preset=\u00bbdefault\u00bb global_colors_info=\u00bb{}\u00bb][et_pb_image src=\u00bbhttps:\/\/santboi.salesians.cat\/escola\/wp-content\/uploads\/sites\/3\/2026\/04\/IMG_20240612_123344-scaled-1.jpg\u00bb title_text=\u00bbCREATOR: gd-jpeg v1.0 (using IJG JPEG v62), quality = 82&#8243; _builder_version=\u00bb4.27.4&#8243; _module_preset=\u00bbdefault\u00bb hover_enabled=\u00bb0&#8243; global_colors_info=\u00bb{}\u00bb sticky_enabled=\u00bb0&#8243;][\/et_pb_image][\/et_pb_column][\/et_pb_row][et_pb_row column_structure=\u00bb1_2,1_2&#8243; _builder_version=\u00bb4.27.4&#8243; animation_style=\u00bbslide\u00bb animation_direction=\u00bbright\u00bb animation_duration=\u00bb1250ms\u00bb global_colors_info=\u00bb{}\u00bb][et_pb_column type=\u00bb1_2&#8243; _builder_version=\u00bb4.16&#8243; custom_padding=\u00bb|||\u00bb global_colors_info=\u00bb{}\u00bb custom_padding__hover=\u00bb|||\u00bb][et_pb_video src=\u00bbhttps:\/\/www.youtube.com\/watch?v=zUl2jHZz9vA\u00bb _builder_version=\u00bb4.16&#8243; _module_preset=\u00bbdefault\u00bb global_colors_info=\u00bb{}\u00bb][\/et_pb_video][\/et_pb_column][et_pb_column type=\u00bb1_2&#8243; _builder_version=\u00bb4.16&#8243; custom_padding=\u00bb|||\u00bb global_colors_info=\u00bb{}\u00bb custom_padding__hover=\u00bb|||\u00bb][et_pb_text _builder_version=\u00bb4.16&#8243; _module_preset=\u00bbdefault\u00bb global_colors_info=\u00bb{}\u00bb]<\/p>\n<h1 style=\"text-align: justify\">Treball per Projectes<\/h1>\n<p style=\"text-align: justify\">Els canvis i millores dels darrers anys en els \u00e0mbits de la ci\u00e8ncia, la tecnologia, la cultura i la humanitat en general, han generat un <strong>ampli ventall de noves necessitats<\/strong> a les que les escoles hem hagut de donar resposta.<\/p>\n<p style=\"text-align: justify\">Aquest fet ha comportat <strong>una transformaci\u00f3 de la pr\u00e0ctica docent<\/strong> per poder capacitar als alumnes de <strong>les compet\u00e8ncies necess\u00e0ries per fer front de forma efica\u00e7<\/strong> a les seves situacions futures m\u00e9s properes.<\/p>\n<p style=\"text-align: justify\">Val a dir que la nostra escola ha escollit un model de transformaci\u00f3 <strong>basat en fonamentacions i evid\u00e8ncies que garanteixen la millora dels aprenentatges<\/strong> en els diferents \u00e0mbits curriculars. D\u2019altra banda, la posada en marxa de les diferents metodologies ha requerit que <strong>l\u2019equip docent es formi i reflexioni de forma regulada i continuada<\/strong> sobre la pr\u00e0ctica per garantir la millora educativa.<\/p>\n<p>[\/et_pb_text][\/et_pb_column][\/et_pb_row][et_pb_row column_structure=\u00bb1_2,1_2&#8243; _builder_version=\u00bb4.27.4&#8243; _module_preset=\u00bbdefault\u00bb animation_style=\u00bbfade\u00bb animation_duration=\u00bb1250ms\u00bb global_colors_info=\u00bb{}\u00bb][et_pb_column type=\u00bb1_2&#8243; _builder_version=\u00bb4.16&#8243; _module_preset=\u00bbdefault\u00bb global_colors_info=\u00bb{}\u00bb][et_pb_text _builder_version=\u00bb4.16&#8243; _module_preset=\u00bbdefault\u00bb global_colors_info=\u00bb{}\u00bb]<\/p>\n<h1>Treball per Ambients<\/h1>\n<p style=\"text-align: justify\">L\u2019aprenentatge per ambients apropa els alumnes a experi\u00e8ncies i situacions diferents i a la vegada m\u00e9s properes, adaptant-nos a les necessitats de cada infant, oferint diferents possibilitats on cada alumne se senti c\u00f2mode i capa\u00e7 d\u2019enfrontar cada repte. Pretenem aix\u00ed que els nens i les nenes funcionin amb autonomia, fomentant la iniciativa i la responsabilitat.<\/p>\n<p style=\"text-align: justify\">Es treballa dos dies a la setmana, en tres grups de diferents edats dividits en tres ambients triats pels nens i nenes (llenguatge verbal, matem\u00e0tic i art\u00edstic).<\/p>\n<p style=\"text-align: justify\">En cada espai troben diferents activitats que poden realitzar lliurement, amb la pres\u00e8ncia d\u2019un mestre que fa de guia, els acompanya i ajuda. Els infants poden d&#8217;aquesta manera actuar, observar, experimentar, construir, inventar, imaginar, compartir, relacionar-se&#8230; i interactuar amb els altres. En definitiva, una experi\u00e8ncia que potencia l\u2019aprenentatge, el desenvolupament i creixement maduratiu de tota la seva persona.<\/p>\n<p>[\/et_pb_text][\/et_pb_column][et_pb_column type=\u00bb1_2&#8243; _builder_version=\u00bb4.16&#8243; _module_preset=\u00bbdefault\u00bb global_colors_info=\u00bb{}\u00bb][et_pb_image src=\u00bbhttps:\/\/santboi.salesians.cat\/escola\/wp-content\/uploads\/sites\/3\/2024\/07\/IMG_20240605_100905-scaled.jpg\u00bb title_text=\u00bbIMG_20240605_100905&#8243; _builder_version=\u00bb4.26.0&#8243; _module_preset=\u00bbdefault\u00bb global_colors_info=\u00bb{}\u00bb][\/et_pb_image][\/et_pb_column][\/et_pb_row][et_pb_row column_structure=\u00bb1_2,1_2&#8243; _builder_version=\u00bb4.27.4&#8243; _module_preset=\u00bbdefault\u00bb animation_style=\u00bbfade\u00bb animation_duration=\u00bb1250ms\u00bb global_colors_info=\u00bb{}\u00bb][et_pb_column type=\u00bb1_2&#8243; _builder_version=\u00bb4.16&#8243; _module_preset=\u00bbdefault\u00bb global_colors_info=\u00bb{}\u00bb][et_pb_image src=\u00bbhttps:\/\/santboi.salesians.cat\/escola\/wp-content\/uploads\/sites\/3\/2024\/07\/IMG_20240523_152136-scaled.jpg\u00bb title_text=\u00bbIMG_20240523_152136&#8243; _builder_version=\u00bb4.26.0&#8243; _module_preset=\u00bbdefault\u00bb global_colors_info=\u00bb{}\u00bb][\/et_pb_image][\/et_pb_column][et_pb_column type=\u00bb1_2&#8243; _builder_version=\u00bb4.16&#8243; _module_preset=\u00bbdefault\u00bb global_colors_info=\u00bb{}\u00bb][et_pb_text _builder_version=\u00bb4.16&#8243; _module_preset=\u00bbdefault\u00bb global_colors_info=\u00bb{}\u00bb]<\/p>\n<h1>Aprenentatge Cooperatiu<\/h1>\n<p style=\"text-align: justify\">A l\u2019etapa de la prim\u00e0ria es continua el treball cooperatiu iniciat a infantil adaptant les t\u00e8cniques i recursos segons l\u2019edat evolutiva.<br \/>Els equips de treball s\u00f3n de quatre\/cinc alumnes al llarg de tots els cursos i es van canviant cada tres\/quatre setmanes facilitant l\u2019intercanvi de coneixements, compet\u00e8ncies i destreses en habilitats s\u00f2cio-emocionals.<\/p>\n<p style=\"text-align: justify\">La metodologia cooperativa es concreta en una manera de fer. Mitjan\u00e7ant unes t\u00e8cniques cooperatives concretes els alumnes realitzen les tasques en equip amb responsabilitat compartida i interdepend\u00e8ncia positiva fet que afavoreix la motivaci\u00f3 per aprendre i l\u2019aprenentatge individual dels nous continguts.<br \/>Els rols ja apresos a l\u2019infantil s\u2019afiancen en el cicle inicial (primer i segon curs). A cicle mitj\u00e0 (3r i 4t curs) i superior (5\u00e8 i 6\u00e8) s\u2019augmenten les tasques i responsabilitats dels rols i passen a ser el supervisor\/a, coordinador\/a, secretari\/a i portaveu.<\/p>\n<p style=\"text-align: justify\">Per facilitar l\u2019autoregulaci\u00f3 i autonomia dels propis aprenentatges, els alumnes seguiran realitzant de forma continuada l\u2019autoavaluaci\u00f3 i coavaluaci\u00f3. A cicle mitj\u00e0 i superior de manera m\u00e9s complexa que a cicle inicial i infantil. <br \/>Tot aquest proc\u00e9s en treball cooperatiu culmina a l\u2019ESO.<\/p>\n<p>[\/et_pb_text][\/et_pb_column][\/et_pb_row][\/et_pb_section]<\/p>\n","protected":false},"excerpt":{"rendered":"<p>Educaci\u00f3 Prim\u00e0ria L\u2019etapa d\u2019Educaci\u00f3 Prim\u00e0ria compr\u00e8n els nens i nenes de 6 a 12 anys. En tenir una sola l\u00ednia hi ha una aula per nivell, aix\u00f2 ens permet oferir un tracte proper i familiar als nostres alumnes. L\u2019educaci\u00f3 Prim\u00e0ria t\u00e9 com a objectiu preparar als alumnes per ser persones que s\u2019han de desenvolupar en [&hellip;]<\/p>\n","protected":false},"author":2,"featured_media":0,"parent":0,"menu_order":0,"comment_status":"closed","ping_status":"closed","template":"","meta":{"_et_pb_use_builder":"on","_et_pb_old_content":"","_et_gb_content_width":"","footnotes":""},"class_list":["post-8023","page","type-page","status-publish","hentry"],"yoast_head":"<!-- This site is optimized with the Yoast SEO plugin v28.4 - https:\/\/yoast.com\/product\/yoast-seo-wordpress\/ -->\n<title>Prim\u00e0ria - Escola<\/title>\n<meta name=\"robots\" content=\"index, follow, max-snippet:-1, max-image-preview:large, max-video-preview:-1\" \/>\n<link rel=\"canonical\" href=\"https:\/\/santboi.salesians.cat\/escola\/primaria\/\" \/>\n<meta property=\"og:locale\" content=\"es_ES\" \/>\n<meta property=\"og:type\" content=\"article\" \/>\n<meta property=\"og:title\" content=\"Prim\u00e0ria - Escola\" \/>\n<meta property=\"og:description\" content=\"Educaci\u00f3 Prim\u00e0ria L\u2019etapa d\u2019Educaci\u00f3 Prim\u00e0ria compr\u00e8n els nens i nenes de 6 a 12 anys. En tenir una sola l\u00ednia hi ha una aula per nivell, aix\u00f2 ens permet oferir un tracte proper i familiar als nostres alumnes. L\u2019educaci\u00f3 Prim\u00e0ria t\u00e9 com a objectiu preparar als alumnes per ser persones que s\u2019han de desenvolupar en [&hellip;]\" \/>\n<meta property=\"og:url\" content=\"https:\/\/santboi.salesians.cat\/escola\/primaria\/\" \/>\n<meta property=\"og:site_name\" content=\"Escola\" \/>\n<meta property=\"article:publisher\" content=\"https:\/\/www.facebook.com\/SalesiansSBL\/\" \/>\n<meta property=\"article:modified_time\" content=\"2026-04-30T09:09:27+00:00\" \/>\n<meta name=\"twitter:card\" content=\"summary_large_image\" \/>\n<meta name=\"twitter:site\" content=\"@salesianssbl\" \/>\n<meta name=\"twitter:label1\" content=\"Tiempo de lectura\" \/>\n\t<meta name=\"twitter:data1\" content=\"7 minutos\" \/>\n<script type=\"application\/ld+json\" class=\"yoast-schema-graph\">{\"@context\":\"https:\\\/\\\/schema.org\",\"@graph\":[{\"@type\":\"WebPage\",\"@id\":\"https:\\\/\\\/santboi.salesians.cat\\\/escola\\\/primaria\\\/\",\"url\":\"https:\\\/\\\/santboi.salesians.cat\\\/escola\\\/primaria\\\/\",\"name\":\"Prim\u00e0ria - Escola\",\"isPartOf\":{\"@id\":\"https:\\\/\\\/santboi.salesians.cat\\\/escola\\\/#website\"},\"datePublished\":\"2018-10-04T08:08:18+00:00\",\"dateModified\":\"2026-04-30T09:09:27+00:00\",\"breadcrumb\":{\"@id\":\"https:\\\/\\\/santboi.salesians.cat\\\/escola\\\/primaria\\\/#breadcrumb\"},\"inLanguage\":\"es\",\"potentialAction\":[{\"@type\":\"ReadAction\",\"target\":[\"https:\\\/\\\/santboi.salesians.cat\\\/escola\\\/primaria\\\/\"]}]},{\"@type\":\"BreadcrumbList\",\"@id\":\"https:\\\/\\\/santboi.salesians.cat\\\/escola\\\/primaria\\\/#breadcrumb\",\"itemListElement\":[{\"@type\":\"ListItem\",\"position\":1,\"name\":\"Portada\",\"item\":\"https:\\\/\\\/santboi.salesians.cat\\\/escola\\\/\"},{\"@type\":\"ListItem\",\"position\":2,\"name\":\"Prim\u00e0ria\"}]},{\"@type\":\"WebSite\",\"@id\":\"https:\\\/\\\/santboi.salesians.cat\\\/escola\\\/#website\",\"url\":\"https:\\\/\\\/santboi.salesians.cat\\\/escola\\\/\",\"name\":\"Escola\",\"description\":\"Salesians Sant Boi de Llobregat\",\"potentialAction\":[{\"@type\":\"SearchAction\",\"target\":{\"@type\":\"EntryPoint\",\"urlTemplate\":\"https:\\\/\\\/santboi.salesians.cat\\\/escola\\\/?s={search_term_string}\"},\"query-input\":{\"@type\":\"PropertyValueSpecification\",\"valueRequired\":true,\"valueName\":\"search_term_string\"}}],\"inLanguage\":\"es\"}]}<\/script>\n<!-- \/ Yoast SEO plugin. -->","yoast_head_json":{"title":"Prim\u00e0ria - Escola","robots":{"index":"index","follow":"follow","max-snippet":"max-snippet:-1","max-image-preview":"max-image-preview:large","max-video-preview":"max-video-preview:-1"},"canonical":"https:\/\/santboi.salesians.cat\/escola\/primaria\/","og_locale":"es_ES","og_type":"article","og_title":"Prim\u00e0ria - Escola","og_description":"Educaci\u00f3 Prim\u00e0ria L\u2019etapa d\u2019Educaci\u00f3 Prim\u00e0ria compr\u00e8n els nens i nenes de 6 a 12 anys. En tenir una sola l\u00ednia hi ha una aula per nivell, aix\u00f2 ens permet oferir un tracte proper i familiar als nostres alumnes. L\u2019educaci\u00f3 Prim\u00e0ria t\u00e9 com a objectiu preparar als alumnes per ser persones que s\u2019han de desenvolupar en [&hellip;]","og_url":"https:\/\/santboi.salesians.cat\/escola\/primaria\/","og_site_name":"Escola","article_publisher":"https:\/\/www.facebook.com\/SalesiansSBL\/","article_modified_time":"2026-04-30T09:09:27+00:00","twitter_card":"summary_large_image","twitter_site":"@salesianssbl","twitter_misc":{"Tiempo de lectura":"7 minutos"},"schema":{"@context":"https:\/\/schema.org","@graph":[{"@type":"WebPage","@id":"https:\/\/santboi.salesians.cat\/escola\/primaria\/","url":"https:\/\/santboi.salesians.cat\/escola\/primaria\/","name":"Prim\u00e0ria - Escola","isPartOf":{"@id":"https:\/\/santboi.salesians.cat\/escola\/#website"},"datePublished":"2018-10-04T08:08:18+00:00","dateModified":"2026-04-30T09:09:27+00:00","breadcrumb":{"@id":"https:\/\/santboi.salesians.cat\/escola\/primaria\/#breadcrumb"},"inLanguage":"es","potentialAction":[{"@type":"ReadAction","target":["https:\/\/santboi.salesians.cat\/escola\/primaria\/"]}]},{"@type":"BreadcrumbList","@id":"https:\/\/santboi.salesians.cat\/escola\/primaria\/#breadcrumb","itemListElement":[{"@type":"ListItem","position":1,"name":"Portada","item":"https:\/\/santboi.salesians.cat\/escola\/"},{"@type":"ListItem","position":2,"name":"Prim\u00e0ria"}]},{"@type":"WebSite","@id":"https:\/\/santboi.salesians.cat\/escola\/#website","url":"https:\/\/santboi.salesians.cat\/escola\/","name":"Escola","description":"Salesians Sant Boi de Llobregat","potentialAction":[{"@type":"SearchAction","target":{"@type":"EntryPoint","urlTemplate":"https:\/\/santboi.salesians.cat\/escola\/?s={search_term_string}"},"query-input":{"@type":"PropertyValueSpecification","valueRequired":true,"valueName":"search_term_string"}}],"inLanguage":"es"}]}},"_links":{"self":[{"href":"https:\/\/santboi.salesians.cat\/escola\/wp-json\/wp\/v2\/pages\/8023","targetHints":{"allow":["GET"]}}],"collection":[{"href":"https:\/\/santboi.salesians.cat\/escola\/wp-json\/wp\/v2\/pages"}],"about":[{"href":"https:\/\/santboi.salesians.cat\/escola\/wp-json\/wp\/v2\/types\/page"}],"author":[{"embeddable":true,"href":"https:\/\/santboi.salesians.cat\/escola\/wp-json\/wp\/v2\/users\/2"}],"replies":[{"embeddable":true,"href":"https:\/\/santboi.salesians.cat\/escola\/wp-json\/wp\/v2\/comments?post=8023"}],"version-history":[{"count":35,"href":"https:\/\/santboi.salesians.cat\/escola\/wp-json\/wp\/v2\/pages\/8023\/revisions"}],"predecessor-version":[{"id":10298,"href":"https:\/\/santboi.salesians.cat\/escola\/wp-json\/wp\/v2\/pages\/8023\/revisions\/10298"}],"wp:attachment":[{"href":"https:\/\/santboi.salesians.cat\/escola\/wp-json\/wp\/v2\/media?parent=8023"}],"curies":[{"name":"wp","href":"https:\/\/api.w.org\/{rel}","templated":true}]}}