{"id":8025,"date":"2018-10-04T10:08:45","date_gmt":"2018-10-04T08:08:45","guid":{"rendered":"https:\/\/santboi.salesians.cat\/escola\/?page_id=8025"},"modified":"2026-05-08T18:25:37","modified_gmt":"2026-05-08T16:25:37","slug":"secundaria","status":"publish","type":"page","link":"https:\/\/santboi.salesians.cat\/escola\/secundaria\/","title":{"rendered":"Secund\u00e0ria"},"content":{"rendered":"<div id=\"fb-root\"><\/div>\n<p>[et_pb_section fb_built=\u00bb1&#8243; fullwidth=\u00bbon\u00bb _builder_version=\u00bb4.16&#8243; custom_padding=\u00bb0px|0px|0px|0px\u00bb global_colors_info=\u00bb{}\u00bb][et_pb_fullwidth_header title=\u00bbSecund\u00e0ria\u00bb background_overlay_color=\u00bbrgba(178,178,178,0)\u00bb module_class=\u00bbpagina-imagen-cabecera\u00bb _builder_version=\u00bb4.16&#8243; background_image=\u00bbhttps:\/\/santboi.salesians.cat\/escola\/wp-content\/uploads\/sites\/3\/2019\/03\/IMG_8066.jpg\u00bb background_layout=\u00bblight\u00bb max_width_tablet=\u00bb50px\u00bb global_colors_info=\u00bb{}\u00bb button_one_text_size__hover_enabled=\u00bboff\u00bb button_one_text_size__hover=\u00bbnull\u00bb button_two_text_size__hover_enabled=\u00bboff\u00bb button_two_text_size__hover=\u00bbnull\u00bb button_one_text_color__hover_enabled=\u00bboff\u00bb button_one_text_color__hover=\u00bbnull\u00bb button_two_text_color__hover_enabled=\u00bboff\u00bb button_two_text_color__hover=\u00bbnull\u00bb button_one_border_width__hover_enabled=\u00bboff\u00bb button_one_border_width__hover=\u00bbnull\u00bb button_two_border_width__hover_enabled=\u00bboff\u00bb button_two_border_width__hover=\u00bbnull\u00bb button_one_border_color__hover_enabled=\u00bboff\u00bb button_one_border_color__hover=\u00bbnull\u00bb button_two_border_color__hover_enabled=\u00bboff\u00bb button_two_border_color__hover=\u00bbnull\u00bb button_one_border_radius__hover_enabled=\u00bboff\u00bb button_one_border_radius__hover=\u00bbnull\u00bb button_two_border_radius__hover_enabled=\u00bboff\u00bb button_two_border_radius__hover=\u00bbnull\u00bb button_one_letter_spacing__hover_enabled=\u00bboff\u00bb button_one_letter_spacing__hover=\u00bbnull\u00bb button_two_letter_spacing__hover_enabled=\u00bboff\u00bb button_two_letter_spacing__hover=\u00bbnull\u00bb button_one_bg_color__hover_enabled=\u00bboff\u00bb button_one_bg_color__hover=\u00bbnull\u00bb button_two_bg_color__hover_enabled=\u00bboff\u00bb button_two_bg_color__hover=\u00bbnull\u00bb][\/et_pb_fullwidth_header][\/et_pb_section][et_pb_section fb_built=\u00bb1&#8243; _builder_version=\u00bb4.16&#8243; global_colors_info=\u00bb{}\u00bb][et_pb_row column_structure=\u00bb1_2,1_2&#8243; _builder_version=\u00bb4.16&#8243; global_colors_info=\u00bb{}\u00bb][et_pb_column type=\u00bb1_2&#8243; _builder_version=\u00bb4.16&#8243; custom_padding=\u00bb|||\u00bb global_colors_info=\u00bb{}\u00bb custom_padding__hover=\u00bb|||\u00bb][et_pb_text _builder_version=\u00bb4.27.0&#8243; _module_preset=\u00bbdefault\u00bb global_colors_info=\u00bb{}\u00bb]<\/p>\n<h1>Informaci\u00f3 general<\/h1>\n<p>L\u2019Educaci\u00f3 Secund\u00e0ria Obligat\u00f2ria (ESO) compr\u00e8n 4 cursos acad\u00e8mics (dels 12 als 16 anys). L\u2019alumnat obt\u00e9 el <strong>t\u00edtol de graduat<\/strong> i pot accedir posteriorment als ensenyaments post-obligatoris: Batxillerat o Cicles Formatius de grau mitj\u00e0. Tamb\u00e9 es pot accedir al m\u00f3n laboral un cop acabada l\u2019ESO.<\/p>\n<p>A 1r, 2n i 3r ESO poden escollir una mat\u00e8ria optativa cada quadrimestre durant 2h setmanals. En canvi, a <strong>4t d&#8217;ESO<\/strong>, l&#8217;alumnat tria un <strong>itinerari de mat\u00e8ries<\/strong> en funci\u00f3 dels estudis que vulguin seguir i dels seus interessos. Per tant, en aquest curs nom\u00e9s algunes mat\u00e8ries s\u00f3n comunes i tothom dedica 10h setmanals a mat\u00e8ries diferents, segons l&#8217;itinerari triat.<\/p>\n<p>[\/et_pb_text][\/et_pb_column][et_pb_column type=\u00bb1_2&#8243; _builder_version=\u00bb4.16&#8243; custom_padding=\u00bb|||\u00bb global_colors_info=\u00bb{}\u00bb custom_padding__hover=\u00bb|||\u00bb][et_pb_image src=\u00bbhttps:\/\/santboi.salesians.cat\/escola\/wp-content\/uploads\/sites\/3\/2026\/01\/ESO_2-scaled.jpg\u00bb title_text=\u00bbESO_2&#8243; _builder_version=\u00bb4.27.4&#8243; _module_preset=\u00bbdefault\u00bb global_colors_info=\u00bb{}\u00bb][\/et_pb_image][\/et_pb_column][\/et_pb_row][et_pb_row column_structure=\u00bb1_2,1_2&#8243; _builder_version=\u00bb4.16&#8243; global_colors_info=\u00bb{}\u00bb][et_pb_column type=\u00bb1_2&#8243; _builder_version=\u00bb4.16&#8243; custom_padding=\u00bb|||\u00bb global_colors_info=\u00bb{}\u00bb custom_padding__hover=\u00bb|||\u00bb][et_pb_image src=\u00bbhttps:\/\/santboi.salesians.cat\/escola\/wp-content\/uploads\/sites\/3\/2024\/09\/IMG_20230906_123635-scaled.jpg\u00bb title_text=\u00bbIMG_20230906_123635&#8243; _builder_version=\u00bb4.27.0&#8243; _module_preset=\u00bbdefault\u00bb hover_enabled=\u00bb0&#8243; global_colors_info=\u00bb{}\u00bb sticky_enabled=\u00bb0&#8243;][\/et_pb_image][\/et_pb_column][et_pb_column type=\u00bb1_2&#8243; _builder_version=\u00bb4.16&#8243; custom_padding=\u00bb|||\u00bb global_colors_info=\u00bb{}\u00bb custom_padding__hover=\u00bb|||\u00bb][et_pb_text _builder_version=\u00bb4.27.4&#8243; _module_preset=\u00bbdefault\u00bb hover_enabled=\u00bb0&#8243; global_colors_info=\u00bb{}\u00bb sticky_enabled=\u00bb0&#8243;]<\/p>\n<h1>Acompanyament de l&#8217;alumnat i acci\u00f3 tutorial<\/h1>\n<p>Considerem prioritari acompanyar els nois i noies en el seu <strong>creixement personal<\/strong> perqu\u00e8 adquireixin una formaci\u00f3 acad\u00e8mica s\u00f2lida i d\u2019acord amb els temps actuals. Treballem per formar persones reflexives i amb <strong>capacitat cr\u00edtica<\/strong>, aut\u00f2noms i responsables. I tot aix\u00f2, dins un marc de <strong>conviv\u00e8ncia<\/strong> respectu\u00f3s, basat en la confian\u00e7a i la comunicaci\u00f3. Tot aquesta proposta queda recollida en la nostra acci\u00f3 tutorial. Trobareu m\u00e9s informaci\u00f3 en l&#8217;enlla\u00e7 que trobareu al final d&#8217;aquest article.<\/p>\n<p>Tamb\u00e9 oferim el <strong>servei d\u2019assessorament Psicopedag\u00f2gic<\/strong>: detecci\u00f3 d\u2019alumnes amb dificultats, adaptacions curriculars, plans individualitzats, orientaci\u00f3 i assessorament al professorat. Teniu m\u00e9s detalls <a href=\"https:\/\/santboi.salesians.cat\/escola\/orientacio-psicopedagogica\/\">aqu\u00ed<\/a><\/p>\n<h1>Aules digitalitzades i projecte Escola Digital<\/h1>\n<p>Fa ja 10 anys que l&#8217;escola va implantar el Projecte Escola Digital d&#8217;ordinadors a les aules, continuaci\u00f3 de l&#8217;antic programa 1&#215;1. En el marc d&#8217;aquest projecte totes les aules de l&#8217;escola disposem de pissarres digitals i l&#8217;alumnat a partir de 5\u00e8EP treballa amb llibres digitals i ordinadors propis.<br \/>Teniu m\u00e9s informaci\u00f3 sobre el Projecte Escola Digital en<a href=\"https:\/\/santboi.salesians.cat\/escola\/escola-digital\/\"> aquest enlla\u00e7<\/a><\/p>\n<p>[\/et_pb_text][\/et_pb_column][\/et_pb_row][et_pb_row column_structure=\u00bb1_2,1_2&#8243; _builder_version=\u00bb4.16&#8243; global_colors_info=\u00bb{}\u00bb][et_pb_column type=\u00bb1_2&#8243; _builder_version=\u00bb4.16&#8243; custom_padding=\u00bb|||\u00bb global_colors_info=\u00bb{}\u00bb custom_padding__hover=\u00bb|||\u00bb][et_pb_text _builder_version=\u00bb4.16&#8243; _module_preset=\u00bbdefault\u00bb global_colors_info=\u00bb{}\u00bb]<\/p>\n<h1><b>El treball interdisciplinar a l&#8217;ESO<\/b><\/h1>\n<p><span style=\"font-weight: 400\">La ci\u00e8ncia i el coneixement hum\u00e0, a l\u2019hora d\u2019estudiar la realitat que ens envolta tendeix a especialitzar-se, a fragmentar aquesta realitat en \u00e0mbits de coneixement sovint excessivament tancats en ells mateixos, estancs. \u00c9s per tant tradicional que les escoles compartimentin els ensenyaments d\u2019una forma fragmentada que no existeix en la vida real. Aquesta \u00e9s la base de l\u2019aprenentatge tradicional, on el que s\u2019estudiava i s\u2019avaluava d\u2019una mat\u00e8ria sovint no tenia res a veure amb el que es feia amb altres mat\u00e8ries. No cal dir que aquesta independ\u00e8ncia tan absoluta entre assignatures sovint provocava\u00a0<\/span><b>reiteracions i equ\u00edvocs<\/b><span style=\"font-weight: 400\">\u00a0i condu\u00efa a una\u00a0<\/span><b>manca de visi\u00f3 global<\/b><span style=\"font-weight: 400\">\u00a0dels fets.<\/span><\/p>\n<p><span style=\"font-weight: 400\">Aquesta situaci\u00f3 est\u00e0 molt lluny de ser el que es trobaran el dia de dem\u00e0 els nostres alumnes, perqu\u00e8 la societat en que es mouran, el seu futur lloc de treball, i de fet el m\u00f3n sencer, no est\u00e0 parcel\u00b7lat per assignatures, mat\u00e8ries o cr\u00e8dits sin\u00f3 que \u00e9s\u00a0<\/span><b>\u00fanic, global i hol\u00edstic<\/b><span style=\"font-weight: 400\">. Si el nostre objectiu \u00e9s afavorir que l\u2019aprenentatge escolar sigui \u00fatil per a formar una ciutadania preparada per al futur cal, com a m\u00ednim, introduir part del curr\u00edculum amb un<\/span><b>\u00a0treball m\u00e9s interdisciplinar<\/b><span style=\"font-weight: 400\">: El treball per projectes.<\/span><\/p>\n<p><span style=\"font-weight: 400\">Actualment hi ha una franja de treball pluridisciplinar a 1r, 2n i 3r d&#8217;ESO.<\/span><\/p>\n<p>[\/et_pb_text][et_pb_image src=\u00bbhttps:\/\/santboi.salesians.cat\/escola\/wp-content\/uploads\/sites\/3\/2019\/02\/IMG_9864.jpg\u00bb title_text=\u00bbIMG_9864&#8243; _builder_version=\u00bb4.16&#8243; _module_preset=\u00bbdefault\u00bb custom_margin=\u00bb50px||||false|false\u00bb global_colors_info=\u00bb{}\u00bb][\/et_pb_image][\/et_pb_column][et_pb_column type=\u00bb1_2&#8243; _builder_version=\u00bb4.16&#8243; custom_padding=\u00bb|||\u00bb global_colors_info=\u00bb{}\u00bb custom_padding__hover=\u00bb|||\u00bb][et_pb_image src=\u00bbhttps:\/\/santboi.salesians.cat\/escola\/wp-content\/uploads\/sites\/3\/2024\/09\/IMG_20231018_102117-scaled.jpg\u00bb title_text=\u00bbIMG_20231018_102117&#8243; _builder_version=\u00bb4.27.0&#8243; _module_preset=\u00bbdefault\u00bb global_colors_info=\u00bb{}\u00bb][\/et_pb_image][et_pb_text _builder_version=\u00bb4.27.0&#8243; _module_preset=\u00bbdefault\u00bb global_colors_info=\u00bb{}\u00bb]<\/p>\n<p><span style=\"font-weight: 400\">El treball es fa sempre en grup, normalment de 4 alumnes. En el treball dels grups s\u2019utilitzen<\/span><b>\u00a0t\u00e8cniques d\u2019aprenentatge cooperatiu<\/b><span style=\"font-weight: 400\">, amb distribuci\u00f3 de rols concrets i cercant sempre la cohesi\u00f3 pr\u00e8via de l\u2019equip de treball. Els grups els decideix la persona tutora i intenten ser\u00a0<\/span><b>heterogenis i equilibrats<\/b><span style=\"font-weight: 400\">. Malgrat tot, la nota dels projectes contempla una part comuna i una part individual, perqu\u00e8 entenem que potser no tots els integrants mereixen finalment el mateix reconeixement a la seva feina.\u00a0L\u2019avaluaci\u00f3 dels projectes segueix el nou\u00a0<\/span><b>model competencia<\/b><span style=\"font-weight: 400\">l.\u00a0<\/span><\/p>\n<p><span style=\"font-weight: 400\">La distribuci\u00f3 dels grups no es mant\u00e9 tot el curs: Regularment es canvien i barregen els integrants.\u00a0\u00a0<\/span><\/p>\n<p><span style=\"font-weight: 400\">A 1r i 2n ESO es treballa per projectes\u00a0tres dies a la setmana amb un total de<\/span>6 hores<span style=\"font-weight: 400\">.\u00a0En aquests moments hi ha 4 professors itinerants atenen els tres grups de 1r o 2n d\u2019ESO, trencant d\u2019aquesta forma la tradicional relaci\u00f3 1 professor\/1 grup classe.\u00a0<\/span>A 3rESO, donada l\u2019obligatorietat d\u2019impartir mat\u00e8ries optatives (Rob\u00f2tica, Franc\u00e8s, cultura cl\u00e0ssica&#8230;.), la franja de projectes \u00e9s de 2h setmanals.<\/p>\n<p><span style=\"font-weight: 400\">A m\u00e9s s&#8217;est\u00e0 desplegant tamb\u00e9 el <strong>treball per \u00e0mbits<\/strong>: D&#8217;acord amb el nou model organitzatiu curricular les mat\u00e8ries que tenen m\u00e9s relaci\u00f3 es poden treballar conjuntament. Hi ha dos \u00e0mbits, un socioling\u00fc\u00edstic (SL) on es treballen continguts comuns i propers de lleng\u00fces i a les ci\u00e8ncies socials,\u00a0 i l\u2019altre cientificotecnol\u00f2gic (STEM) on es fa el mateix per\u00f2 amb temes cientifico-tecnol\u00f2gics. Inicialment est\u00e0 previst dedicar 2h setmanals a cada \u00e0mbit.<\/span><\/p>\n<p>[\/et_pb_text][\/et_pb_column][\/et_pb_row][et_pb_row _builder_version=\u00bb4.16&#8243; _module_preset=\u00bbdefault\u00bb global_colors_info=\u00bb{}\u00bb][et_pb_column type=\u00bb4_4&#8243; _builder_version=\u00bb4.16&#8243; _module_preset=\u00bbdefault\u00bb global_colors_info=\u00bb{}\u00bb][et_pb_text _builder_version=\u00bb4.16&#8243; _module_preset=\u00bbdefault\u00bb global_colors_info=\u00bb{}\u00bb]<\/p>\n<p><span style=\"font-weight: 400\">Donada la\u00a0<\/span><b>import\u00e0ncia de les Noves tecnologies<\/b><span style=\"font-weight: 400\">\u00a0en el treball per projectes, el primer projecte de 1rESO (Connecta\u2019t) t\u00e9 com a principal objectiu l\u2019adquisici\u00f3 d\u2019un coneixement prou ampli de les TIC. Aix\u00f2 permet que el treball per projectes es desenvolupin utilitzant\u00a0<\/span><b>eines inform\u00e0tiques<\/b><span style=\"font-weight: 400\">\u00a0com s\u00f3n Classroom, Creaci\u00f3 en xarxa de carpetes: Unitats d\u2019equip, eines DRIVE: Processador, full de c\u00e0lcul, presentacions\u2026. i, si s&#8217;escau, edici\u00f3 on line de v\u00eddeos.<\/span><\/p>\n<p><span style=\"font-weight: 400\">El producte final dels projectes \u00e9s molt variat: Una presentaci\u00f3 en p\u00fablic, una maqueta, un treball tecnol\u00f2gic, un v\u00eddeo,\u2026. La mat\u00e8ria de <\/span><b>tecnologia<\/b><span style=\"font-weight: 400\">\u00a0t\u00e9 molt a dir en molts d\u2019aquest treballs finals, encara que tamb\u00e9 s\u2019utilitzen, i es valoren, compet\u00e8ncies de l\u2019\u00e0<\/span><b>mbit ling\u00fc\u00edstic, matem\u00e0tic, cient\u00edfic<\/b><span style=\"font-weight: 400\">, etc\u00a0<\/span><\/p>\n<p>[\/et_pb_text][et_pb_code _builder_version=\u00bb4.16&#8243; _module_preset=\u00bbdefault\u00bb global_colors_info=\u00bb{}\u00bb][\/et_pb_code][\/et_pb_column][\/et_pb_row][et_pb_row column_structure=\u00bb1_4,1_4,1_4,1_4&#8243; _builder_version=\u00bb4.27.4&#8243; _module_preset=\u00bbdefault\u00bb global_colors_info=\u00bb{}\u00bb][et_pb_column type=\u00bb1_4&#8243; _builder_version=\u00bb4.27.4&#8243; _module_preset=\u00bbdefault\u00bb global_colors_info=\u00bb{}\u00bb][et_pb_blurb title=\u00bbL&#8217;acci\u00f3 tutorial a l&#8217;ESO\u00bb url=\u00bbhttps:\/\/santboi.salesians.cat\/escola\/accio-tutorial-a-leso\/\u00bb use_icon=\u00bbon\u00bb font_icon=\u00bb&#xf21d;||fa||900&#8243; _builder_version=\u00bb4.27.4&#8243; _module_preset=\u00bbdefault\u00bb text_orientation=\u00bbcenter\u00bb global_colors_info=\u00bb{}\u00bb][\/et_pb_blurb][\/et_pb_column][et_pb_column type=\u00bb1_4&#8243; _builder_version=\u00bb4.27.4&#8243; _module_preset=\u00bbdefault\u00bb global_colors_info=\u00bb{}\u00bb][et_pb_blurb title=\u00bbLa mat\u00e8ria de tecnologia\u00bb url=\u00bbhttps:\/\/santboi.salesians.cat\/escola\/tecnologia-a-eso\/\u00bb use_icon=\u00bbon\u00bb font_icon=\u00bb&#xf0ad;||fa||900&#8243; _builder_version=\u00bb4.27.4&#8243; _module_preset=\u00bbdefault\u00bb text_orientation=\u00bbcenter\u00bb global_colors_info=\u00bb{}\u00bb][\/et_pb_blurb][\/et_pb_column][et_pb_column type=\u00bb1_4&#8243; _builder_version=\u00bb4.27.4&#8243; _module_preset=\u00bbdefault\u00bb global_colors_info=\u00bb{}\u00bb][et_pb_blurb title=\u00bbAprendre amb rob\u00f2tica\u00bb url=\u00bbhttps:\/\/santboi.salesians.cat\/escola\/aprendre-amb-robotica\/\u00bb use_icon=\u00bbon\u00bb font_icon=\u00bb&#xf544;||fa||900&#8243; _builder_version=\u00bb4.27.4&#8243; _module_preset=\u00bbdefault\u00bb text_orientation=\u00bbcenter\u00bb global_colors_info=\u00bb{}\u00bb][\/et_pb_blurb][\/et_pb_column][et_pb_column type=\u00bb1_4&#8243; _builder_version=\u00bb4.27.4&#8243; _module_preset=\u00bbdefault\u00bb global_colors_info=\u00bb{}\u00bb][et_pb_blurb title=\u00bbCalendaris de tasques\u00bb url=\u00bbhttps:\/\/santboi.salesians.cat\/escola\/calendaris-eso\/\u00bb use_icon=\u00bbon\u00bb font_icon=\u00bb&#xe025;||divi||400&#8243; _builder_version=\u00bb4.27.4&#8243; _module_preset=\u00bbdefault\u00bb text_orientation=\u00bbcenter\u00bb global_colors_info=\u00bb{}\u00bb][\/et_pb_blurb][\/et_pb_column][\/et_pb_row][\/et_pb_section]<\/p>\n","protected":false},"excerpt":{"rendered":"<p>Informaci\u00f3 general L\u2019Educaci\u00f3 Secund\u00e0ria Obligat\u00f2ria (ESO) compr\u00e8n 4 cursos acad\u00e8mics (dels 12 als 16 anys). L\u2019alumnat obt\u00e9 el t\u00edtol de graduat i pot accedir posteriorment als ensenyaments post-obligatoris: Batxillerat o Cicles Formatius de grau mitj\u00e0. Tamb\u00e9 es pot accedir al m\u00f3n laboral un cop acabada l\u2019ESO. A 1r, 2n i 3r ESO poden escollir una [&hellip;]<\/p>\n","protected":false},"author":2,"featured_media":0,"parent":0,"menu_order":0,"comment_status":"closed","ping_status":"closed","template":"","meta":{"_et_pb_use_builder":"on","_et_pb_old_content":"","_et_gb_content_width":"","footnotes":""},"class_list":["post-8025","page","type-page","status-publish","hentry"],"yoast_head":"<!-- This site is optimized with the Yoast SEO plugin v28.4 - https:\/\/yoast.com\/product\/yoast-seo-wordpress\/ -->\n<title>Secund\u00e0ria - Escola<\/title>\n<meta name=\"robots\" content=\"index, follow, max-snippet:-1, max-image-preview:large, max-video-preview:-1\" \/>\n<link rel=\"canonical\" href=\"https:\/\/santboi.salesians.cat\/escola\/secundaria\/\" \/>\n<meta property=\"og:locale\" content=\"es_ES\" \/>\n<meta property=\"og:type\" content=\"article\" \/>\n<meta property=\"og:title\" content=\"Secund\u00e0ria - Escola\" \/>\n<meta property=\"og:description\" content=\"Informaci\u00f3 general L\u2019Educaci\u00f3 Secund\u00e0ria Obligat\u00f2ria (ESO) compr\u00e8n 4 cursos acad\u00e8mics (dels 12 als 16 anys). L\u2019alumnat obt\u00e9 el t\u00edtol de graduat i pot accedir posteriorment als ensenyaments post-obligatoris: Batxillerat o Cicles Formatius de grau mitj\u00e0. Tamb\u00e9 es pot accedir al m\u00f3n laboral un cop acabada l\u2019ESO. A 1r, 2n i 3r ESO poden escollir una [&hellip;]\" \/>\n<meta property=\"og:url\" content=\"https:\/\/santboi.salesians.cat\/escola\/secundaria\/\" \/>\n<meta property=\"og:site_name\" content=\"Escola\" \/>\n<meta property=\"article:publisher\" content=\"https:\/\/www.facebook.com\/SalesiansSBL\/\" \/>\n<meta property=\"article:modified_time\" content=\"2026-05-08T16:25:37+00:00\" \/>\n<meta name=\"twitter:card\" content=\"summary_large_image\" \/>\n<meta name=\"twitter:site\" content=\"@salesianssbl\" \/>\n<meta name=\"twitter:label1\" content=\"Tiempo de lectura\" \/>\n\t<meta name=\"twitter:data1\" content=\"5 minutos\" \/>\n<script type=\"application\/ld+json\" class=\"yoast-schema-graph\">{\"@context\":\"https:\\\/\\\/schema.org\",\"@graph\":[{\"@type\":\"WebPage\",\"@id\":\"https:\\\/\\\/santboi.salesians.cat\\\/escola\\\/secundaria\\\/\",\"url\":\"https:\\\/\\\/santboi.salesians.cat\\\/escola\\\/secundaria\\\/\",\"name\":\"Secund\u00e0ria - Escola\",\"isPartOf\":{\"@id\":\"https:\\\/\\\/santboi.salesians.cat\\\/escola\\\/#website\"},\"datePublished\":\"2018-10-04T08:08:45+00:00\",\"dateModified\":\"2026-05-08T16:25:37+00:00\",\"breadcrumb\":{\"@id\":\"https:\\\/\\\/santboi.salesians.cat\\\/escola\\\/secundaria\\\/#breadcrumb\"},\"inLanguage\":\"es\",\"potentialAction\":[{\"@type\":\"ReadAction\",\"target\":[\"https:\\\/\\\/santboi.salesians.cat\\\/escola\\\/secundaria\\\/\"]}]},{\"@type\":\"BreadcrumbList\",\"@id\":\"https:\\\/\\\/santboi.salesians.cat\\\/escola\\\/secundaria\\\/#breadcrumb\",\"itemListElement\":[{\"@type\":\"ListItem\",\"position\":1,\"name\":\"Portada\",\"item\":\"https:\\\/\\\/santboi.salesians.cat\\\/escola\\\/\"},{\"@type\":\"ListItem\",\"position\":2,\"name\":\"Secund\u00e0ria\"}]},{\"@type\":\"WebSite\",\"@id\":\"https:\\\/\\\/santboi.salesians.cat\\\/escola\\\/#website\",\"url\":\"https:\\\/\\\/santboi.salesians.cat\\\/escola\\\/\",\"name\":\"Escola\",\"description\":\"Salesians Sant Boi de Llobregat\",\"potentialAction\":[{\"@type\":\"SearchAction\",\"target\":{\"@type\":\"EntryPoint\",\"urlTemplate\":\"https:\\\/\\\/santboi.salesians.cat\\\/escola\\\/?s={search_term_string}\"},\"query-input\":{\"@type\":\"PropertyValueSpecification\",\"valueRequired\":true,\"valueName\":\"search_term_string\"}}],\"inLanguage\":\"es\"}]}<\/script>\n<!-- \/ Yoast SEO plugin. -->","yoast_head_json":{"title":"Secund\u00e0ria - Escola","robots":{"index":"index","follow":"follow","max-snippet":"max-snippet:-1","max-image-preview":"max-image-preview:large","max-video-preview":"max-video-preview:-1"},"canonical":"https:\/\/santboi.salesians.cat\/escola\/secundaria\/","og_locale":"es_ES","og_type":"article","og_title":"Secund\u00e0ria - Escola","og_description":"Informaci\u00f3 general L\u2019Educaci\u00f3 Secund\u00e0ria Obligat\u00f2ria (ESO) compr\u00e8n 4 cursos acad\u00e8mics (dels 12 als 16 anys). L\u2019alumnat obt\u00e9 el t\u00edtol de graduat i pot accedir posteriorment als ensenyaments post-obligatoris: Batxillerat o Cicles Formatius de grau mitj\u00e0. Tamb\u00e9 es pot accedir al m\u00f3n laboral un cop acabada l\u2019ESO. A 1r, 2n i 3r ESO poden escollir una [&hellip;]","og_url":"https:\/\/santboi.salesians.cat\/escola\/secundaria\/","og_site_name":"Escola","article_publisher":"https:\/\/www.facebook.com\/SalesiansSBL\/","article_modified_time":"2026-05-08T16:25:37+00:00","twitter_card":"summary_large_image","twitter_site":"@salesianssbl","twitter_misc":{"Tiempo de lectura":"5 minutos"},"schema":{"@context":"https:\/\/schema.org","@graph":[{"@type":"WebPage","@id":"https:\/\/santboi.salesians.cat\/escola\/secundaria\/","url":"https:\/\/santboi.salesians.cat\/escola\/secundaria\/","name":"Secund\u00e0ria - Escola","isPartOf":{"@id":"https:\/\/santboi.salesians.cat\/escola\/#website"},"datePublished":"2018-10-04T08:08:45+00:00","dateModified":"2026-05-08T16:25:37+00:00","breadcrumb":{"@id":"https:\/\/santboi.salesians.cat\/escola\/secundaria\/#breadcrumb"},"inLanguage":"es","potentialAction":[{"@type":"ReadAction","target":["https:\/\/santboi.salesians.cat\/escola\/secundaria\/"]}]},{"@type":"BreadcrumbList","@id":"https:\/\/santboi.salesians.cat\/escola\/secundaria\/#breadcrumb","itemListElement":[{"@type":"ListItem","position":1,"name":"Portada","item":"https:\/\/santboi.salesians.cat\/escola\/"},{"@type":"ListItem","position":2,"name":"Secund\u00e0ria"}]},{"@type":"WebSite","@id":"https:\/\/santboi.salesians.cat\/escola\/#website","url":"https:\/\/santboi.salesians.cat\/escola\/","name":"Escola","description":"Salesians Sant Boi de Llobregat","potentialAction":[{"@type":"SearchAction","target":{"@type":"EntryPoint","urlTemplate":"https:\/\/santboi.salesians.cat\/escola\/?s={search_term_string}"},"query-input":{"@type":"PropertyValueSpecification","valueRequired":true,"valueName":"search_term_string"}}],"inLanguage":"es"}]}},"_links":{"self":[{"href":"https:\/\/santboi.salesians.cat\/escola\/wp-json\/wp\/v2\/pages\/8025","targetHints":{"allow":["GET"]}}],"collection":[{"href":"https:\/\/santboi.salesians.cat\/escola\/wp-json\/wp\/v2\/pages"}],"about":[{"href":"https:\/\/santboi.salesians.cat\/escola\/wp-json\/wp\/v2\/types\/page"}],"author":[{"embeddable":true,"href":"https:\/\/santboi.salesians.cat\/escola\/wp-json\/wp\/v2\/users\/2"}],"replies":[{"embeddable":true,"href":"https:\/\/santboi.salesians.cat\/escola\/wp-json\/wp\/v2\/comments?post=8025"}],"version-history":[{"count":26,"href":"https:\/\/santboi.salesians.cat\/escola\/wp-json\/wp\/v2\/pages\/8025\/revisions"}],"predecessor-version":[{"id":10326,"href":"https:\/\/santboi.salesians.cat\/escola\/wp-json\/wp\/v2\/pages\/8025\/revisions\/10326"}],"wp:attachment":[{"href":"https:\/\/santboi.salesians.cat\/escola\/wp-json\/wp\/v2\/media?parent=8025"}],"curies":[{"name":"wp","href":"https:\/\/api.w.org\/{rel}","templated":true}]}}