{"id":8027,"date":"2018-10-04T10:09:12","date_gmt":"2018-10-04T08:09:12","guid":{"rendered":"https:\/\/santboi.salesians.cat\/escola\/?page_id=8027"},"modified":"2026-05-22T18:52:25","modified_gmt":"2026-05-22T16:52:25","slug":"innovacio-pedagogica","status":"publish","type":"page","link":"https:\/\/santboi.salesians.cat\/escola\/innovacio-pedagogica\/","title":{"rendered":"Innovaci\u00f3 Pedag\u00f2gica"},"content":{"rendered":"<div id=\"fb-root\"><\/div>\n<p>[et_pb_section fb_built=\u00bb1&#8243; fullwidth=\u00bbon\u00bb _builder_version=\u00bb4.16&#8243; custom_padding=\u00bb0px|0px|0px|0px\u00bb global_colors_info=\u00bb{}\u00bb][et_pb_fullwidth_header title=\u00bbInnovaci\u00f3 Pedag\u00f2gica\u00bb background_overlay_color=\u00bbrgba(178,178,178,0)\u00bb module_class=\u00bbpagina-imagen-cabecera\u00bb _builder_version=\u00bb4.16&#8243; background_image=\u00bbhttps:\/\/inspectoria.salesianos.edu\/wp-content\/uploads\/2017\/09\/ImagenPAGINA.jpg\u00bb background_layout=\u00bblight\u00bb max_width_tablet=\u00bb50px\u00bb z_index_tablet=\u00bb500&#8243; title_text_shadow_horizontal_length_tablet=\u00bb0px\u00bb title_text_shadow_vertical_length_tablet=\u00bb0px\u00bb title_text_shadow_blur_strength_tablet=\u00bb1px\u00bb content_text_shadow_horizontal_length_tablet=\u00bb0px\u00bb content_text_shadow_vertical_length_tablet=\u00bb0px\u00bb content_text_shadow_blur_strength_tablet=\u00bb1px\u00bb subhead_text_shadow_horizontal_length_tablet=\u00bb0px\u00bb subhead_text_shadow_vertical_length_tablet=\u00bb0px\u00bb subhead_text_shadow_blur_strength_tablet=\u00bb1px\u00bb content_link_text_shadow_horizontal_length_tablet=\u00bb0px\u00bb content_link_text_shadow_vertical_length_tablet=\u00bb0px\u00bb content_link_text_shadow_blur_strength_tablet=\u00bb1px\u00bb content_ul_text_shadow_horizontal_length_tablet=\u00bb0px\u00bb content_ul_text_shadow_vertical_length_tablet=\u00bb0px\u00bb content_ul_text_shadow_blur_strength_tablet=\u00bb1px\u00bb content_ol_text_shadow_horizontal_length_tablet=\u00bb0px\u00bb content_ol_text_shadow_vertical_length_tablet=\u00bb0px\u00bb content_ol_text_shadow_blur_strength_tablet=\u00bb1px\u00bb content_quote_text_shadow_horizontal_length_tablet=\u00bb0px\u00bb content_quote_text_shadow_vertical_length_tablet=\u00bb0px\u00bb content_quote_text_shadow_blur_strength_tablet=\u00bb1px\u00bb button_one_text_shadow_horizontal_length_tablet=\u00bb0px\u00bb button_one_text_shadow_vertical_length_tablet=\u00bb0px\u00bb button_one_text_shadow_blur_strength_tablet=\u00bb1px\u00bb button_two_text_shadow_horizontal_length_tablet=\u00bb0px\u00bb button_two_text_shadow_vertical_length_tablet=\u00bb0px\u00bb button_two_text_shadow_blur_strength_tablet=\u00bb1px\u00bb box_shadow_horizontal_tablet=\u00bb0px\u00bb box_shadow_vertical_tablet=\u00bb0px\u00bb box_shadow_blur_tablet=\u00bb40px\u00bb box_shadow_spread_tablet=\u00bb0px\u00bb box_shadow_horizontal_image_tablet=\u00bb0px\u00bb box_shadow_vertical_image_tablet=\u00bb0px\u00bb box_shadow_blur_image_tablet=\u00bb40px\u00bb box_shadow_spread_image_tablet=\u00bb0px\u00bb box_shadow_horizontal_button_one_tablet=\u00bb0px\u00bb box_shadow_vertical_button_one_tablet=\u00bb0px\u00bb box_shadow_blur_button_one_tablet=\u00bb40px\u00bb box_shadow_spread_button_one_tablet=\u00bb0px\u00bb box_shadow_horizontal_button_two_tablet=\u00bb0px\u00bb box_shadow_vertical_button_two_tablet=\u00bb0px\u00bb box_shadow_blur_button_two_tablet=\u00bb40px\u00bb box_shadow_spread_button_two_tablet=\u00bb0px\u00bb text_shadow_horizontal_length_tablet=\u00bb0px\u00bb text_shadow_vertical_length_tablet=\u00bb0px\u00bb text_shadow_blur_strength_tablet=\u00bb1px\u00bb global_colors_info=\u00bb{}\u00bb button_one_text_size__hover_enabled=\u00bboff\u00bb button_one_text_size__hover=\u00bbnull\u00bb button_two_text_size__hover_enabled=\u00bboff\u00bb button_two_text_size__hover=\u00bbnull\u00bb button_one_text_color__hover_enabled=\u00bboff\u00bb button_one_text_color__hover=\u00bbnull\u00bb button_two_text_color__hover_enabled=\u00bboff\u00bb button_two_text_color__hover=\u00bbnull\u00bb button_one_border_width__hover_enabled=\u00bboff\u00bb button_one_border_width__hover=\u00bbnull\u00bb button_two_border_width__hover_enabled=\u00bboff\u00bb button_two_border_width__hover=\u00bbnull\u00bb button_one_border_color__hover_enabled=\u00bboff\u00bb button_one_border_color__hover=\u00bbnull\u00bb button_two_border_color__hover_enabled=\u00bboff\u00bb button_two_border_color__hover=\u00bbnull\u00bb button_one_border_radius__hover_enabled=\u00bboff\u00bb button_one_border_radius__hover=\u00bbnull\u00bb button_two_border_radius__hover_enabled=\u00bboff\u00bb button_two_border_radius__hover=\u00bbnull\u00bb button_one_letter_spacing__hover_enabled=\u00bboff\u00bb button_one_letter_spacing__hover=\u00bbnull\u00bb button_two_letter_spacing__hover_enabled=\u00bboff\u00bb button_two_letter_spacing__hover=\u00bbnull\u00bb button_one_bg_color__hover_enabled=\u00bboff\u00bb button_one_bg_color__hover=\u00bbnull\u00bb button_two_bg_color__hover_enabled=\u00bboff\u00bb button_two_bg_color__hover=\u00bbnull\u00bb]<\/p>\n<p>\n<\/p>\n<p>[\/et_pb_fullwidth_header][\/et_pb_section][et_pb_section fb_built=\u00bb1&#8243; _builder_version=\u00bb4.16&#8243; global_colors_info=\u00bb{}\u00bb][et_pb_row column_structure=\u00bb1_5,3_5,1_5&#8243; _builder_version=\u00bb4.16&#8243; background_size=\u00bbinitial\u00bb background_position=\u00bbtop_left\u00bb background_repeat=\u00bbrepeat\u00bb global_colors_info=\u00bb{}\u00bb][et_pb_column type=\u00bb1_5&#8243; _builder_version=\u00bb4.16&#8243; custom_padding=\u00bb|||\u00bb global_colors_info=\u00bb{}\u00bb custom_padding__hover=\u00bb|||\u00bb][\/et_pb_column][et_pb_column type=\u00bb3_5&#8243; _builder_version=\u00bb4.16&#8243; custom_padding=\u00bb|||\u00bb global_colors_info=\u00bb{}\u00bb custom_padding__hover=\u00bb|||\u00bb][et_pb_testimonial author=\u00bbDocuments per a l&#8217;organitzaci\u00f3 i la gesti\u00f3 dels centres Innovaci\u00f3 pedag\u00f2gica.\u00bb company_name=\u00bbGeneralitat de Catalunya\/ Departament d\u2019Ensenyament (20\/06\/2018)\u00bb _builder_version=\u00bb4.16&#8243; text_orientation=\u00bbcenter\u00bb z_index_tablet=\u00bb500&#8243; author_text_shadow_horizontal_length_tablet=\u00bb0px\u00bb author_text_shadow_vertical_length_tablet=\u00bb0px\u00bb author_text_shadow_blur_strength_tablet=\u00bb1px\u00bb position_text_shadow_horizontal_length_tablet=\u00bb0px\u00bb position_text_shadow_vertical_length_tablet=\u00bb0px\u00bb position_text_shadow_blur_strength_tablet=\u00bb1px\u00bb company_text_shadow_horizontal_length_tablet=\u00bb0px\u00bb company_text_shadow_vertical_length_tablet=\u00bb0px\u00bb company_text_shadow_blur_strength_tablet=\u00bb1px\u00bb body_link_text_shadow_horizontal_length_tablet=\u00bb0px\u00bb body_link_text_shadow_vertical_length_tablet=\u00bb0px\u00bb body_link_text_shadow_blur_strength_tablet=\u00bb1px\u00bb body_ul_text_shadow_horizontal_length_tablet=\u00bb0px\u00bb body_ul_text_shadow_vertical_length_tablet=\u00bb0px\u00bb body_ul_text_shadow_blur_strength_tablet=\u00bb1px\u00bb body_ol_text_shadow_horizontal_length_tablet=\u00bb0px\u00bb body_ol_text_shadow_vertical_length_tablet=\u00bb0px\u00bb body_ol_text_shadow_blur_strength_tablet=\u00bb1px\u00bb body_quote_text_shadow_horizontal_length_tablet=\u00bb0px\u00bb body_quote_text_shadow_vertical_length_tablet=\u00bb0px\u00bb body_quote_text_shadow_blur_strength_tablet=\u00bb1px\u00bb box_shadow_horizontal_tablet=\u00bb0px\u00bb box_shadow_vertical_tablet=\u00bb0px\u00bb box_shadow_blur_tablet=\u00bb40px\u00bb box_shadow_spread_tablet=\u00bb0px\u00bb box_shadow_horizontal_image_tablet=\u00bb0px\u00bb box_shadow_vertical_image_tablet=\u00bb0px\u00bb box_shadow_blur_image_tablet=\u00bb40px\u00bb box_shadow_spread_image_tablet=\u00bb0px\u00bb text_shadow_horizontal_length_tablet=\u00bb0px\u00bb text_shadow_vertical_length_tablet=\u00bb0px\u00bb text_shadow_blur_strength_tablet=\u00bb1px\u00bb global_colors_info=\u00bb{}\u00bb]<\/p>\n<p>\u00abLa innovaci\u00f3 pedag\u00f2gica a l\u2019escola \u00e9s un dels motors de progr\u00e9s del sistema educatiu i un element important per millorar-ne la qualitat i la progressiva adequaci\u00f3 als reptes que l&#8217;evoluci\u00f3 social planteja. En aquest sentit, \u00e9s un instrument i no una finalitat en si mateixa.<br \/>El seu objectiu \u00faltim \u00e9s la millora en la qualitat del sistema educatiu i de la seva equitat.\u00bb<\/p>\n<p>[\/et_pb_testimonial][\/et_pb_column][et_pb_column type=\u00bb1_5&#8243; _builder_version=\u00bb4.16&#8243; custom_padding=\u00bb|||\u00bb global_colors_info=\u00bb{}\u00bb custom_padding__hover=\u00bb|||\u00bb][\/et_pb_column][\/et_pb_row][et_pb_row _builder_version=\u00bb4.16&#8243; global_colors_info=\u00bb{}\u00bb][et_pb_column type=\u00bb4_4&#8243; _builder_version=\u00bb4.16&#8243; custom_padding=\u00bb|||\u00bb global_colors_info=\u00bb{}\u00bb custom_padding__hover=\u00bb|||\u00bb][et_pb_text _builder_version=\u00bb4.16&#8243; z_index_tablet=\u00bb500&#8243; text_text_shadow_horizontal_length_tablet=\u00bb0px\u00bb text_text_shadow_vertical_length_tablet=\u00bb0px\u00bb text_text_shadow_blur_strength_tablet=\u00bb1px\u00bb link_text_shadow_horizontal_length_tablet=\u00bb0px\u00bb link_text_shadow_vertical_length_tablet=\u00bb0px\u00bb link_text_shadow_blur_strength_tablet=\u00bb1px\u00bb ul_text_shadow_horizontal_length_tablet=\u00bb0px\u00bb ul_text_shadow_vertical_length_tablet=\u00bb0px\u00bb ul_text_shadow_blur_strength_tablet=\u00bb1px\u00bb ol_text_shadow_horizontal_length_tablet=\u00bb0px\u00bb ol_text_shadow_vertical_length_tablet=\u00bb0px\u00bb ol_text_shadow_blur_strength_tablet=\u00bb1px\u00bb quote_text_shadow_horizontal_length_tablet=\u00bb0px\u00bb quote_text_shadow_vertical_length_tablet=\u00bb0px\u00bb quote_text_shadow_blur_strength_tablet=\u00bb1px\u00bb header_text_shadow_horizontal_length_tablet=\u00bb0px\u00bb header_text_shadow_vertical_length_tablet=\u00bb0px\u00bb header_text_shadow_blur_strength_tablet=\u00bb1px\u00bb header_2_text_shadow_horizontal_length_tablet=\u00bb0px\u00bb header_2_text_shadow_vertical_length_tablet=\u00bb0px\u00bb header_2_text_shadow_blur_strength_tablet=\u00bb1px\u00bb header_3_text_shadow_horizontal_length_tablet=\u00bb0px\u00bb header_3_text_shadow_vertical_length_tablet=\u00bb0px\u00bb header_3_text_shadow_blur_strength_tablet=\u00bb1px\u00bb header_4_text_shadow_horizontal_length_tablet=\u00bb0px\u00bb header_4_text_shadow_vertical_length_tablet=\u00bb0px\u00bb header_4_text_shadow_blur_strength_tablet=\u00bb1px\u00bb header_5_text_shadow_horizontal_length_tablet=\u00bb0px\u00bb header_5_text_shadow_vertical_length_tablet=\u00bb0px\u00bb header_5_text_shadow_blur_strength_tablet=\u00bb1px\u00bb header_6_text_shadow_horizontal_length_tablet=\u00bb0px\u00bb header_6_text_shadow_vertical_length_tablet=\u00bb0px\u00bb header_6_text_shadow_blur_strength_tablet=\u00bb1px\u00bb box_shadow_horizontal_tablet=\u00bb0px\u00bb box_shadow_vertical_tablet=\u00bb0px\u00bb box_shadow_blur_tablet=\u00bb40px\u00bb box_shadow_spread_tablet=\u00bb0px\u00bb global_colors_info=\u00bb{}\u00bb]<\/p>\n<p>\nEn la nostra escola tots el processos de canvi promoguts per la innovaci\u00f3 pedag\u00f2gica estan compresos b\u00e0sicament en dos \u00e0mbits: els docents i els alumnes, on les metodologies, recursos i actuacions van \u00edntimament lligades i es retroalimenten.<\/p>\n<p>[\/et_pb_text][\/et_pb_column][\/et_pb_row][et_pb_row column_structure=\u00bb2_3,1_3&#8243; _builder_version=\u00bb4.16&#8243; background_size=\u00bbinitial\u00bb background_position=\u00bbtop_left\u00bb background_repeat=\u00bbrepeat\u00bb global_colors_info=\u00bb{}\u00bb][et_pb_column type=\u00bb2_3&#8243; _builder_version=\u00bb4.16&#8243; custom_padding=\u00bb|||\u00bb global_colors_info=\u00bb{}\u00bb custom_padding__hover=\u00bb|||\u00bb][et_pb_text _builder_version=\u00bb4.16&#8243; z_index_tablet=\u00bb500&#8243; text_text_shadow_horizontal_length_tablet=\u00bb0px\u00bb text_text_shadow_vertical_length_tablet=\u00bb0px\u00bb text_text_shadow_blur_strength_tablet=\u00bb1px\u00bb link_text_shadow_horizontal_length_tablet=\u00bb0px\u00bb link_text_shadow_vertical_length_tablet=\u00bb0px\u00bb link_text_shadow_blur_strength_tablet=\u00bb1px\u00bb ul_text_shadow_horizontal_length_tablet=\u00bb0px\u00bb ul_text_shadow_vertical_length_tablet=\u00bb0px\u00bb ul_text_shadow_blur_strength_tablet=\u00bb1px\u00bb ol_text_shadow_horizontal_length_tablet=\u00bb0px\u00bb ol_text_shadow_vertical_length_tablet=\u00bb0px\u00bb ol_text_shadow_blur_strength_tablet=\u00bb1px\u00bb quote_text_shadow_horizontal_length_tablet=\u00bb0px\u00bb quote_text_shadow_vertical_length_tablet=\u00bb0px\u00bb quote_text_shadow_blur_strength_tablet=\u00bb1px\u00bb header_text_shadow_horizontal_length_tablet=\u00bb0px\u00bb header_text_shadow_vertical_length_tablet=\u00bb0px\u00bb header_text_shadow_blur_strength_tablet=\u00bb1px\u00bb header_2_text_shadow_horizontal_length_tablet=\u00bb0px\u00bb header_2_text_shadow_vertical_length_tablet=\u00bb0px\u00bb header_2_text_shadow_blur_strength_tablet=\u00bb1px\u00bb header_3_text_shadow_horizontal_length_tablet=\u00bb0px\u00bb header_3_text_shadow_vertical_length_tablet=\u00bb0px\u00bb header_3_text_shadow_blur_strength_tablet=\u00bb1px\u00bb header_4_text_shadow_horizontal_length_tablet=\u00bb0px\u00bb header_4_text_shadow_vertical_length_tablet=\u00bb0px\u00bb header_4_text_shadow_blur_strength_tablet=\u00bb1px\u00bb header_5_text_shadow_horizontal_length_tablet=\u00bb0px\u00bb header_5_text_shadow_vertical_length_tablet=\u00bb0px\u00bb header_5_text_shadow_blur_strength_tablet=\u00bb1px\u00bb header_6_text_shadow_horizontal_length_tablet=\u00bb0px\u00bb header_6_text_shadow_vertical_length_tablet=\u00bb0px\u00bb header_6_text_shadow_blur_strength_tablet=\u00bb1px\u00bb box_shadow_horizontal_tablet=\u00bb0px\u00bb box_shadow_vertical_tablet=\u00bb0px\u00bb box_shadow_blur_tablet=\u00bb40px\u00bb box_shadow_spread_tablet=\u00bb0px\u00bb global_colors_info=\u00bb{}\u00bb]<\/p>\n<h2><strong>EN L\u2019\u00c0MBIT DOCENT<\/strong><\/h2>\n<p>La renovaci\u00f3 pedagogia ha comportat una <strong>formaci\u00f3 de l\u2019equip docent<\/strong> a llarg termini i de forma continuada en metodologies i recursos per dur-la a terme (aprenentatge cooperatiu, treball per projectes, neuroci\u00e8ncia aplicada als processos d\u2019aprenentatge).<\/p>\n<p>Els equips docents han renovat la seva manera de\u00a0 <strong>treballar en equip<\/strong>. Es reflexiona sobre la praxis realitzada i s\u00f3n comunitats que aprenen uns dels altres en espais i moments facilitats per l\u2019Equip Directiu.<\/p>\n<p>La creaci\u00f3 d\u2019Equips de treball com l\u2019<strong>EPAM<\/strong> (Equip de creaci\u00f3 de Pautes d\u2019Acords Metodol\u00f2gics) han estat motor de la innovaci\u00f3 pedag\u00f2gica. Aquest equip format per docents dissenya i acompanya en el proc\u00e9s d\u2019innovaci\u00f3 de l\u2019escola.<\/p>\n<p>Una altra de les renovacions metodol\u00f2giques dins l\u2019aula \u00e9s la <strong>codoc\u00e8ncia. <\/strong>Per millorar l\u2019atenci\u00f3 dels processos d\u2019aprenentatge dels alumnes i treballar cooperativament, s\u2019ha optat perqu\u00e8 hi hagi dos docents en un mateix espai. Aquesta pr\u00e0ctica, per\u00f2, est\u00e0 en funci\u00f3 de la disponibilitat d\u2019espais adients.<\/p>\n<p>A les metodologies acabades de descriure cal sumar-li la renovaci\u00f3 en l\u2019\u00fas de les <strong>TIC<\/strong> com a recurs utilitzat per facilitar les noves metodologies emprades a l\u2019aula.<\/p>\n<p>L\u2019\u00fas renovat d\u2019aquestes metodologies i recursos van orientades a poder avaluar les capacitats de l\u2019alumne en l\u2019\u00fas de la informaci\u00f3 que va aprenent en el seu entorn, <strong>l\u2019avaluaci\u00f3 competencial.<\/strong><\/p>\n<p>[\/et_pb_text][\/et_pb_column][et_pb_column type=\u00bb1_3&#8243; _builder_version=\u00bb4.16&#8243; custom_padding=\u00bb|||\u00bb global_colors_info=\u00bb{}\u00bb custom_padding__hover=\u00bb|||\u00bb][et_pb_image src=\u00bbhttps:\/\/santboi.salesians.cat\/escola\/wp-content\/uploads\/sites\/3\/2020\/03\/1-e1584606473410.jpg\u00bb _builder_version=\u00bb4.16&#8243; z_index_tablet=\u00bb500&#8243; box_shadow_horizontal_tablet=\u00bb0px\u00bb box_shadow_vertical_tablet=\u00bb0px\u00bb box_shadow_blur_tablet=\u00bb40px\u00bb box_shadow_spread_tablet=\u00bb0px\u00bb global_colors_info=\u00bb{}\u00bb][\/et_pb_image][\/et_pb_column][\/et_pb_row][et_pb_row _builder_version=\u00bb4.16&#8243; background_size=\u00bbinitial\u00bb background_position=\u00bbtop_left\u00bb background_repeat=\u00bbrepeat\u00bb global_colors_info=\u00bb{}\u00bb][et_pb_column type=\u00bb4_4&#8243; _builder_version=\u00bb4.16&#8243; custom_padding=\u00bb|||\u00bb global_colors_info=\u00bb{}\u00bb custom_padding__hover=\u00bb|||\u00bb][et_pb_text _builder_version=\u00bb4.16&#8243; z_index_tablet=\u00bb500&#8243; text_text_shadow_horizontal_length_tablet=\u00bb0px\u00bb text_text_shadow_vertical_length_tablet=\u00bb0px\u00bb text_text_shadow_blur_strength_tablet=\u00bb1px\u00bb link_text_shadow_horizontal_length_tablet=\u00bb0px\u00bb link_text_shadow_vertical_length_tablet=\u00bb0px\u00bb link_text_shadow_blur_strength_tablet=\u00bb1px\u00bb ul_text_shadow_horizontal_length_tablet=\u00bb0px\u00bb ul_text_shadow_vertical_length_tablet=\u00bb0px\u00bb ul_text_shadow_blur_strength_tablet=\u00bb1px\u00bb ol_text_shadow_horizontal_length_tablet=\u00bb0px\u00bb ol_text_shadow_vertical_length_tablet=\u00bb0px\u00bb ol_text_shadow_blur_strength_tablet=\u00bb1px\u00bb quote_text_shadow_horizontal_length_tablet=\u00bb0px\u00bb quote_text_shadow_vertical_length_tablet=\u00bb0px\u00bb quote_text_shadow_blur_strength_tablet=\u00bb1px\u00bb header_text_shadow_horizontal_length_tablet=\u00bb0px\u00bb header_text_shadow_vertical_length_tablet=\u00bb0px\u00bb header_text_shadow_blur_strength_tablet=\u00bb1px\u00bb header_2_text_shadow_horizontal_length_tablet=\u00bb0px\u00bb header_2_text_shadow_vertical_length_tablet=\u00bb0px\u00bb header_2_text_shadow_blur_strength_tablet=\u00bb1px\u00bb header_3_text_shadow_horizontal_length_tablet=\u00bb0px\u00bb header_3_text_shadow_vertical_length_tablet=\u00bb0px\u00bb header_3_text_shadow_blur_strength_tablet=\u00bb1px\u00bb header_4_text_shadow_horizontal_length_tablet=\u00bb0px\u00bb header_4_text_shadow_vertical_length_tablet=\u00bb0px\u00bb header_4_text_shadow_blur_strength_tablet=\u00bb1px\u00bb header_5_text_shadow_horizontal_length_tablet=\u00bb0px\u00bb header_5_text_shadow_vertical_length_tablet=\u00bb0px\u00bb header_5_text_shadow_blur_strength_tablet=\u00bb1px\u00bb header_6_text_shadow_horizontal_length_tablet=\u00bb0px\u00bb header_6_text_shadow_vertical_length_tablet=\u00bb0px\u00bb header_6_text_shadow_blur_strength_tablet=\u00bb1px\u00bb box_shadow_horizontal_tablet=\u00bb0px\u00bb box_shadow_vertical_tablet=\u00bb0px\u00bb box_shadow_blur_tablet=\u00bb40px\u00bb box_shadow_spread_tablet=\u00bb0px\u00bb global_colors_info=\u00bb{}\u00bb]<\/p>\n<h2><strong>EN L\u2019\u00c0MBIT DE L\u2019ALUMNAT<\/strong><\/h2>\n<p>Amb la innovaci\u00f3 pedag\u00f2gica l\u2019alumne es situa en un espai on <strong>l\u2019aprenentatge cooperatiu <\/strong>\u00e9s la bastida dels seus processos d\u2019aprenentatge. Compr\u00e8n que els alumnes es distribueixin per equips, distribu\u00efts per l\u2019aula d\u2019una manera determinada, concretant les tasques mitjan\u00e7ant uns rols, aprenen els continguts de les mat\u00e8ries experimentant la interdepend\u00e8ncia positiva i de la responsabilitat individual, tan necess\u00e0ries en el m\u00f3n laboral actual, gr\u00e0cies a les t\u00e8cniques cooperatives d\u2019aprenentatge.<\/p>\n<p>[\/et_pb_text][\/et_pb_column][\/et_pb_row][et_pb_row column_structure=\u00bb1_3,2_3&#8243; _builder_version=\u00bb4.16&#8243; background_size=\u00bbinitial\u00bb background_position=\u00bbtop_left\u00bb background_repeat=\u00bbrepeat\u00bb global_colors_info=\u00bb{}\u00bb][et_pb_column type=\u00bb1_3&#8243; _builder_version=\u00bb4.16&#8243; custom_padding=\u00bb|||\u00bb global_colors_info=\u00bb{}\u00bb custom_padding__hover=\u00bb|||\u00bb][et_pb_image src=\u00bbhttps:\/\/santboi.salesians.cat\/escola\/wp-content\/uploads\/sites\/3\/2020\/03\/2-e1584606856972.jpg\u00bb _builder_version=\u00bb4.16&#8243; z_index_tablet=\u00bb500&#8243; box_shadow_horizontal_tablet=\u00bb0px\u00bb box_shadow_vertical_tablet=\u00bb0px\u00bb box_shadow_blur_tablet=\u00bb40px\u00bb box_shadow_spread_tablet=\u00bb0px\u00bb global_colors_info=\u00bb{}\u00bb][\/et_pb_image][\/et_pb_column][et_pb_column type=\u00bb2_3&#8243; _builder_version=\u00bb4.16&#8243; custom_padding=\u00bb|||\u00bb global_colors_info=\u00bb{}\u00bb custom_padding__hover=\u00bb|||\u00bb][et_pb_text _builder_version=\u00bb4.16&#8243; z_index_tablet=\u00bb500&#8243; text_text_shadow_horizontal_length_tablet=\u00bb0px\u00bb text_text_shadow_vertical_length_tablet=\u00bb0px\u00bb text_text_shadow_blur_strength_tablet=\u00bb1px\u00bb link_text_shadow_horizontal_length_tablet=\u00bb0px\u00bb link_text_shadow_vertical_length_tablet=\u00bb0px\u00bb link_text_shadow_blur_strength_tablet=\u00bb1px\u00bb ul_text_shadow_horizontal_length_tablet=\u00bb0px\u00bb ul_text_shadow_vertical_length_tablet=\u00bb0px\u00bb ul_text_shadow_blur_strength_tablet=\u00bb1px\u00bb ol_text_shadow_horizontal_length_tablet=\u00bb0px\u00bb ol_text_shadow_vertical_length_tablet=\u00bb0px\u00bb ol_text_shadow_blur_strength_tablet=\u00bb1px\u00bb quote_text_shadow_horizontal_length_tablet=\u00bb0px\u00bb quote_text_shadow_vertical_length_tablet=\u00bb0px\u00bb quote_text_shadow_blur_strength_tablet=\u00bb1px\u00bb header_text_shadow_horizontal_length_tablet=\u00bb0px\u00bb header_text_shadow_vertical_length_tablet=\u00bb0px\u00bb header_text_shadow_blur_strength_tablet=\u00bb1px\u00bb header_2_text_shadow_horizontal_length_tablet=\u00bb0px\u00bb header_2_text_shadow_vertical_length_tablet=\u00bb0px\u00bb header_2_text_shadow_blur_strength_tablet=\u00bb1px\u00bb header_3_text_shadow_horizontal_length_tablet=\u00bb0px\u00bb header_3_text_shadow_vertical_length_tablet=\u00bb0px\u00bb header_3_text_shadow_blur_strength_tablet=\u00bb1px\u00bb header_4_text_shadow_horizontal_length_tablet=\u00bb0px\u00bb header_4_text_shadow_vertical_length_tablet=\u00bb0px\u00bb header_4_text_shadow_blur_strength_tablet=\u00bb1px\u00bb header_5_text_shadow_horizontal_length_tablet=\u00bb0px\u00bb header_5_text_shadow_vertical_length_tablet=\u00bb0px\u00bb header_5_text_shadow_blur_strength_tablet=\u00bb1px\u00bb header_6_text_shadow_horizontal_length_tablet=\u00bb0px\u00bb header_6_text_shadow_vertical_length_tablet=\u00bb0px\u00bb header_6_text_shadow_blur_strength_tablet=\u00bb1px\u00bb box_shadow_horizontal_tablet=\u00bb0px\u00bb box_shadow_vertical_tablet=\u00bb0px\u00bb box_shadow_blur_tablet=\u00bb40px\u00bb box_shadow_spread_tablet=\u00bb0px\u00bb global_colors_info=\u00bb{}\u00bb]<\/p>\n<p>D\u2019acord amb les metodologies actives, els alumnes treballen per <strong>Ambients <\/strong>(Educaci\u00f3 Infantil i Cicle Inicial ) i per<strong> Projectes<\/strong> (en les tres etapes). La seva estructura ofereix una s\u00e8rie de tasques aut\u00e8ntiques i significatives que el duen a l\u2019aprenentatge de les compet\u00e8ncies claus de forma aut\u00f2noma.<\/p>\n<p>L\u2019aprenentatge cooperatiu i treball per ambients i projectes va altament lligat i de fet \u00e9s derivat de <strong>l\u2019avaluaci\u00f3 competencial<\/strong> esmentada en l\u2019\u00e0mbit docent. La innovaci\u00f3 pedag\u00f2gica recau tamb\u00e9 en un nou proc\u00e9s <strong>d\u2019avaluaci\u00f3 formadora<\/strong> amb eines que faciliten l\u2019autoavaluaci\u00f3, coavaluaci\u00f3 i heteroavaluaci\u00f3 que responen a tres preguntes: quina \u00e9s la finalitat, qu\u00e8 cal fer, com s\u00e9 que ho faig b\u00e9. Aquest proc\u00e9s garanteix una avaluaci\u00f3 <strong>autoreguladora i aut\u00f2noma.<\/strong><\/p>\n<p>L\u2019avaluaci\u00f3 competencial \u00e9s la que duu a l\u2019alumne a assolir les compet\u00e8ncies que com a Escola Salesiana considerem necess\u00e0ries desenvolupar a nivell personal, social i professional al llarg de l\u2019escolaritzaci\u00f3 del nostre alumnat. Aquests trets competencials estan descrites en el <strong>PCS (Perfil Competencial de Sortida) <\/strong>de les escoles salesianes<strong>.<\/strong><\/p>\n<p>Des de totes les etapes ha hagut la renovaci\u00f3 en l\u2019\u00fas de les <strong>TIC<\/strong> com a suport del seus processos d\u2019aprenentatge de forma cooperativa i significativa en les franges d\u2019Ambients i Projectes.<\/p>\n<p>[\/et_pb_text][\/et_pb_column][\/et_pb_row][et_pb_row _builder_version=\u00bb4.16&#8243; background_size=\u00bbinitial\u00bb background_position=\u00bbtop_left\u00bb background_repeat=\u00bbrepeat\u00bb global_colors_info=\u00bb{}\u00bb][et_pb_column type=\u00bb4_4&#8243; _builder_version=\u00bb4.16&#8243; custom_padding=\u00bb|||\u00bb global_colors_info=\u00bb{}\u00bb custom_padding__hover=\u00bb|||\u00bb][et_pb_image src=\u00bbhttps:\/\/santboi.salesians.cat\/escola\/wp-content\/uploads\/sites\/3\/2024\/12\/New-Picture.jpg\u00bb title_text=\u00bbNew Picture\u00bb _builder_version=\u00bb4.27.4&#8243; _module_preset=\u00bbdefault\u00bb global_colors_info=\u00bb{}\u00bb][\/et_pb_image][\/et_pb_column][\/et_pb_row][\/et_pb_section]<\/p>\n","protected":false},"excerpt":{"rendered":"<p>\u00abLa innovaci\u00f3 pedag\u00f2gica a l\u2019escola \u00e9s un dels motors de progr\u00e9s del sistema educatiu i un element important per millorar-ne la qualitat i la progressiva adequaci\u00f3 als reptes que l&#8217;evoluci\u00f3 social planteja. En aquest sentit, \u00e9s un instrument i no una finalitat en si mateixa.El seu objectiu \u00faltim \u00e9s la millora en la qualitat del [&hellip;]<\/p>\n","protected":false},"author":2,"featured_media":0,"parent":0,"menu_order":0,"comment_status":"closed","ping_status":"closed","template":"","meta":{"_et_pb_use_builder":"on","_et_pb_old_content":"","_et_gb_content_width":"","footnotes":""},"class_list":["post-8027","page","type-page","status-publish","hentry"],"yoast_head":"<!-- This site is optimized with the Yoast SEO plugin v28.4 - https:\/\/yoast.com\/product\/yoast-seo-wordpress\/ -->\n<title>Innovaci\u00f3 Pedag\u00f2gica - Escola<\/title>\n<meta name=\"robots\" content=\"index, follow, max-snippet:-1, max-image-preview:large, max-video-preview:-1\" \/>\n<link rel=\"canonical\" href=\"https:\/\/santboi.salesians.cat\/escola\/innovacio-pedagogica\/\" \/>\n<meta property=\"og:locale\" content=\"es_ES\" \/>\n<meta property=\"og:type\" content=\"article\" \/>\n<meta property=\"og:title\" content=\"Innovaci\u00f3 Pedag\u00f2gica - Escola\" \/>\n<meta property=\"og:description\" content=\"&quot;La innovaci\u00f3 pedag\u00f2gica a l\u2019escola \u00e9s un dels motors de progr\u00e9s del sistema educatiu i un element important per millorar-ne la qualitat i la progressiva adequaci\u00f3 als reptes que l&#039;evoluci\u00f3 social planteja. En aquest sentit, \u00e9s un instrument i no una finalitat en si mateixa.El seu objectiu \u00faltim \u00e9s la millora en la qualitat del [&hellip;]\" \/>\n<meta property=\"og:url\" content=\"https:\/\/santboi.salesians.cat\/escola\/innovacio-pedagogica\/\" \/>\n<meta property=\"og:site_name\" content=\"Escola\" \/>\n<meta property=\"article:publisher\" content=\"https:\/\/www.facebook.com\/SalesiansSBL\/\" \/>\n<meta property=\"article:modified_time\" content=\"2026-05-22T16:52:25+00:00\" \/>\n<meta name=\"twitter:card\" content=\"summary_large_image\" \/>\n<meta name=\"twitter:site\" content=\"@salesianssbl\" \/>\n<meta name=\"twitter:label1\" content=\"Tiempo de lectura\" \/>\n\t<meta name=\"twitter:data1\" content=\"4 minutos\" \/>\n<script type=\"application\/ld+json\" class=\"yoast-schema-graph\">{\"@context\":\"https:\\\/\\\/schema.org\",\"@graph\":[{\"@type\":\"WebPage\",\"@id\":\"https:\\\/\\\/santboi.salesians.cat\\\/escola\\\/innovacio-pedagogica\\\/\",\"url\":\"https:\\\/\\\/santboi.salesians.cat\\\/escola\\\/innovacio-pedagogica\\\/\",\"name\":\"Innovaci\u00f3 Pedag\u00f2gica - Escola\",\"isPartOf\":{\"@id\":\"https:\\\/\\\/santboi.salesians.cat\\\/escola\\\/#website\"},\"datePublished\":\"2018-10-04T08:09:12+00:00\",\"dateModified\":\"2026-05-22T16:52:25+00:00\",\"breadcrumb\":{\"@id\":\"https:\\\/\\\/santboi.salesians.cat\\\/escola\\\/innovacio-pedagogica\\\/#breadcrumb\"},\"inLanguage\":\"es\",\"potentialAction\":[{\"@type\":\"ReadAction\",\"target\":[\"https:\\\/\\\/santboi.salesians.cat\\\/escola\\\/innovacio-pedagogica\\\/\"]}]},{\"@type\":\"BreadcrumbList\",\"@id\":\"https:\\\/\\\/santboi.salesians.cat\\\/escola\\\/innovacio-pedagogica\\\/#breadcrumb\",\"itemListElement\":[{\"@type\":\"ListItem\",\"position\":1,\"name\":\"Portada\",\"item\":\"https:\\\/\\\/santboi.salesians.cat\\\/escola\\\/\"},{\"@type\":\"ListItem\",\"position\":2,\"name\":\"Innovaci\u00f3 Pedag\u00f2gica\"}]},{\"@type\":\"WebSite\",\"@id\":\"https:\\\/\\\/santboi.salesians.cat\\\/escola\\\/#website\",\"url\":\"https:\\\/\\\/santboi.salesians.cat\\\/escola\\\/\",\"name\":\"Escola\",\"description\":\"Salesians Sant Boi de Llobregat\",\"potentialAction\":[{\"@type\":\"SearchAction\",\"target\":{\"@type\":\"EntryPoint\",\"urlTemplate\":\"https:\\\/\\\/santboi.salesians.cat\\\/escola\\\/?s={search_term_string}\"},\"query-input\":{\"@type\":\"PropertyValueSpecification\",\"valueRequired\":true,\"valueName\":\"search_term_string\"}}],\"inLanguage\":\"es\"}]}<\/script>\n<!-- \/ Yoast SEO plugin. -->","yoast_head_json":{"title":"Innovaci\u00f3 Pedag\u00f2gica - Escola","robots":{"index":"index","follow":"follow","max-snippet":"max-snippet:-1","max-image-preview":"max-image-preview:large","max-video-preview":"max-video-preview:-1"},"canonical":"https:\/\/santboi.salesians.cat\/escola\/innovacio-pedagogica\/","og_locale":"es_ES","og_type":"article","og_title":"Innovaci\u00f3 Pedag\u00f2gica - Escola","og_description":"\"La innovaci\u00f3 pedag\u00f2gica a l\u2019escola \u00e9s un dels motors de progr\u00e9s del sistema educatiu i un element important per millorar-ne la qualitat i la progressiva adequaci\u00f3 als reptes que l'evoluci\u00f3 social planteja. En aquest sentit, \u00e9s un instrument i no una finalitat en si mateixa.El seu objectiu \u00faltim \u00e9s la millora en la qualitat del [&hellip;]","og_url":"https:\/\/santboi.salesians.cat\/escola\/innovacio-pedagogica\/","og_site_name":"Escola","article_publisher":"https:\/\/www.facebook.com\/SalesiansSBL\/","article_modified_time":"2026-05-22T16:52:25+00:00","twitter_card":"summary_large_image","twitter_site":"@salesianssbl","twitter_misc":{"Tiempo de lectura":"4 minutos"},"schema":{"@context":"https:\/\/schema.org","@graph":[{"@type":"WebPage","@id":"https:\/\/santboi.salesians.cat\/escola\/innovacio-pedagogica\/","url":"https:\/\/santboi.salesians.cat\/escola\/innovacio-pedagogica\/","name":"Innovaci\u00f3 Pedag\u00f2gica - Escola","isPartOf":{"@id":"https:\/\/santboi.salesians.cat\/escola\/#website"},"datePublished":"2018-10-04T08:09:12+00:00","dateModified":"2026-05-22T16:52:25+00:00","breadcrumb":{"@id":"https:\/\/santboi.salesians.cat\/escola\/innovacio-pedagogica\/#breadcrumb"},"inLanguage":"es","potentialAction":[{"@type":"ReadAction","target":["https:\/\/santboi.salesians.cat\/escola\/innovacio-pedagogica\/"]}]},{"@type":"BreadcrumbList","@id":"https:\/\/santboi.salesians.cat\/escola\/innovacio-pedagogica\/#breadcrumb","itemListElement":[{"@type":"ListItem","position":1,"name":"Portada","item":"https:\/\/santboi.salesians.cat\/escola\/"},{"@type":"ListItem","position":2,"name":"Innovaci\u00f3 Pedag\u00f2gica"}]},{"@type":"WebSite","@id":"https:\/\/santboi.salesians.cat\/escola\/#website","url":"https:\/\/santboi.salesians.cat\/escola\/","name":"Escola","description":"Salesians Sant Boi de Llobregat","potentialAction":[{"@type":"SearchAction","target":{"@type":"EntryPoint","urlTemplate":"https:\/\/santboi.salesians.cat\/escola\/?s={search_term_string}"},"query-input":{"@type":"PropertyValueSpecification","valueRequired":true,"valueName":"search_term_string"}}],"inLanguage":"es"}]}},"_links":{"self":[{"href":"https:\/\/santboi.salesians.cat\/escola\/wp-json\/wp\/v2\/pages\/8027","targetHints":{"allow":["GET"]}}],"collection":[{"href":"https:\/\/santboi.salesians.cat\/escola\/wp-json\/wp\/v2\/pages"}],"about":[{"href":"https:\/\/santboi.salesians.cat\/escola\/wp-json\/wp\/v2\/types\/page"}],"author":[{"embeddable":true,"href":"https:\/\/santboi.salesians.cat\/escola\/wp-json\/wp\/v2\/users\/2"}],"replies":[{"embeddable":true,"href":"https:\/\/santboi.salesians.cat\/escola\/wp-json\/wp\/v2\/comments?post=8027"}],"version-history":[{"count":27,"href":"https:\/\/santboi.salesians.cat\/escola\/wp-json\/wp\/v2\/pages\/8027\/revisions"}],"predecessor-version":[{"id":10368,"href":"https:\/\/santboi.salesians.cat\/escola\/wp-json\/wp\/v2\/pages\/8027\/revisions\/10368"}],"wp:attachment":[{"href":"https:\/\/santboi.salesians.cat\/escola\/wp-json\/wp\/v2\/media?parent=8027"}],"curies":[{"name":"wp","href":"https:\/\/api.w.org\/{rel}","templated":true}]}}