{"id":8040,"date":"2018-10-04T10:18:23","date_gmt":"2018-10-04T08:18:23","guid":{"rendered":"https:\/\/santboi.salesians.cat\/escola\/?page_id=8040"},"modified":"2024-06-30T20:26:43","modified_gmt":"2024-06-30T18:26:43","slug":"escola-digital","status":"publish","type":"page","link":"https:\/\/santboi.salesians.cat\/escola\/escola-digital\/","title":{"rendered":"Escola Digital"},"content":{"rendered":"<div id=\"fb-root\"><\/div>\n<p>[et_pb_section fb_built=\u00bb1&#8243; fullwidth=\u00bbon\u00bb _builder_version=\u00bb4.16&#8243; custom_padding=\u00bb0px|0px|0px|0px\u00bb global_colors_info=\u00bb{}\u00bb][et_pb_fullwidth_header title=\u00bbEscola Digital\u00bb background_overlay_color=\u00bbrgba(178,178,178,0)\u00bb module_class=\u00bbpagina-imagen-cabecera\u00bb _builder_version=\u00bb4.16&#8243; background_image=\u00bbhttps:\/\/santboi.salesians.cat\/escola\/wp-content\/uploads\/sites\/3\/2019\/02\/777949c4-d4d2-4f47-b711-e6c3a4a4f072-e1551171515588.jpg\u00bb background_layout=\u00bblight\u00bb max_width_tablet=\u00bb50px\u00bb global_colors_info=\u00bb{}\u00bb button_one_text_size__hover_enabled=\u00bboff\u00bb button_one_text_size__hover=\u00bbnull\u00bb button_two_text_size__hover_enabled=\u00bboff\u00bb button_two_text_size__hover=\u00bbnull\u00bb button_one_text_color__hover_enabled=\u00bboff\u00bb button_one_text_color__hover=\u00bbnull\u00bb button_two_text_color__hover_enabled=\u00bboff\u00bb button_two_text_color__hover=\u00bbnull\u00bb button_one_border_width__hover_enabled=\u00bboff\u00bb button_one_border_width__hover=\u00bbnull\u00bb button_two_border_width__hover_enabled=\u00bboff\u00bb button_two_border_width__hover=\u00bbnull\u00bb button_one_border_color__hover_enabled=\u00bboff\u00bb button_one_border_color__hover=\u00bbnull\u00bb button_two_border_color__hover_enabled=\u00bboff\u00bb button_two_border_color__hover=\u00bbnull\u00bb button_one_border_radius__hover_enabled=\u00bboff\u00bb button_one_border_radius__hover=\u00bbnull\u00bb button_two_border_radius__hover_enabled=\u00bboff\u00bb button_two_border_radius__hover=\u00bbnull\u00bb button_one_letter_spacing__hover_enabled=\u00bboff\u00bb button_one_letter_spacing__hover=\u00bbnull\u00bb button_two_letter_spacing__hover_enabled=\u00bboff\u00bb button_two_letter_spacing__hover=\u00bbnull\u00bb button_one_bg_color__hover_enabled=\u00bboff\u00bb button_one_bg_color__hover=\u00bbnull\u00bb button_two_bg_color__hover_enabled=\u00bboff\u00bb button_two_bg_color__hover=\u00bbnull\u00bb][\/et_pb_fullwidth_header][\/et_pb_section][et_pb_section fb_built=\u00bb1&#8243; _builder_version=\u00bb4.16&#8243; global_colors_info=\u00bb{}\u00bb][et_pb_row _builder_version=\u00bb4.16&#8243; background_size=\u00bbinitial\u00bb background_position=\u00bbtop_left\u00bb background_repeat=\u00bbrepeat\u00bb global_colors_info=\u00bb{}\u00bb][et_pb_column type=\u00bb4_4&#8243; _builder_version=\u00bb4.16&#8243; custom_padding=\u00bb|||\u00bb global_colors_info=\u00bb{}\u00bb custom_padding__hover=\u00bb|||\u00bb][et_pb_text _builder_version=\u00bb4.16&#8243; global_colors_info=\u00bb{}\u00bb]<\/p>\n<p style=\"text-align: justify\">A la nostra escola hem incorporat noves maneres d&#8217;ensenyar per afavorir noves maneres d&#8217;aprendre. Es tracta del <strong>PROJECTE ESCOLA DIGITA<\/strong>L que \u00e9s concreta en tres aspectes:<\/p>\n<h2><strong>\u00das d\u2019ordinadors a les aules<\/strong><\/h2>\n<p>Des de 5\u00e8 EP cada alumne\/a t\u00e9 un ordinador port\u00e0til personal per a tasques acad\u00e8miques. A partir del curs 2020-21 treballem amb ordinadors tipus Chromebook.<\/p>\n<p>L\u2019escola ha arribat a un acord amb l\u2019empresa de serveis inform\u00e0tics TECMAN perqu\u00e8 ofereixi a les fam\u00edlies que ho desitgin l\u2019adquisici\u00f3 d\u2019un aparell homologat a un preu for\u00e7a econ\u00f2mic. Els detalls d\u2019aquesta adquisici\u00f3 els fem arribar a les fam\u00edlies matriculades a finals de juny o principis de juliol.<\/p>\n<p>[\/et_pb_text][\/et_pb_column][\/et_pb_row][et_pb_row column_structure=\u00bb2_5,3_5&#8243; _builder_version=\u00bb4.16&#8243; min_height=\u00bb276px\u00bb custom_margin=\u00bb|auto|-144px|auto||\u00bb custom_padding=\u00bb0px||107px|||\u00bb global_colors_info=\u00bb{}\u00bb][et_pb_column type=\u00bb2_5&#8243; _builder_version=\u00bb4.16&#8243; custom_padding=\u00bb|||\u00bb global_colors_info=\u00bb{}\u00bb custom_padding__hover=\u00bb|||\u00bb][et_pb_image src=\u00bbhttps:\/\/santboi.salesians.cat\/escola\/wp-content\/uploads\/sites\/3\/2018\/12\/IMG_8608.jpg\u00bb align_tablet=\u00bbcenter\u00bb align_phone=\u00bb\u00bb align_last_edited=\u00bbon|desktop\u00bb _builder_version=\u00bb4.16&#8243; global_colors_info=\u00bb{}\u00bb][\/et_pb_image][\/et_pb_column][et_pb_column type=\u00bb3_5&#8243; _builder_version=\u00bb4.16&#8243; custom_padding=\u00bb|||\u00bb global_colors_info=\u00bb{}\u00bb custom_padding__hover=\u00bb|||\u00bb][et_pb_text _builder_version=\u00bb4.16&#8243; min_height=\u00bb218px\u00bb custom_margin=\u00bb||-92px|||\u00bb custom_padding=\u00bb||0px|||\u00bb global_colors_info=\u00bb{}\u00bb]<\/p>\n<p>En cas d\u2019avaria l\u2019escola disposa d\u2019un fons d\u2019aparells de reserva per tal que l\u2019alumnat afectat pugui treballar amb ell mentre es realitza la reparaci\u00f3.<span style=\"font-size: 14px\">\u00a0<\/span><\/p>\n<p>L\u2019aparell \u00e9s propietat de la fam\u00edlia, per\u00f2 en el seu \u00fas docent caldr\u00e0 seguir una normativa b\u00e0sica que farem arribar a l\u2019alumnat a l\u2019inici del curs.<\/p>\n<h2><strong style=\"font-size: 14px\">\u00das de llibres digitals<\/strong><\/h2>\n<p>A partir de 5\u00e8 EP la majoria de mat\u00e8ries han substitu\u00eft els tradicionals llibres de paper per llibres digitals de l\u2019editorial EDEB\u00c9: Llibres on-line interactius als quals s\u2019accedeix mitjan\u00e7ant un usuari i una contrasenya. La fam\u00edlia ha d\u2019abonar el cost d\u2019una llic\u00e8ncia anual per a tots els llibres.<\/p>\n<p>Els llibres digitals permeten enlla\u00e7ar amb activitats d\u2019aprenentatge, v\u00eddeos, p\u00e0gines WEB i molt altres recursos.<\/p>\n<p>[\/et_pb_text][\/et_pb_column][\/et_pb_row][et_pb_row column_structure=\u00bb3_5,2_5&#8243; _builder_version=\u00bb4.16&#8243; min_height=\u00bb305px\u00bb custom_margin=\u00bb-89px|auto|29px|auto||\u00bb custom_padding=\u00bb||0px|||\u00bb global_colors_info=\u00bb{}\u00bb][et_pb_column type=\u00bb3_5&#8243; _builder_version=\u00bb4.16&#8243; custom_padding=\u00bb|||\u00bb global_colors_info=\u00bb{}\u00bb custom_padding__hover=\u00bb|||\u00bb][et_pb_text _builder_version=\u00bb4.16&#8243; custom_margin=\u00bb||-36px|||\u00bb custom_padding=\u00bb||0px|||\u00bb global_colors_info=\u00bb{}\u00bb]<\/p>\n<p>&nbsp;<\/p>\n<p>Un cop l\u2019alumne t\u00e9 l\u2019usuari i la contrasenya es pot connectar als llibres des de qualsevol aparell.<\/p>\n<p>Malgrat tot, l\u2019alumnat no est\u00e0 tota l\u2019estona davant l\u2019ordinador. Tamb\u00e9 hi ha treball tradicional, amb bol\u00edgraf, llibretes&#8230;<\/p>\n<h2><strong style=\"font-size: 14px\">\u00das d\u2019aplicacions educatives digitals<\/strong><\/h2>\n<p>Cada alumne de l\u2019ESO disposa d\u2019un compte de correu corporatiu gestionat per l\u2019escola, la qual cosa permet:<\/p>\n<ul>\n<li>Una interacci\u00f3 m\u00e9s directa i r\u00e0pida professor-alumne i alumne-professor.<\/li>\n<li>L\u2019\u00fas de les eines educatives de l\u2019entorn Google. <em>Google Drive<\/em>: Que permet treballar de forma virtual amb l\u2019ordinador als alumnes, tant de forma individual com grupal. La utilitzaci\u00f3 de l\u2019aplicaci\u00f3 <em>Google classroom\u00a0<\/em>en moltes mat\u00e8ries per recollir materials, enviar tasques, etc<\/li>\n<li>L\u2019\u00fas d\u2019aquestes eines digitals facilita i permet un funcionament molt m\u00e9s complet dels projectes interdisciplinaris que treballa l\u2019alumnat.<\/li>\n<\/ul>\n<p>&nbsp;<\/p>\n<p>[\/et_pb_text][\/et_pb_column][et_pb_column type=\u00bb2_5&#8243; _builder_version=\u00bb4.16&#8243; custom_padding=\u00bb|||\u00bb global_colors_info=\u00bb{}\u00bb custom_padding__hover=\u00bb|||\u00bb][et_pb_image src=\u00bbhttps:\/\/santboi.salesians.cat\/escola\/wp-content\/uploads\/sites\/3\/2024\/06\/escola-digital.jpg\u00bb title_text=\u00bbescola digital\u00bb align_tablet=\u00bbcenter\u00bb align_phone=\u00bb\u00bb align_last_edited=\u00bbon|desktop\u00bb _builder_version=\u00bb4.25.2&#8243; width=\u00bb100%\u00bb custom_margin=\u00bb30px||||false|false\u00bb hover_enabled=\u00bb0&#8243; global_colors_info=\u00bb{}\u00bb sticky_enabled=\u00bb0&#8243;][\/et_pb_image][\/et_pb_column][\/et_pb_row][et_pb_row _builder_version=\u00bb4.16&#8243; custom_margin=\u00bb-33px|auto||auto||\u00bb global_colors_info=\u00bb{}\u00bb][et_pb_column type=\u00bb4_4&#8243; _builder_version=\u00bb4.16&#8243; custom_padding=\u00bb|||\u00bb global_colors_info=\u00bb{}\u00bb custom_padding__hover=\u00bb|||\u00bb][et_pb_text _builder_version=\u00bb4.16&#8243; min_height=\u00bb253px\u00bb custom_margin=\u00bb-19px|||||\u00bb global_colors_info=\u00bb{}\u00bb]<\/p>\n<h2><strong>A m\u00e9s&#8230;<\/strong><\/h2>\n<ul>\n<li><span style=\"font-size: 14px\">Totes les aules i pr\u00e0cticament tots els espais de l\u2019escola estan equipats amb projectors PDI (Pissarres Digitals Interactives) i connexi\u00f3 wifi<\/span><\/li>\n<li><span style=\"font-size: 14px\">A l&#8217;ESO la planificaci\u00f3 de tasques i treballs a fer es poden consultar en un calendari Google que gestionen els mateixos alumnes. (<a href=\"https:\/\/santboi.salesians.cat\/escola\/calendaris-eso\/\">https:\/\/santboi.salesians.cat\/escola\/calendaris-eso\/<\/a>)<\/span><\/li>\n<li>Tot i que la normativa\u00a0especifica diu que els equips han de venir carregats de casa, les aules tenen diversos d\u2019endolls per recarregar els port\u00e0tils en cas de necessitat.<\/li>\n<li>L\u2019escola disposa tamb\u00e9 de tauletes per iniciar l&#8217;alumnat a partir de P3 en el m\u00f3n digital amb el que, inevitablement, s&#8217;haur\u00e0 de preparar per afrontar els reptes del futur.<\/li>\n<\/ul>\n<p>&nbsp;<\/p>\n<p><span style=\"color: #0c71c3\"><strong>Aquests recursos ens permeten potenciar les seg\u00fcents l\u00ednies d\u2019acci\u00f3<\/strong>:<\/span><\/p>\n<ul>\n<li><span style=\"color: #000000\"><strong>M\u00e9s atenci\u00f3 a la diversitat<\/strong><\/span><\/li>\n<li><span style=\"color: #000000\"><strong>M\u00e9s motivaci\u00f3 i aprofundiment en l&#8217;estudi<\/strong><\/span><\/li>\n<li><span style=\"color: #000000\"><strong>Millor ensenyament-aprenentatge<\/strong><\/span><\/li>\n<li><span style=\"color: #000000\"><strong>M\u00e9s interacci\u00f3 entre alumnes i professors<\/strong><\/span><\/li>\n<li><span style=\"color: #000000\"><strong>M\u00e9s vinculaci\u00f3 amb el m\u00f3n real<\/strong><\/span><\/li>\n<li><span style=\"color: #000000\"><strong>M\u00e9s preparaci\u00f3 per afrontar els reptes formatius del futur\u00a0<\/strong><\/span><\/li>\n<\/ul>\n<p>[\/et_pb_text][\/et_pb_column][\/et_pb_row][\/et_pb_section]<\/p>\n","protected":false},"excerpt":{"rendered":"<p>A la nostra escola hem incorporat noves maneres d&#8217;ensenyar per afavorir noves maneres d&#8217;aprendre. Es tracta del PROJECTE ESCOLA DIGITAL que \u00e9s concreta en tres aspectes: \u00das d\u2019ordinadors a les aules Des de 5\u00e8 EP cada alumne\/a t\u00e9 un ordinador port\u00e0til personal per a tasques acad\u00e8miques. A partir del curs 2020-21 treballem amb ordinadors tipus [&hellip;]<\/p>\n","protected":false},"author":2,"featured_media":0,"parent":0,"menu_order":0,"comment_status":"closed","ping_status":"closed","template":"","meta":{"_et_pb_use_builder":"on","_et_pb_old_content":"","_et_gb_content_width":"","footnotes":""},"class_list":["post-8040","page","type-page","status-publish","hentry"],"yoast_head":"<!-- This site is optimized with the Yoast SEO plugin v28.4 - https:\/\/yoast.com\/product\/yoast-seo-wordpress\/ -->\n<title>Escola Digital - Escola<\/title>\n<meta name=\"robots\" content=\"index, follow, max-snippet:-1, max-image-preview:large, max-video-preview:-1\" \/>\n<link rel=\"canonical\" href=\"https:\/\/santboi.salesians.cat\/escola\/escola-digital\/\" \/>\n<meta property=\"og:locale\" content=\"es_ES\" \/>\n<meta property=\"og:type\" content=\"article\" \/>\n<meta property=\"og:title\" content=\"Escola Digital - Escola\" \/>\n<meta property=\"og:description\" content=\"A la nostra escola hem incorporat noves maneres d&#039;ensenyar per afavorir noves maneres d&#039;aprendre. Es tracta del PROJECTE ESCOLA DIGITAL que \u00e9s concreta en tres aspectes: \u00das d\u2019ordinadors a les aules Des de 5\u00e8 EP cada alumne\/a t\u00e9 un ordinador port\u00e0til personal per a tasques acad\u00e8miques. A partir del curs 2020-21 treballem amb ordinadors tipus [&hellip;]\" \/>\n<meta property=\"og:url\" content=\"https:\/\/santboi.salesians.cat\/escola\/escola-digital\/\" \/>\n<meta property=\"og:site_name\" content=\"Escola\" \/>\n<meta property=\"article:publisher\" content=\"https:\/\/www.facebook.com\/SalesiansSBL\/\" \/>\n<meta property=\"article:modified_time\" content=\"2024-06-30T18:26:43+00:00\" \/>\n<meta name=\"twitter:card\" content=\"summary_large_image\" \/>\n<meta name=\"twitter:site\" content=\"@salesianssbl\" \/>\n<meta name=\"twitter:label1\" content=\"Tiempo de lectura\" \/>\n\t<meta name=\"twitter:data1\" content=\"3 minutos\" \/>\n<script type=\"application\/ld+json\" class=\"yoast-schema-graph\">{\"@context\":\"https:\\\/\\\/schema.org\",\"@graph\":[{\"@type\":\"WebPage\",\"@id\":\"https:\\\/\\\/santboi.salesians.cat\\\/escola\\\/escola-digital\\\/\",\"url\":\"https:\\\/\\\/santboi.salesians.cat\\\/escola\\\/escola-digital\\\/\",\"name\":\"Escola Digital - Escola\",\"isPartOf\":{\"@id\":\"https:\\\/\\\/santboi.salesians.cat\\\/escola\\\/#website\"},\"datePublished\":\"2018-10-04T08:18:23+00:00\",\"dateModified\":\"2024-06-30T18:26:43+00:00\",\"breadcrumb\":{\"@id\":\"https:\\\/\\\/santboi.salesians.cat\\\/escola\\\/escola-digital\\\/#breadcrumb\"},\"inLanguage\":\"es\",\"potentialAction\":[{\"@type\":\"ReadAction\",\"target\":[\"https:\\\/\\\/santboi.salesians.cat\\\/escola\\\/escola-digital\\\/\"]}]},{\"@type\":\"BreadcrumbList\",\"@id\":\"https:\\\/\\\/santboi.salesians.cat\\\/escola\\\/escola-digital\\\/#breadcrumb\",\"itemListElement\":[{\"@type\":\"ListItem\",\"position\":1,\"name\":\"Portada\",\"item\":\"https:\\\/\\\/santboi.salesians.cat\\\/escola\\\/\"},{\"@type\":\"ListItem\",\"position\":2,\"name\":\"Escola Digital\"}]},{\"@type\":\"WebSite\",\"@id\":\"https:\\\/\\\/santboi.salesians.cat\\\/escola\\\/#website\",\"url\":\"https:\\\/\\\/santboi.salesians.cat\\\/escola\\\/\",\"name\":\"Escola\",\"description\":\"Salesians Sant Boi de Llobregat\",\"potentialAction\":[{\"@type\":\"SearchAction\",\"target\":{\"@type\":\"EntryPoint\",\"urlTemplate\":\"https:\\\/\\\/santboi.salesians.cat\\\/escola\\\/?s={search_term_string}\"},\"query-input\":{\"@type\":\"PropertyValueSpecification\",\"valueRequired\":true,\"valueName\":\"search_term_string\"}}],\"inLanguage\":\"es\"}]}<\/script>\n<!-- \/ Yoast SEO plugin. -->","yoast_head_json":{"title":"Escola Digital - Escola","robots":{"index":"index","follow":"follow","max-snippet":"max-snippet:-1","max-image-preview":"max-image-preview:large","max-video-preview":"max-video-preview:-1"},"canonical":"https:\/\/santboi.salesians.cat\/escola\/escola-digital\/","og_locale":"es_ES","og_type":"article","og_title":"Escola Digital - Escola","og_description":"A la nostra escola hem incorporat noves maneres d'ensenyar per afavorir noves maneres d'aprendre. Es tracta del PROJECTE ESCOLA DIGITAL que \u00e9s concreta en tres aspectes: \u00das d\u2019ordinadors a les aules Des de 5\u00e8 EP cada alumne\/a t\u00e9 un ordinador port\u00e0til personal per a tasques acad\u00e8miques. A partir del curs 2020-21 treballem amb ordinadors tipus [&hellip;]","og_url":"https:\/\/santboi.salesians.cat\/escola\/escola-digital\/","og_site_name":"Escola","article_publisher":"https:\/\/www.facebook.com\/SalesiansSBL\/","article_modified_time":"2024-06-30T18:26:43+00:00","twitter_card":"summary_large_image","twitter_site":"@salesianssbl","twitter_misc":{"Tiempo de lectura":"3 minutos"},"schema":{"@context":"https:\/\/schema.org","@graph":[{"@type":"WebPage","@id":"https:\/\/santboi.salesians.cat\/escola\/escola-digital\/","url":"https:\/\/santboi.salesians.cat\/escola\/escola-digital\/","name":"Escola Digital - Escola","isPartOf":{"@id":"https:\/\/santboi.salesians.cat\/escola\/#website"},"datePublished":"2018-10-04T08:18:23+00:00","dateModified":"2024-06-30T18:26:43+00:00","breadcrumb":{"@id":"https:\/\/santboi.salesians.cat\/escola\/escola-digital\/#breadcrumb"},"inLanguage":"es","potentialAction":[{"@type":"ReadAction","target":["https:\/\/santboi.salesians.cat\/escola\/escola-digital\/"]}]},{"@type":"BreadcrumbList","@id":"https:\/\/santboi.salesians.cat\/escola\/escola-digital\/#breadcrumb","itemListElement":[{"@type":"ListItem","position":1,"name":"Portada","item":"https:\/\/santboi.salesians.cat\/escola\/"},{"@type":"ListItem","position":2,"name":"Escola Digital"}]},{"@type":"WebSite","@id":"https:\/\/santboi.salesians.cat\/escola\/#website","url":"https:\/\/santboi.salesians.cat\/escola\/","name":"Escola","description":"Salesians Sant Boi de Llobregat","potentialAction":[{"@type":"SearchAction","target":{"@type":"EntryPoint","urlTemplate":"https:\/\/santboi.salesians.cat\/escola\/?s={search_term_string}"},"query-input":{"@type":"PropertyValueSpecification","valueRequired":true,"valueName":"search_term_string"}}],"inLanguage":"es"}]}},"_links":{"self":[{"href":"https:\/\/santboi.salesians.cat\/escola\/wp-json\/wp\/v2\/pages\/8040","targetHints":{"allow":["GET"]}}],"collection":[{"href":"https:\/\/santboi.salesians.cat\/escola\/wp-json\/wp\/v2\/pages"}],"about":[{"href":"https:\/\/santboi.salesians.cat\/escola\/wp-json\/wp\/v2\/types\/page"}],"author":[{"embeddable":true,"href":"https:\/\/santboi.salesians.cat\/escola\/wp-json\/wp\/v2\/users\/2"}],"replies":[{"embeddable":true,"href":"https:\/\/santboi.salesians.cat\/escola\/wp-json\/wp\/v2\/comments?post=8040"}],"version-history":[{"count":26,"href":"https:\/\/santboi.salesians.cat\/escola\/wp-json\/wp\/v2\/pages\/8040\/revisions"}],"predecessor-version":[{"id":9586,"href":"https:\/\/santboi.salesians.cat\/escola\/wp-json\/wp\/v2\/pages\/8040\/revisions\/9586"}],"wp:attachment":[{"href":"https:\/\/santboi.salesians.cat\/escola\/wp-json\/wp\/v2\/media?parent=8040"}],"curies":[{"name":"wp","href":"https:\/\/api.w.org\/{rel}","templated":true}]}}