{"id":8042,"date":"2018-10-04T10:18:56","date_gmt":"2018-10-04T08:18:56","guid":{"rendered":"https:\/\/santboi.salesians.cat\/escola\/?page_id=8042"},"modified":"2026-05-22T13:00:49","modified_gmt":"2026-05-22T11:00:49","slug":"plurilinguisme","status":"publish","type":"page","link":"https:\/\/santboi.salesians.cat\/escola\/plurilinguisme\/","title":{"rendered":"Pluriling\u00fcisme"},"content":{"rendered":"<div id=\"fb-root\"><\/div>\n<p>[et_pb_section fb_built=\u00bb1&#8243; fullwidth=\u00bbon\u00bb _builder_version=\u00bb4.16&#8243; custom_padding=\u00bb0px|0px|0px|0px\u00bb global_colors_info=\u00bb{}\u00bb][et_pb_fullwidth_header title=\u00bbPluriling\u00fcisme\u00bb background_overlay_color=\u00bbrgba(178,178,178,0)\u00bb module_class=\u00bbpagina-imagen-cabecera\u00bb _builder_version=\u00bb4.27.4&#8243; background_image=\u00bbhttps:\/\/santboi.salesians.cat\/escola\/wp-content\/uploads\/sites\/3\/2026\/05\/xfondo_novedades_web.png.pagespeed.ic_.oaBX3K76z6.png\u00bb background_layout=\u00bblight\u00bb max_width_tablet=\u00bb50px\u00bb global_colors_info=\u00bb{}\u00bb button_one_text_size__hover_enabled=\u00bboff\u00bb button_one_text_size__hover=\u00bbnull\u00bb button_two_text_size__hover_enabled=\u00bboff\u00bb button_two_text_size__hover=\u00bbnull\u00bb button_one_text_color__hover_enabled=\u00bboff\u00bb button_one_text_color__hover=\u00bbnull\u00bb button_two_text_color__hover_enabled=\u00bboff\u00bb button_two_text_color__hover=\u00bbnull\u00bb button_one_border_width__hover_enabled=\u00bboff\u00bb button_one_border_width__hover=\u00bbnull\u00bb button_two_border_width__hover_enabled=\u00bboff\u00bb button_two_border_width__hover=\u00bbnull\u00bb button_one_border_color__hover_enabled=\u00bboff\u00bb button_one_border_color__hover=\u00bbnull\u00bb button_two_border_color__hover_enabled=\u00bboff\u00bb button_two_border_color__hover=\u00bbnull\u00bb button_one_border_radius__hover_enabled=\u00bboff\u00bb button_one_border_radius__hover=\u00bbnull\u00bb button_two_border_radius__hover_enabled=\u00bboff\u00bb button_two_border_radius__hover=\u00bbnull\u00bb button_one_letter_spacing__hover_enabled=\u00bboff\u00bb button_one_letter_spacing__hover=\u00bbnull\u00bb button_two_letter_spacing__hover_enabled=\u00bboff\u00bb button_two_letter_spacing__hover=\u00bbnull\u00bb button_one_bg_color__hover_enabled=\u00bboff\u00bb button_one_bg_color__hover=\u00bbnull\u00bb button_two_bg_color__hover_enabled=\u00bboff\u00bb button_two_bg_color__hover=\u00bbnull\u00bb][\/et_pb_fullwidth_header][\/et_pb_section][et_pb_section fb_built=\u00bb1&#8243; _builder_version=\u00bb4.16&#8243; global_colors_info=\u00bb{}\u00bb][et_pb_row _builder_version=\u00bb4.16&#8243; background_size=\u00bbinitial\u00bb background_position=\u00bbtop_left\u00bb background_repeat=\u00bbrepeat\u00bb global_colors_info=\u00bb{}\u00bb][et_pb_column type=\u00bb4_4&#8243; _builder_version=\u00bb4.16&#8243; custom_padding=\u00bb|||\u00bb global_colors_info=\u00bb{}\u00bb custom_padding__hover=\u00bb|||\u00bb][et_pb_text _builder_version=\u00bb4.16&#8243; global_colors_info=\u00bb{}\u00bb]<\/p>\n<p style=\"text-align: justify\">La nostra escola aposta per fomentar\u00a0<strong>l\u2019ensenyament pluriling\u00fce<\/strong>\u00a0des de l\u2019Educaci\u00f3 Infantil fins a la Secund\u00e0ria.<\/p>\n<p style=\"text-align: justify\">L\u2019objectiu \u00e9s que el nostre alumnat aprengui a entendre i a expressar-se en el m\u00e0xim de lleng\u00fces possibles:\u00a0<strong>catal\u00e0, castell\u00e0, angl\u00e8s\u00a0<\/strong>i de manera optativa,\u00a0<strong>Franc\u00e8s\u00a0<\/strong>a Secundaria.\u00a0Per aix\u00f2, dins del nostre projecte educatiu l\u2019aprenentatge de \u00a0lleng\u00fces estrangeres t\u00e9 un paper molt important que es concreta en les seg\u00fcents accions:<\/p>\n<p>[\/et_pb_text][\/et_pb_column][\/et_pb_row][et_pb_row column_structure=\u00bb2_5,3_5&#8243; _builder_version=\u00bb4.16&#8243; global_colors_info=\u00bb{}\u00bb][et_pb_column type=\u00bb2_5&#8243; _builder_version=\u00bb4.16&#8243; custom_padding=\u00bb|||\u00bb global_colors_info=\u00bb{}\u00bb custom_padding__hover=\u00bb|||\u00bb][et_pb_image src=\u00bbhttps:\/\/santboi.salesians.cat\/escola\/wp-content\/uploads\/sites\/3\/2018\/12\/Globe-and-language-bubbles.jpg\u00bb align_tablet=\u00bbcenter\u00bb align_phone=\u00bb\u00bb align_last_edited=\u00bbon|desktop\u00bb _builder_version=\u00bb4.16&#8243; global_colors_info=\u00bb{}\u00bb]<\/p>\n<p>\n&nbsp;<\/p>\n<p>[\/et_pb_image][\/et_pb_column][et_pb_column type=\u00bb3_5&#8243; _builder_version=\u00bb4.16&#8243; custom_padding=\u00bb|||\u00bb global_colors_info=\u00bb{}\u00bb custom_padding__hover=\u00bb|||\u00bb][et_pb_text _builder_version=\u00bb4.16&#8243; global_colors_info=\u00bb{}\u00bb]<\/p>\n<ul>\n<li style=\"text-align: justify\"><strong>Infantil i Prim\u00e0ria:<\/strong><\/li>\n<\/ul>\n<p style=\"text-align: justify\">Iniciem\u00a0<strong>l\u2019Angl\u00e8s a I3<\/strong>\u00a0utilitzant una metodologia l\u00fadica que ajudi als nens a percebre l\u2019angl\u00e8s com una llengua viva i \u00fatil dins la seva formaci\u00f3.<\/p>\n<p style=\"text-align: justify\">La\u00a0<strong>Psicomotricitat a I4 i I5<\/strong>\u00a0s\u2019imparteix\u00a0<strong>en Angl\u00e8s<\/strong>\u00a0amb grups desdoblats.<\/p>\n<p style=\"text-align: justify\">La mat\u00e8ria d&#8217;<strong>Arts and Crafts<\/strong> (Pl\u00e0stica<strong>) de Prim\u00e0ria<\/strong>\u00a0s&#8217;imparteixen tamb\u00e9\u00a0<strong>en Angl\u00e8s<\/strong><\/p>\n<p style=\"text-align: justify\">A<strong>\u00a0Cicle Superior<\/strong>, a banda de les dues hores lectives, hi ha una hora setmanal complement\u00e0ria d&#8217;<strong>speaking<\/strong> amb l&#8217;objectiu de millorar\u00a0la pronuncia i espontane\u00eftat de la parla en Angl\u00e8s d&#8217;una manera m\u00e9s\u00a0l\u00fadica i vivencial<\/p>\n<p>[\/et_pb_text][\/et_pb_column][\/et_pb_row][et_pb_row _builder_version=\u00bb4.16&#8243; global_colors_info=\u00bb{}\u00bb][et_pb_column type=\u00bb4_4&#8243; _builder_version=\u00bb4.16&#8243; custom_padding=\u00bb|||\u00bb global_colors_info=\u00bb{}\u00bb custom_padding__hover=\u00bb|||\u00bb][et_pb_text _builder_version=\u00bb4.25.2&#8243; _module_preset=\u00bbdefault\u00bb global_colors_info=\u00bb{}\u00bb]<\/p>\n<p><strong>Secund\u00e0ria:<\/strong><\/p>\n<p>La mat\u00e8ria\u00a0<strong>d&#8217; \u00abEducaci\u00f3 Visual i Pl\u00e0stica\u00bb<\/strong>\u00a0es realitza\u00a0<strong>en Angl\u00e8s a 1r d\u2019ESO<\/strong>.<\/p>\n<p>Una part del temari de\u00a0 F\u00edsica i Qu\u00edmica de 2n i 3r d\u2019 ESO es fa en\u00a0 Angl\u00e8s, mitjan\u00e7ant el programari on-line :\u00a0<strong>Science-Bits<\/strong>.<\/p>\n<p>Alguns dels projectes pluridisciplinars de 1r i 2n d&#8217;ESO tenen tamb\u00e9 una part en llengua anglesa.<\/p>\n<p>El\u00a0<strong>Franc\u00e9s<\/strong> \u00e9s una mat\u00e8ria optativa a tota l&#8217;etapa<strong>.<\/strong><\/p>\n<p>&nbsp;<\/p>\n<p><strong>Extraescolars d\u2019Idiomes\u00a0<\/strong><\/p>\n<p>Dins de l&#8217;oferta d&#8217;activitats extraescolars s&#8217;ofereixen activitats de llengua estrangera, b\u00e0sicament angl\u00e8s.\u00a0<\/p>\n<p>Els i les alumnes que participin tindran la possibilitat de millorar el seu nivell en grups redu\u00efts i certificar els seus progressos a trav\u00e9s <strong>d\u2019ex\u00e0mens oficials.<\/strong><\/p>\n<p>Hi ha grups des d\u2019Infantil fins a l\u2019ESO. Si voleu m\u00e9s informaci\u00f3 consulteu l&#8217;apartat <strong>d&#8217;Extraescolars<\/strong> d&#8217;aquesta p\u00e0gina web.<\/p>\n<p>[\/et_pb_text][\/et_pb_column][\/et_pb_row][et_pb_row column_structure=\u00bb1_2,1_2&#8243; _builder_version=\u00bb4.25.2&#8243; _module_preset=\u00bbdefault\u00bb global_colors_info=\u00bb{}\u00bb][et_pb_column type=\u00bb1_2&#8243; _builder_version=\u00bb4.25.2&#8243; _module_preset=\u00bbdefault\u00bb global_colors_info=\u00bb{}\u00bb][et_pb_text _builder_version=\u00bb4.25.2&#8243; _module_preset=\u00bbdefault\u00bb global_colors_info=\u00bb{}\u00bb]<\/p>\n<p><strong>A m\u00e9s:<\/strong><\/p>\n<ul>\n<li>\u00a0Disposem d\u2019\u00a0<strong>Auxiliar de conversa<\/strong> natiu que ens ajuda a millorar les habilitats comunicatives dels nostres alumnes en Angl\u00e8s. \u00c9s present a totes les etapes educatives, des d&#8217;I3 a 4t ESO.<\/li>\n<\/ul>\n<p>&nbsp;<\/p>\n<ul>\n<li style=\"font-size: 14px;line-height: 18.2px\">Tenim un conveni ACADEMICA CORPORATION per oferir, a partir de 2nESO, la possibilitat de cursar els estudis del <span style=\"font-size: 14px;font-weight: bold\">Diploma DUAL \/ High School Diploma <\/span>per l&#8217;obtenci\u00f3 de la doble titulaci\u00f3 del batxillerat: espanyol i nord-americ\u00e0. Teniu m\u00e9s informaci\u00f3 en aquest enlla\u00e7: <a href=\"https:\/\/www.academica.school\/\" style=\"font-size: 14px\">https:\/\/www.academica.school\/<\/a><\/li>\n<\/ul>\n<p>[\/et_pb_text][et_pb_image src=\u00bbhttps:\/\/santboi.salesians.cat\/escola\/wp-content\/uploads\/sites\/3\/2026\/05\/diploma-dual-h.jpg\u00bb title_text=\u00bbdiploma-dual-h\u00bb _builder_version=\u00bb4.27.4&#8243; _module_preset=\u00bbdefault\u00bb global_colors_info=\u00bb{}\u00bb][\/et_pb_image][\/et_pb_column][et_pb_column type=\u00bb1_2&#8243; _builder_version=\u00bb4.25.2&#8243; _module_preset=\u00bbdefault\u00bb global_colors_info=\u00bb{}\u00bb][et_pb_image src=\u00bbhttps:\/\/santboi.salesians.cat\/escola\/wp-content\/uploads\/sites\/3\/2024\/06\/1716451743870-scaled.jpg\u00bb title_text=\u00bb1716451743870&#8243; _builder_version=\u00bb4.25.2&#8243; _module_preset=\u00bbdefault\u00bb global_colors_info=\u00bb{}\u00bb][\/et_pb_image][et_pb_text _builder_version=\u00bb4.27.4&#8243; _module_preset=\u00bbdefault\u00bb global_colors_info=\u00bb{}\u00bb]<\/p>\n<ul>\n<li>Els alumnes gaudeixen d\u2019obres de <strong>teatre en Angl\u00e8s<\/strong> des d&#8217;I3 a 4t ESO organitzades per la companyia IPA Theatre.<\/li>\n<\/ul>\n<p>&nbsp;<\/p>\n<ul>\n<li>A l&#8217;estiu s&#8217;ofereixen estades a l&#8217;estranger i camps de col\u00f2nies ling\u00fc\u00edstiques.<\/li>\n<\/ul>\n<p>&nbsp;<\/p>\n<ul>\n<li>A partir de 3r ESO oferim la possibilitat de participar en un <strong>intercanvi internacional<\/strong>\u00a0(castell\u00e0-angl\u00e8s) amb una escola de L\u00fcbeck (Alemanya)\u00a0<\/li>\n<\/ul>\n<p>[\/et_pb_text][\/et_pb_column][\/et_pb_row][et_pb_row _builder_version=\u00bb4.16&#8243; global_colors_info=\u00bb{}\u00bb][et_pb_column type=\u00bb4_4&#8243; _builder_version=\u00bb4.16&#8243; custom_padding=\u00bb|||\u00bb global_colors_info=\u00bb{}\u00bb custom_padding__hover=\u00bb|||\u00bb][et_pb_image src=\u00bbhttps:\/\/santboi.salesians.cat\/escola\/wp-content\/uploads\/sites\/3\/2018\/12\/bilingue.jpg\u00bb align=\u00bbcenter\u00bb align_tablet=\u00bbcenter\u00bb align_phone=\u00bb\u00bb align_last_edited=\u00bbon|desktop\u00bb _builder_version=\u00bb4.27.4&#8243; global_colors_info=\u00bb{}\u00bb]<\/p>\n<p>\n&nbsp;<\/p>\n<p>[\/et_pb_image][\/et_pb_column][\/et_pb_row][\/et_pb_section]<\/p>\n","protected":false},"excerpt":{"rendered":"<p>La nostra escola aposta per fomentar\u00a0l\u2019ensenyament pluriling\u00fce\u00a0des de l\u2019Educaci\u00f3 Infantil fins a la Secund\u00e0ria. L\u2019objectiu \u00e9s que el nostre alumnat aprengui a entendre i a expressar-se en el m\u00e0xim de lleng\u00fces possibles:\u00a0catal\u00e0, castell\u00e0, angl\u00e8s\u00a0i de manera optativa,\u00a0Franc\u00e8s\u00a0a Secundaria.\u00a0Per aix\u00f2, dins del nostre projecte educatiu l\u2019aprenentatge de \u00a0lleng\u00fces estrangeres t\u00e9 un paper molt important que es [&hellip;]<\/p>\n","protected":false},"author":2,"featured_media":0,"parent":0,"menu_order":0,"comment_status":"closed","ping_status":"closed","template":"","meta":{"_et_pb_use_builder":"on","_et_pb_old_content":"","_et_gb_content_width":"","footnotes":""},"class_list":["post-8042","page","type-page","status-publish","hentry"],"yoast_head":"<!-- This site is optimized with the Yoast SEO plugin v28.3 - https:\/\/yoast.com\/product\/yoast-seo-wordpress\/ -->\n<title>Pluriling\u00fcisme - Escola<\/title>\n<meta name=\"robots\" content=\"index, follow, max-snippet:-1, max-image-preview:large, max-video-preview:-1\" \/>\n<link rel=\"canonical\" href=\"https:\/\/santboi.salesians.cat\/escola\/plurilinguisme\/\" \/>\n<meta property=\"og:locale\" content=\"es_ES\" \/>\n<meta property=\"og:type\" content=\"article\" \/>\n<meta property=\"og:title\" content=\"Pluriling\u00fcisme - Escola\" \/>\n<meta property=\"og:description\" content=\"La nostra escola aposta per fomentar\u00a0l\u2019ensenyament pluriling\u00fce\u00a0des de l\u2019Educaci\u00f3 Infantil fins a la Secund\u00e0ria. L\u2019objectiu \u00e9s que el nostre alumnat aprengui a entendre i a expressar-se en el m\u00e0xim de lleng\u00fces possibles:\u00a0catal\u00e0, castell\u00e0, angl\u00e8s\u00a0i de manera optativa,\u00a0Franc\u00e8s\u00a0a Secundaria.\u00a0Per aix\u00f2, dins del nostre projecte educatiu l\u2019aprenentatge de \u00a0lleng\u00fces estrangeres t\u00e9 un paper molt important que es [&hellip;]\" \/>\n<meta property=\"og:url\" content=\"https:\/\/santboi.salesians.cat\/escola\/plurilinguisme\/\" \/>\n<meta property=\"og:site_name\" content=\"Escola\" \/>\n<meta property=\"article:publisher\" content=\"https:\/\/www.facebook.com\/SalesiansSBL\/\" \/>\n<meta property=\"article:modified_time\" content=\"2026-05-22T11:00:49+00:00\" \/>\n<meta name=\"twitter:card\" content=\"summary_large_image\" \/>\n<meta name=\"twitter:site\" content=\"@salesianssbl\" \/>\n<meta name=\"twitter:label1\" content=\"Tiempo de lectura\" \/>\n\t<meta name=\"twitter:data1\" content=\"3 minutos\" \/>\n<script type=\"application\/ld+json\" class=\"yoast-schema-graph\">{\"@context\":\"https:\\\/\\\/schema.org\",\"@graph\":[{\"@type\":\"WebPage\",\"@id\":\"https:\\\/\\\/santboi.salesians.cat\\\/escola\\\/plurilinguisme\\\/\",\"url\":\"https:\\\/\\\/santboi.salesians.cat\\\/escola\\\/plurilinguisme\\\/\",\"name\":\"Pluriling\u00fcisme - Escola\",\"isPartOf\":{\"@id\":\"https:\\\/\\\/santboi.salesians.cat\\\/escola\\\/#website\"},\"datePublished\":\"2018-10-04T08:18:56+00:00\",\"dateModified\":\"2026-05-22T11:00:49+00:00\",\"breadcrumb\":{\"@id\":\"https:\\\/\\\/santboi.salesians.cat\\\/escola\\\/plurilinguisme\\\/#breadcrumb\"},\"inLanguage\":\"es\",\"potentialAction\":[{\"@type\":\"ReadAction\",\"target\":[\"https:\\\/\\\/santboi.salesians.cat\\\/escola\\\/plurilinguisme\\\/\"]}]},{\"@type\":\"BreadcrumbList\",\"@id\":\"https:\\\/\\\/santboi.salesians.cat\\\/escola\\\/plurilinguisme\\\/#breadcrumb\",\"itemListElement\":[{\"@type\":\"ListItem\",\"position\":1,\"name\":\"Portada\",\"item\":\"https:\\\/\\\/santboi.salesians.cat\\\/escola\\\/\"},{\"@type\":\"ListItem\",\"position\":2,\"name\":\"Pluriling\u00fcisme\"}]},{\"@type\":\"WebSite\",\"@id\":\"https:\\\/\\\/santboi.salesians.cat\\\/escola\\\/#website\",\"url\":\"https:\\\/\\\/santboi.salesians.cat\\\/escola\\\/\",\"name\":\"Escola\",\"description\":\"Salesians Sant Boi de Llobregat\",\"potentialAction\":[{\"@type\":\"SearchAction\",\"target\":{\"@type\":\"EntryPoint\",\"urlTemplate\":\"https:\\\/\\\/santboi.salesians.cat\\\/escola\\\/?s={search_term_string}\"},\"query-input\":{\"@type\":\"PropertyValueSpecification\",\"valueRequired\":true,\"valueName\":\"search_term_string\"}}],\"inLanguage\":\"es\"}]}<\/script>\n<!-- \/ Yoast SEO plugin. -->","yoast_head_json":{"title":"Pluriling\u00fcisme - Escola","robots":{"index":"index","follow":"follow","max-snippet":"max-snippet:-1","max-image-preview":"max-image-preview:large","max-video-preview":"max-video-preview:-1"},"canonical":"https:\/\/santboi.salesians.cat\/escola\/plurilinguisme\/","og_locale":"es_ES","og_type":"article","og_title":"Pluriling\u00fcisme - Escola","og_description":"La nostra escola aposta per fomentar\u00a0l\u2019ensenyament pluriling\u00fce\u00a0des de l\u2019Educaci\u00f3 Infantil fins a la Secund\u00e0ria. L\u2019objectiu \u00e9s que el nostre alumnat aprengui a entendre i a expressar-se en el m\u00e0xim de lleng\u00fces possibles:\u00a0catal\u00e0, castell\u00e0, angl\u00e8s\u00a0i de manera optativa,\u00a0Franc\u00e8s\u00a0a Secundaria.\u00a0Per aix\u00f2, dins del nostre projecte educatiu l\u2019aprenentatge de \u00a0lleng\u00fces estrangeres t\u00e9 un paper molt important que es [&hellip;]","og_url":"https:\/\/santboi.salesians.cat\/escola\/plurilinguisme\/","og_site_name":"Escola","article_publisher":"https:\/\/www.facebook.com\/SalesiansSBL\/","article_modified_time":"2026-05-22T11:00:49+00:00","twitter_card":"summary_large_image","twitter_site":"@salesianssbl","twitter_misc":{"Tiempo de lectura":"3 minutos"},"schema":{"@context":"https:\/\/schema.org","@graph":[{"@type":"WebPage","@id":"https:\/\/santboi.salesians.cat\/escola\/plurilinguisme\/","url":"https:\/\/santboi.salesians.cat\/escola\/plurilinguisme\/","name":"Pluriling\u00fcisme - Escola","isPartOf":{"@id":"https:\/\/santboi.salesians.cat\/escola\/#website"},"datePublished":"2018-10-04T08:18:56+00:00","dateModified":"2026-05-22T11:00:49+00:00","breadcrumb":{"@id":"https:\/\/santboi.salesians.cat\/escola\/plurilinguisme\/#breadcrumb"},"inLanguage":"es","potentialAction":[{"@type":"ReadAction","target":["https:\/\/santboi.salesians.cat\/escola\/plurilinguisme\/"]}]},{"@type":"BreadcrumbList","@id":"https:\/\/santboi.salesians.cat\/escola\/plurilinguisme\/#breadcrumb","itemListElement":[{"@type":"ListItem","position":1,"name":"Portada","item":"https:\/\/santboi.salesians.cat\/escola\/"},{"@type":"ListItem","position":2,"name":"Pluriling\u00fcisme"}]},{"@type":"WebSite","@id":"https:\/\/santboi.salesians.cat\/escola\/#website","url":"https:\/\/santboi.salesians.cat\/escola\/","name":"Escola","description":"Salesians Sant Boi de Llobregat","potentialAction":[{"@type":"SearchAction","target":{"@type":"EntryPoint","urlTemplate":"https:\/\/santboi.salesians.cat\/escola\/?s={search_term_string}"},"query-input":{"@type":"PropertyValueSpecification","valueRequired":true,"valueName":"search_term_string"}}],"inLanguage":"es"}]}},"_links":{"self":[{"href":"https:\/\/santboi.salesians.cat\/escola\/wp-json\/wp\/v2\/pages\/8042","targetHints":{"allow":["GET"]}}],"collection":[{"href":"https:\/\/santboi.salesians.cat\/escola\/wp-json\/wp\/v2\/pages"}],"about":[{"href":"https:\/\/santboi.salesians.cat\/escola\/wp-json\/wp\/v2\/types\/page"}],"author":[{"embeddable":true,"href":"https:\/\/santboi.salesians.cat\/escola\/wp-json\/wp\/v2\/users\/2"}],"replies":[{"embeddable":true,"href":"https:\/\/santboi.salesians.cat\/escola\/wp-json\/wp\/v2\/comments?post=8042"}],"version-history":[{"count":16,"href":"https:\/\/santboi.salesians.cat\/escola\/wp-json\/wp\/v2\/pages\/8042\/revisions"}],"predecessor-version":[{"id":10363,"href":"https:\/\/santboi.salesians.cat\/escola\/wp-json\/wp\/v2\/pages\/8042\/revisions\/10363"}],"wp:attachment":[{"href":"https:\/\/santboi.salesians.cat\/escola\/wp-json\/wp\/v2\/media?parent=8042"}],"curies":[{"name":"wp","href":"https:\/\/api.w.org\/{rel}","templated":true}]}}