{"id":8330,"date":"2018-11-12T09:33:46","date_gmt":"2018-11-12T08:33:46","guid":{"rendered":"https:\/\/santboi.salesians.cat\/escola\/?page_id=8330"},"modified":"2026-04-17T09:46:45","modified_gmt":"2026-04-17T07:46:45","slug":"altres-accions-pastorals","status":"publish","type":"page","link":"https:\/\/santboi.salesians.cat\/escola\/altres-accions-pastorals\/","title":{"rendered":"Altres Accions Pastorals"},"content":{"rendered":"<div id=\"fb-root\"><\/div>\n<p>[et_pb_section fb_built=\u00bb1&#8243; fullwidth=\u00bbon\u00bb _builder_version=\u00bb4.27.4&#8243; background_image=\u00bbhttps:\/\/santboi.salesians.cat\/escola\/wp-content\/uploads\/sites\/3\/2024\/10\/Activitats-AMPA.png\u00bb custom_padding=\u00bb0px|0px|0px|0px\u00bb global_colors_info=\u00bb{}\u00bb][et_pb_fullwidth_header title=\u00bbAltres Accions Pastorals\u00bb background_overlay_color=\u00bbrgba(178,178,178,0)\u00bb module_class=\u00bbpagina-imagen-cabecera\u00bb _builder_version=\u00bb4.27.4&#8243; background_image=\u00bbhttps:\/\/santboi.salesians.cat\/escola\/wp-content\/uploads\/sites\/3\/2024\/10\/Activitats-AMPA.png\u00bb background_layout=\u00bblight\u00bb max_width_tablet=\u00bb50px\u00bb border_radii_image=\u00bboff||||\u00bb button_one_letter_spacing_hover=\u00bb0&#8243; button_two_letter_spacing_hover=\u00bb0&#8243; global_colors_info=\u00bb{}\u00bb][\/et_pb_fullwidth_header][\/et_pb_section][et_pb_section fb_built=\u00bb1&#8243; _builder_version=\u00bb4.16&#8243; global_colors_info=\u00bb{}\u00bb][et_pb_row _builder_version=\u00bb4.16&#8243; background_size=\u00bbinitial\u00bb background_position=\u00bbtop_left\u00bb background_repeat=\u00bbrepeat\u00bb custom_margin=\u00bb|auto|-25px|auto||\u00bb global_colors_info=\u00bb{}\u00bb][et_pb_column type=\u00bb4_4&#8243; _builder_version=\u00bb4.16&#8243; custom_padding=\u00bb|||\u00bb global_colors_info=\u00bb{}\u00bb custom_padding__hover=\u00bb|||\u00bb][et_pb_text _builder_version=\u00bb4.16&#8243; global_colors_info=\u00bb{}\u00bb]<\/p>\n<h3>BONS DIES<\/h3>\n<p style=\"text-align: justify\">Des d&#8217;I3 fins a 4t d\u2019ESO s\u00f3n un moment de reflexi\u00f3 conjunta del grup clase, es fan a l\u2019inici del dia, i s\u00f3n testimonis, contes, frases c\u00e8lebres, comentaris sobre la actualitat, &#8230; Tenen com a objectiu formar i fer cr\u00e9ixer com a persones els nostres alumnes, transmetem els valors propis d\u2019una escola salesiana. Els temes que fonamentalment s&#8217;hi tracten fan refer\u00e8ncia al valor que es treballa durant el curs, els valors de justicia i solidaritat, i aspectes relacionats amb les campanyes i al funcionament i activitats de l&#8217;escola.<\/p>\n<p>[\/et_pb_text][\/et_pb_column][\/et_pb_row][et_pb_row _builder_version=\u00bb4.27.4&#8243; _module_preset=\u00bbdefault\u00bb hover_enabled=\u00bb0&#8243; global_colors_info=\u00bb{}\u00bb column_structure=\u00bb1_2,1_2&#8243; sticky_enabled=\u00bb0&#8243;][et_pb_column type=\u00bb1_2&#8243; _builder_version=\u00bb4.27.4&#8243; _module_preset=\u00bbdefault\u00bb global_colors_info=\u00bb{}\u00bb][et_pb_text _builder_version=\u00bb4.27.4&#8243; _module_preset=\u00bbdefault\u00bb hover_enabled=\u00bb0&#8243; global_colors_info=\u00bb{}\u00bb sticky_enabled=\u00bb0&#8243;]<\/p>\n<h3>DELEGATS DE PASTORAL<\/h3>\n<p>A la nostra escola, totes les classes compten amb\u00a0<strong>delegats de pastoral<\/strong>\u00a0des de 1r de Prim\u00e0ria fins a 4t d&#8217;ESO. Aquests alumnes es presenten voluntaris per assumir una responsabilitat que va m\u00e9s enll\u00e0 de l&#8217;\u00e0mbit acad\u00e8mic, convertint-se en peces clau de la nostra comunitat educativa.<\/p>\n<p>Aquesta figura \u00e9s especialment rellevant perqu\u00e8 trenca la jerarquia tradicional: no \u00e9s un adult qui transmet els valors de manera te\u00f2rica, sin\u00f3\u00a0<strong>un igual qui inspira els seus companys<\/strong>\u00a0a trav\u00e9s de l\u2019exemple. L\u2019escola \u00e9s un espai privilegiat on els valors humans passin de la teoria a la pr\u00e0ctica.<\/p>\n<p>El delegat de pastoral ha de ser capa\u00e7 de posar-se a disposici\u00f3 dels altres, a potenciar el respecte, la just\u00edcia i la solidaritat, la fraternitat, la cura del medi ambient&#8230; el nostre objectiu\u00a0 \u00e9s que els alumnes en el futur no nom\u00e9s siguin bons i bones professionals,\u00a0 sin\u00f3 \u00a0<strong>persones compromeses amb la societat<\/strong>.<\/p>\n<p>La seva responsabilitat va augmentant segons el curs i l\u2019edat. Per acompanyar-los en aquests aprenentatges, es fan reunions peri\u00f2diques on se\u2019ls informa, se\u2019ls escolta i es demana la seva participaci\u00f3 activa en el disseny de la vida escolar.<\/p>\n<p>Com a reconeixement i espai de cohesi\u00f3, a l&#8217;etapa de l&#8217;ESO, celebrem el tradicional dinar de delegats, un moment per compartir experi\u00e8ncies i refermar el seu lideratge positiu.<\/p>\n<p>Ser delegat de pastoral \u00e9s, en definitiva, fer el primer pas per transformar el m\u00f3n des de l&#8217;aula.<\/p>\n<p>[\/et_pb_text][\/et_pb_column][et_pb_column type=\u00bb1_2&#8243; _builder_version=\u00bb4.27.4&#8243; _module_preset=\u00bbdefault\u00bb global_colors_info=\u00bb{}\u00bb][et_pb_image _builder_version=\u00bb4.27.4&#8243; _module_preset=\u00bbdefault\u00bb hover_enabled=\u00bb0&#8243; sticky_enabled=\u00bb0&#8243; title_text=\u00bbdel pas EIEP asdi\u00bb src=\u00bbhttps:\/\/santboi.salesians.cat\/escola\/wp-content\/uploads\/sites\/3\/2026\/04\/del-pas-EIEP-asdi-scaled.jpg\u00bb][\/et_pb_image][\/et_pb_column][\/et_pb_row][et_pb_row _builder_version=\u00bb4.16&#8243; background_size=\u00bbinitial\u00bb background_position=\u00bbtop_left\u00bb background_repeat=\u00bbrepeat\u00bb global_colors_info=\u00bb{}\u00bb][et_pb_column type=\u00bb4_4&#8243; _builder_version=\u00bb4.16&#8243; custom_padding=\u00bb|||\u00bb global_colors_info=\u00bb{}\u00bb custom_padding__hover=\u00bb|||\u00bb][et_pb_text _builder_version=\u00bb4.16&#8243; global_colors_info=\u00bb{}\u00bb]<\/p>\n<h3>OFERTES DE VOLUNTARIAT<\/h3>\n<p style=\"text-align: justify\">Treballem perqu\u00e8 el nostre alumnat entengui que un m\u00f3n m\u00e9s just i solidari \u00e9s possible. Donem l&#8217;oportunitat a l&#8217;alumnat que acaba 4t d\u2019ESO a fer voluntariat i comen\u00e7ar a lluitar per aquest canvi des de l&#8217;acci\u00f3. Per aix\u00f2 afavorim fer voluntariat a una ONG, al banc d&#8217;aliments, llars d&#8217;avis, hospitals,&#8230; o dins la mateixa obra salesiana amb campanyes com la ja tradicional \u00abCap infant sense joguina\u00bb, que per Nadal recull joguines per als infants m\u00e9s necessitats. o a la nostra Plataforma d&#8217;Educaci\u00f3 Social (PES).<\/p>\n<p>[\/et_pb_text][\/et_pb_column][\/et_pb_row][et_pb_row column_structure=\u00bb1_3,1_3,1_3&#8243; _builder_version=\u00bb4.16&#8243; background_size=\u00bbinitial\u00bb background_position=\u00bbtop_left\u00bb background_repeat=\u00bbrepeat\u00bb global_colors_info=\u00bb{}\u00bb][et_pb_column type=\u00bb1_3&#8243; _builder_version=\u00bb4.16&#8243; custom_padding=\u00bb|||\u00bb global_colors_info=\u00bb{}\u00bb custom_padding__hover=\u00bb|||\u00bb][et_pb_image src=\u00bbhttps:\/\/santboi.salesians.cat\/escola\/wp-content\/uploads\/sites\/3\/2026\/03\/IMG_20251204_091748.jpg\u00bb title_text=\u00bbIMG_20251204_091748&#8243; align_tablet=\u00bbcenter\u00bb align_phone=\u00bbcenter\u00bb align_last_edited=\u00bbon|desktop\u00bb _builder_version=\u00bb4.27.4&#8243; global_colors_info=\u00bb{}\u00bb][\/et_pb_image][\/et_pb_column][et_pb_column type=\u00bb1_3&#8243; _builder_version=\u00bb4.16&#8243; custom_padding=\u00bb|||\u00bb global_colors_info=\u00bb{}\u00bb custom_padding__hover=\u00bb|||\u00bb][et_pb_image src=\u00bbhttps:\/\/santboi.salesians.cat\/escola\/wp-content\/uploads\/sites\/3\/2026\/03\/IMG_1128.jpg\u00bb title_text=\u00bbIMG_1128&#8243; align_tablet=\u00bbcenter\u00bb align_phone=\u00bbcenter\u00bb align_last_edited=\u00bbon|desktop\u00bb _builder_version=\u00bb4.27.4&#8243; global_colors_info=\u00bb{}\u00bb][\/et_pb_image][\/et_pb_column][et_pb_column type=\u00bb1_3&#8243; _builder_version=\u00bb4.16&#8243; custom_padding=\u00bb|||\u00bb global_colors_info=\u00bb{}\u00bb custom_padding__hover=\u00bb|||\u00bb][et_pb_image src=\u00bbhttps:\/\/santboi.salesians.cat\/escola\/wp-content\/uploads\/sites\/3\/2026\/03\/IMG_20251202_105857.jpg\u00bb title_text=\u00bbIMG_20251202_105857&#8243; align_tablet=\u00bbcenter\u00bb align_phone=\u00bbcenter\u00bb align_last_edited=\u00bbon|desktop\u00bb _builder_version=\u00bb4.27.4&#8243; global_colors_info=\u00bb{}\u00bb][\/et_pb_image][\/et_pb_column][\/et_pb_row][\/et_pb_section]<\/p>\n","protected":false},"excerpt":{"rendered":"<p>BONS DIES Des d&#8217;I3 fins a 4t d\u2019ESO s\u00f3n un moment de reflexi\u00f3 conjunta del grup clase, es fan a l\u2019inici del dia, i s\u00f3n testimonis, contes, frases c\u00e8lebres, comentaris sobre la actualitat, &#8230; Tenen com a objectiu formar i fer cr\u00e9ixer com a persones els nostres alumnes, transmetem els valors propis d\u2019una escola salesiana. [&hellip;]<\/p>\n","protected":false},"author":2,"featured_media":0,"parent":0,"menu_order":0,"comment_status":"closed","ping_status":"closed","template":"","meta":{"_et_pb_use_builder":"on","_et_pb_old_content":"","_et_gb_content_width":"","footnotes":""},"class_list":["post-8330","page","type-page","status-publish","hentry"],"yoast_head":"<!-- This site is optimized with the Yoast SEO plugin v28.4 - https:\/\/yoast.com\/product\/yoast-seo-wordpress\/ -->\n<title>Altres Accions Pastorals - Escola<\/title>\n<meta name=\"robots\" content=\"index, follow, max-snippet:-1, max-image-preview:large, max-video-preview:-1\" \/>\n<link rel=\"canonical\" href=\"https:\/\/santboi.salesians.cat\/escola\/altres-accions-pastorals\/\" \/>\n<meta property=\"og:locale\" content=\"es_ES\" \/>\n<meta property=\"og:type\" content=\"article\" \/>\n<meta property=\"og:title\" content=\"Altres Accions Pastorals - Escola\" \/>\n<meta property=\"og:description\" content=\"BONS DIES Des d&#039;I3 fins a 4t d\u2019ESO s\u00f3n un moment de reflexi\u00f3 conjunta del grup clase, es fan a l\u2019inici del dia, i s\u00f3n testimonis, contes, frases c\u00e8lebres, comentaris sobre la actualitat, ... Tenen com a objectiu formar i fer cr\u00e9ixer com a persones els nostres alumnes, transmetem els valors propis d\u2019una escola salesiana. [&hellip;]\" \/>\n<meta property=\"og:url\" content=\"https:\/\/santboi.salesians.cat\/escola\/altres-accions-pastorals\/\" \/>\n<meta property=\"og:site_name\" content=\"Escola\" \/>\n<meta property=\"article:publisher\" content=\"https:\/\/www.facebook.com\/SalesiansSBL\/\" \/>\n<meta property=\"article:modified_time\" content=\"2026-04-17T07:46:45+00:00\" \/>\n<meta name=\"twitter:card\" content=\"summary_large_image\" \/>\n<meta name=\"twitter:site\" content=\"@salesianssbl\" \/>\n<meta name=\"twitter:label1\" content=\"Tiempo de lectura\" \/>\n\t<meta name=\"twitter:data1\" content=\"3 minutos\" \/>\n<script type=\"application\/ld+json\" class=\"yoast-schema-graph\">{\"@context\":\"https:\\\/\\\/schema.org\",\"@graph\":[{\"@type\":\"WebPage\",\"@id\":\"https:\\\/\\\/santboi.salesians.cat\\\/escola\\\/altres-accions-pastorals\\\/\",\"url\":\"https:\\\/\\\/santboi.salesians.cat\\\/escola\\\/altres-accions-pastorals\\\/\",\"name\":\"Altres Accions Pastorals - Escola\",\"isPartOf\":{\"@id\":\"https:\\\/\\\/santboi.salesians.cat\\\/escola\\\/#website\"},\"datePublished\":\"2018-11-12T08:33:46+00:00\",\"dateModified\":\"2026-04-17T07:46:45+00:00\",\"breadcrumb\":{\"@id\":\"https:\\\/\\\/santboi.salesians.cat\\\/escola\\\/altres-accions-pastorals\\\/#breadcrumb\"},\"inLanguage\":\"es\",\"potentialAction\":[{\"@type\":\"ReadAction\",\"target\":[\"https:\\\/\\\/santboi.salesians.cat\\\/escola\\\/altres-accions-pastorals\\\/\"]}]},{\"@type\":\"BreadcrumbList\",\"@id\":\"https:\\\/\\\/santboi.salesians.cat\\\/escola\\\/altres-accions-pastorals\\\/#breadcrumb\",\"itemListElement\":[{\"@type\":\"ListItem\",\"position\":1,\"name\":\"Portada\",\"item\":\"https:\\\/\\\/santboi.salesians.cat\\\/escola\\\/\"},{\"@type\":\"ListItem\",\"position\":2,\"name\":\"Altres Accions Pastorals\"}]},{\"@type\":\"WebSite\",\"@id\":\"https:\\\/\\\/santboi.salesians.cat\\\/escola\\\/#website\",\"url\":\"https:\\\/\\\/santboi.salesians.cat\\\/escola\\\/\",\"name\":\"Escola\",\"description\":\"Salesians Sant Boi de Llobregat\",\"potentialAction\":[{\"@type\":\"SearchAction\",\"target\":{\"@type\":\"EntryPoint\",\"urlTemplate\":\"https:\\\/\\\/santboi.salesians.cat\\\/escola\\\/?s={search_term_string}\"},\"query-input\":{\"@type\":\"PropertyValueSpecification\",\"valueRequired\":true,\"valueName\":\"search_term_string\"}}],\"inLanguage\":\"es\"}]}<\/script>\n<!-- \/ Yoast SEO plugin. -->","yoast_head_json":{"title":"Altres Accions Pastorals - Escola","robots":{"index":"index","follow":"follow","max-snippet":"max-snippet:-1","max-image-preview":"max-image-preview:large","max-video-preview":"max-video-preview:-1"},"canonical":"https:\/\/santboi.salesians.cat\/escola\/altres-accions-pastorals\/","og_locale":"es_ES","og_type":"article","og_title":"Altres Accions Pastorals - Escola","og_description":"BONS DIES Des d'I3 fins a 4t d\u2019ESO s\u00f3n un moment de reflexi\u00f3 conjunta del grup clase, es fan a l\u2019inici del dia, i s\u00f3n testimonis, contes, frases c\u00e8lebres, comentaris sobre la actualitat, ... Tenen com a objectiu formar i fer cr\u00e9ixer com a persones els nostres alumnes, transmetem els valors propis d\u2019una escola salesiana. [&hellip;]","og_url":"https:\/\/santboi.salesians.cat\/escola\/altres-accions-pastorals\/","og_site_name":"Escola","article_publisher":"https:\/\/www.facebook.com\/SalesiansSBL\/","article_modified_time":"2026-04-17T07:46:45+00:00","twitter_card":"summary_large_image","twitter_site":"@salesianssbl","twitter_misc":{"Tiempo de lectura":"3 minutos"},"schema":{"@context":"https:\/\/schema.org","@graph":[{"@type":"WebPage","@id":"https:\/\/santboi.salesians.cat\/escola\/altres-accions-pastorals\/","url":"https:\/\/santboi.salesians.cat\/escola\/altres-accions-pastorals\/","name":"Altres Accions Pastorals - Escola","isPartOf":{"@id":"https:\/\/santboi.salesians.cat\/escola\/#website"},"datePublished":"2018-11-12T08:33:46+00:00","dateModified":"2026-04-17T07:46:45+00:00","breadcrumb":{"@id":"https:\/\/santboi.salesians.cat\/escola\/altres-accions-pastorals\/#breadcrumb"},"inLanguage":"es","potentialAction":[{"@type":"ReadAction","target":["https:\/\/santboi.salesians.cat\/escola\/altres-accions-pastorals\/"]}]},{"@type":"BreadcrumbList","@id":"https:\/\/santboi.salesians.cat\/escola\/altres-accions-pastorals\/#breadcrumb","itemListElement":[{"@type":"ListItem","position":1,"name":"Portada","item":"https:\/\/santboi.salesians.cat\/escola\/"},{"@type":"ListItem","position":2,"name":"Altres Accions Pastorals"}]},{"@type":"WebSite","@id":"https:\/\/santboi.salesians.cat\/escola\/#website","url":"https:\/\/santboi.salesians.cat\/escola\/","name":"Escola","description":"Salesians Sant Boi de Llobregat","potentialAction":[{"@type":"SearchAction","target":{"@type":"EntryPoint","urlTemplate":"https:\/\/santboi.salesians.cat\/escola\/?s={search_term_string}"},"query-input":{"@type":"PropertyValueSpecification","valueRequired":true,"valueName":"search_term_string"}}],"inLanguage":"es"}]}},"_links":{"self":[{"href":"https:\/\/santboi.salesians.cat\/escola\/wp-json\/wp\/v2\/pages\/8330","targetHints":{"allow":["GET"]}}],"collection":[{"href":"https:\/\/santboi.salesians.cat\/escola\/wp-json\/wp\/v2\/pages"}],"about":[{"href":"https:\/\/santboi.salesians.cat\/escola\/wp-json\/wp\/v2\/types\/page"}],"author":[{"embeddable":true,"href":"https:\/\/santboi.salesians.cat\/escola\/wp-json\/wp\/v2\/users\/2"}],"replies":[{"embeddable":true,"href":"https:\/\/santboi.salesians.cat\/escola\/wp-json\/wp\/v2\/comments?post=8330"}],"version-history":[{"count":17,"href":"https:\/\/santboi.salesians.cat\/escola\/wp-json\/wp\/v2\/pages\/8330\/revisions"}],"predecessor-version":[{"id":10293,"href":"https:\/\/santboi.salesians.cat\/escola\/wp-json\/wp\/v2\/pages\/8330\/revisions\/10293"}],"wp:attachment":[{"href":"https:\/\/santboi.salesians.cat\/escola\/wp-json\/wp\/v2\/media?parent=8330"}],"curies":[{"name":"wp","href":"https:\/\/api.w.org\/{rel}","templated":true}]}}