{"id":9667,"date":"2024-09-23T14:03:20","date_gmt":"2024-09-23T12:03:20","guid":{"rendered":"https:\/\/santboi.salesians.cat\/escola\/?page_id=9667"},"modified":"2025-11-07T08:04:50","modified_gmt":"2025-11-07T07:04:50","slug":"ampa","status":"publish","type":"page","link":"https:\/\/santboi.salesians.cat\/escola\/ampa\/","title":{"rendered":"AMPA"},"content":{"rendered":"<div id=\"fb-root\"><\/div>\n<p>[et_pb_section fb_built=\u00bb1&#8243; fullwidth=\u00bbon\u00bb _builder_version=\u00bb4.27.4&#8243; background_image=\u00bbhttps:\/\/santboi.salesians.cat\/escola\/wp-content\/uploads\/sites\/3\/2025\/10\/BannerAMPA-1.jpg\u00bb background_position=\u00bbcenter_left\u00bb height=\u00bb401px\u00bb custom_padding=\u00bb0px|0px|0px|0px\u00bb collapsed=\u00bboff\u00bb global_colors_info=\u00bb{}\u00bb][et_pb_fullwidth_header title=\u00bbAMPA\u00bb background_overlay_color=\u00bbrgba(178,178,178,0)\u00bb module_class=\u00bbpagina-imagen-cabecera\u00bb _builder_version=\u00bb4.27.4&#8243; background_color=\u00bbRGBA(255,255,255,0)\u00bb background_enable_image=\u00bboff\u00bb parallax=\u00bbon\u00bb parallax_method=\u00bbon\u00bb background_layout=\u00bblight\u00bb max_width_tablet=\u00bb50px\u00bb custom_padding=\u00bb||0px|||\u00bb global_colors_info=\u00bb{}\u00bb button_one_text_size__hover_enabled=\u00bboff\u00bb button_two_text_size__hover_enabled=\u00bboff\u00bb button_one_text_color__hover_enabled=\u00bboff\u00bb button_two_text_color__hover_enabled=\u00bboff\u00bb button_one_border_width__hover_enabled=\u00bboff\u00bb button_two_border_width__hover_enabled=\u00bboff\u00bb button_one_border_color__hover_enabled=\u00bboff\u00bb button_two_border_color__hover_enabled=\u00bboff\u00bb button_one_border_radius__hover_enabled=\u00bboff\u00bb button_two_border_radius__hover_enabled=\u00bboff\u00bb button_one_letter_spacing__hover_enabled=\u00bboff\u00bb button_two_letter_spacing__hover_enabled=\u00bboff\u00bb button_one_bg_color__hover_enabled=\u00bboff\u00bb button_two_bg_color__hover_enabled=\u00bboff\u00bb][\/et_pb_fullwidth_header][\/et_pb_section][et_pb_section fb_built=\u00bb1&#8243; _builder_version=\u00bb4.16&#8243; custom_padding=\u00bb0px||0px||true|\u00bb collapsed=\u00bboff\u00bb global_colors_info=\u00bb{}\u00bb][et_pb_row _builder_version=\u00bb4.27.4&#8243; _module_preset=\u00bbdefault\u00bb global_colors_info=\u00bb{}\u00bb][et_pb_column type=\u00bb4_4&#8243; _builder_version=\u00bb4.27.4&#8243; _module_preset=\u00bbdefault\u00bb global_colors_info=\u00bb{}\u00bb][\/et_pb_column][\/et_pb_row][et_pb_row _builder_version=\u00bb4.16&#8243; background_size=\u00bbinitial\u00bb background_position=\u00bbtop_left\u00bb background_repeat=\u00bbrepeat\u00bb global_colors_info=\u00bb{}\u00bb][et_pb_column type=\u00bb4_4&#8243; _builder_version=\u00bb4.16&#8243; custom_padding=\u00bb|||\u00bb global_colors_info=\u00bb{}\u00bb custom_padding__hover=\u00bb|||\u00bb][et_pb_text admin_label=\u00bbTexto\u00bb _builder_version=\u00bb4.27.4&#8243; _module_preset=\u00bbdefault\u00bb animation_style=\u00bbslide\u00bb animation_direction=\u00bbleft\u00bb animation_duration=\u00bb1200ms\u00bb hover_transition_speed_curve=\u00bbease-in-out\u00bb inline_fonts=\u00bbDecima Nova Pro\u00bb global_colors_info=\u00bb{}\u00bb]<\/p>\n<h1 style=\"text-align: center;\"><span style=\"font-size: xx-large; font-family: inherit; font-weight: normal;\">Qui som?<\/span><\/h1>\n<p><span style=\"font-size: large;\">\u00a0<\/span><\/p>\n<p style=\"text-align: center;\"><span style=\"font-size: large;\">L&#8217;AMPA (Associaci\u00f3 de Mares i Pares d&#8217;Alumnes) som un col\u00b7lectiu format per pares i mares que, de manera volunt\u00e0ria, col\u00b7laboren amb l&#8217;educaci\u00f3 dels nostres fills i filles de l&#8217;escola. La nostra finalitat \u00e9s establir una estreta col\u00b7laboraci\u00f3 entre les fam\u00edlies, l&#8217;escola i la comunitat educativa en general.<\/span><\/p>\n<p style=\"text-align: center;\"><span style=\"font-size: large;\">En vols formar part?<\/span><\/p>\n<p style=\"text-align: center;\"><span style=\"font-size: large;\"><\/span><\/p>\n<p style=\"text-align: center;\"><span style=\"font-size: large;\"><\/span><\/p>\n<p>[\/et_pb_text][et_pb_button button_url=\u00bbhttps:\/\/santboi.salesians.cat\/escola\/wp-content\/uploads\/sites\/3\/2024\/10\/SBL-R296T-E06-Sol\u00b7licitud-AMPA.pdf\u00bb url_new_window=\u00bbon\u00bb button_text=\u00bbOmple la butlleta\u00bb button_alignment=\u00bbcenter\u00bb _builder_version=\u00bb4.27.4&#8243; _module_preset=\u00bbdefault\u00bb custom_button=\u00bbon\u00bb button_text_color=\u00bb#FFFFFF\u00bb button_bg_color=\u00bb#E02B20&#8243; button_border_width=\u00bb4px\u00bb button_border_radius=\u00bb48px\u00bb button_letter_spacing=\u00bb0px\u00bb button_font=\u00bbMontserrat|300|||||||\u00bb custom_margin=\u00bb45px|||||\u00bb animation_style=\u00bbslide\u00bb animation_direction=\u00bbleft\u00bb animation_duration=\u00bb1250ms\u00bb global_colors_info=\u00bb{}\u00bb][\/et_pb_button][et_pb_text _builder_version=\u00bb4.27.4&#8243; _module_preset=\u00bbdefault\u00bb custom_padding=\u00bb35px||55px|25px||\u00bb animation_style=\u00bbslide\u00bb animation_direction=\u00bbright\u00bb animation_duration=\u00bb1200ms\u00bb global_colors_info=\u00bb{}\u00bb]<\/p>\n<h2>\u00a0<\/h2>\n<h2><span style=\"font-size: x-large;\">La Junta<\/span><\/h2>\n<p>&nbsp;<\/p>\n<p style=\"text-align: justify;\"><span style=\"font-size: large;\">Qualsevol membre de l&#8217;AMPA pot venir a formar part de la junta, que actua en representaci\u00f3 i t\u00e9 diverses funcions:<\/span><\/p>\n<ul>\n<li style=\"text-align: justify;\"><span style=\"font-size: large;\">\u00c9s el nexe d&#8217;<strong>uni\u00f3 entre les fam\u00edlies i l&#8217;escola<\/strong>.<\/span><\/li>\n<li style=\"text-align: justify;\"><span style=\"font-size: large;\"><strong>Defensa els drets i interessos dels alumnes i les seves fam\u00edlies<\/strong>, vetllant per garantir una educaci\u00f3 adient i de qualitat.<\/span><\/li>\n<li style=\"text-align: justify;\"><span style=\"font-size: large;\">Planifica i duu a terme <strong>activitats socials i culturals<\/strong>.<\/span><\/li>\n<li style=\"text-align: justify;\"><span style=\"font-size: large;\">Col\u00b7labora amb l&#8217;escola en la millora d&#8217;instal\u00b7lacions i contribueix amb <strong>recursos addicionals<\/strong> per complementar l&#8217;educaci\u00f3 dels nens i nenes.<\/span><span style=\"font-size: large;\"><\/span><span style=\"font-size: large;\"><\/span><\/li>\n<\/ul>\n<p><strong><span style=\"font-size: large;\"><em>\u00a0 \u00a0 \u00a0 \u00a0 \u00a0 \u00a0 \u00a0 \u00a0 \u00a0 \u00a0 \u00a0 \u00a0 \u00a0 \u00a0 Si vols formar part de la Junta, escriu-nos a <a href=\"mailto:ampa.santboi@salesians.cat\" target=\"_blank\" rel=\"noopener\">ampa.santboi@salesians.cat<\/a>.<\/em><\/span><\/strong><span style=\"font-size: large;\"><\/span><\/p>\n<p>[\/et_pb_text][et_pb_image src=\u00bbhttps:\/\/santboi.salesians.cat\/escola\/wp-content\/uploads\/sites\/3\/2025\/10\/junta.png\u00bb title_text=\u00bbjunta\u00bb align=\u00bbcenter\u00bb _builder_version=\u00bb4.27.4&#8243; _module_preset=\u00bbdefault\u00bb width=\u00bb70%\u00bb max_width=\u00bb65%\u00bb custom_margin=\u00bb||-2px|||\u00bb custom_padding=\u00bb1px|||||\u00bb animation_style=\u00bbslide\u00bb animation_duration=\u00bb1350ms\u00bb global_colors_info=\u00bb{}\u00bb][\/et_pb_image][\/et_pb_column][\/et_pb_row][et_pb_row column_structure=\u00bb1_2,1_2&#8243; _builder_version=\u00bb4.27.4&#8243; _module_preset=\u00bbdefault\u00bb custom_margin=\u00bb|auto|40px|auto||\u00bb animation_style=\u00bbfade\u00bb animation_duration=\u00bb1250ms\u00bb global_colors_info=\u00bb{}\u00bb][et_pb_column type=\u00bb1_2&#8243; _builder_version=\u00bb4.27.0&#8243; _module_preset=\u00bbdefault\u00bb global_colors_info=\u00bb{}\u00bb][et_pb_text _builder_version=\u00bb4.27.0&#8243; _module_preset=\u00bbdefault\u00bb min_height=\u00bb296.1px\u00bb custom_margin=\u00bb-1px|||||\u00bb custom_padding=\u00bb|35px||||\u00bb global_colors_info=\u00bb{}\u00bb]<\/p>\n<h2>\u00a0<\/h2>\n<h2><span style=\"font-size: x-large;\">Activitats<\/span><\/h2>\n<p><span style=\"font-size: large;\">\u00a0<\/span><\/p>\n<p style=\"text-align: justify;\"><span style=\"font-size: large;\">Una de les nostres tasques principals \u00e9s l&#8217;<strong>organitzaci\u00f3 d&#8217;activitats i esdeveniments<\/strong> que benefici\u00efn tant les fam\u00edlies com l&#8217;alumnat.<\/span><\/p>\n<p style=\"text-align: justify;\"><span style=\"font-size: large;\">Aix\u00f2 inclou la planificaci\u00f3 de tallers, xerrades, sortides educatives, festes i altres iniciatives que <strong>enriqueixen la vida escolar i promouen la interacci\u00f3<\/strong> i el contacte entre les fam\u00edlies.<\/span><\/p>\n<p style=\"text-align: justify;\"><span style=\"font-size: large;\"><\/span><\/p>\n<p style=\"text-align: justify;\"><span style=\"font-size: large;\"><span>Tamb\u00e9 oferim servei d&#8217;acollida per a les reunions de l&#8217;escola<\/span><\/span><\/p>\n<p>[\/et_pb_text][et_pb_button button_url=\u00bbhttps:\/\/docs.google.com\/forms\/d\/e\/1FAIpQLSd-9oVZQbBs5azrvHc4D9AwNCFBFrbS2lXV48QzMu0tP_TUNA\/viewform\u00bb url_new_window=\u00bbon\u00bb button_text=\u00bbAcollida reunions\u00bb button_alignment=\u00bbcenter\u00bb _builder_version=\u00bb4.27.4&#8243; _module_preset=\u00bbdefault\u00bb custom_button=\u00bbon\u00bb button_text_size=\u00bb18px\u00bb button_text_color=\u00bb#FFFFFF\u00bb button_bg_color=\u00bb#E02B20&#8243; button_border_width=\u00bb2px\u00bb button_border_radius=\u00bb56px\u00bb button_letter_spacing=\u00bb0px\u00bb button_font=\u00bbMontserrat|300|||||||\u00bb transform_scale=\u00bb92%|92%\u00bb global_colors_info=\u00bb{}\u00bb][\/et_pb_button][\/et_pb_column][et_pb_column type=\u00bb1_2&#8243; _builder_version=\u00bb4.27.0&#8243; _module_preset=\u00bbdefault\u00bb global_colors_info=\u00bb{}\u00bb][et_pb_image src=\u00bbhttps:\/\/santboi.salesians.cat\/escola\/wp-content\/uploads\/sites\/3\/2024\/10\/Activitats-AMPA.png\u00bb title_text=\u00bbActivitats-AMPA\u00bb _builder_version=\u00bb4.27.2&#8243; _module_preset=\u00bbdefault\u00bb custom_margin=\u00bb70px|||||\u00bb custom_padding=\u00bb19px|||||\u00bb locked=\u00bboff\u00bb global_colors_info=\u00bb{}\u00bb][\/et_pb_image][\/et_pb_column][\/et_pb_row][et_pb_row column_structure=\u00bb1_2,1_2&#8243; _builder_version=\u00bb4.27.0&#8243; _module_preset=\u00bbdefault\u00bb custom_margin=\u00bb|auto|71px|auto||\u00bb locked=\u00bboff\u00bb global_colors_info=\u00bb{}\u00bb][et_pb_column type=\u00bb1_2&#8243; _builder_version=\u00bb4.27.0&#8243; _module_preset=\u00bbdefault\u00bb global_colors_info=\u00bb{}\u00bb][et_pb_image src=\u00bbhttps:\/\/santboi.salesians.cat\/escola\/wp-content\/uploads\/sites\/3\/2024\/10\/Voluntaritat.png\u00bb title_text=\u00bbVoluntaritat\u00bb _builder_version=\u00bb4.27.4&#8243; _module_preset=\u00bbdefault\u00bb custom_margin=\u00bb40px|||||\u00bb animation_style=\u00bbslide\u00bb animation_direction=\u00bbleft\u00bb animation_duration=\u00bb1250ms\u00bb locked=\u00bboff\u00bb global_colors_info=\u00bb{}\u00bb][\/et_pb_image][\/et_pb_column][et_pb_column type=\u00bb1_2&#8243; _builder_version=\u00bb4.27.0&#8243; _module_preset=\u00bbdefault\u00bb global_colors_info=\u00bb{}\u00bb][et_pb_text _builder_version=\u00bb4.27.4&#8243; _module_preset=\u00bbdefault\u00bb width=\u00bb100%\u00bb custom_margin=\u00bb|||0px||\u00bb custom_padding=\u00bb|||12px||\u00bb animation_style=\u00bbslide\u00bb animation_direction=\u00bbright\u00bb animation_duration=\u00bb1250ms\u00bb global_colors_info=\u00bb{}\u00bb]<\/p>\n<h2 style=\"text-align: justify;\">\u00a0<\/h2>\n<h2><span style=\"font-size: x-large;\">Voluntariat<\/span><\/h2>\n<p>&nbsp;<\/p>\n<p style=\"text-align: justify;\"><span style=\"font-size: large;\">Des de l&#8217;AMPA organitzem tota una s\u00e8rie d&#8217;activitats i festes escolars on <strong>la col\u00b7laboraci\u00f3 de les fam\u00edlies \u00e9s molt valuosa<\/strong>. Podeu ajudar-nos en l&#8217;organitzaci\u00f3 de xerrades, t\u00fanel del terror, patge reial, Sant Jordi, esmorzars de final de curs, i molt m\u00e9s!<\/span><\/p>\n<p style=\"text-align: justify;\"><span style=\"font-size: large;\">Si voleu participar i aportar el vostre granet de sorra, ompliu aquest formulari i ens posarem en contacte amb vosaltres. Apunteu-vos a les que m\u00e9s us agradin!<\/span><\/p>\n<p>[\/et_pb_text][et_pb_button button_url=\u00bbhttps:\/\/docs.google.com\/forms\/d\/e\/1FAIpQLSfpeyatQB-vfO8vSgI-th1nLO2tWutu7r-RBxe22O540fCOdA\/viewform\u00bb url_new_window=\u00bbon\u00bb button_text=\u00bbVull participar\u00bb button_alignment=\u00bbcenter\u00bb _builder_version=\u00bb4.27.4&#8243; _module_preset=\u00bbdefault\u00bb custom_button=\u00bbon\u00bb button_text_size=\u00bb18px\u00bb button_text_color=\u00bb#FFFFFF\u00bb button_bg_color=\u00bb#E02B20&#8243; button_border_width=\u00bb2px\u00bb button_border_radius=\u00bb56px\u00bb button_letter_spacing=\u00bb0px\u00bb button_font=\u00bbMontserrat|300|||||||\u00bb transform_scale=\u00bb92%|92%\u00bb animation_style=\u00bbslide\u00bb animation_direction=\u00bbright\u00bb animation_duration=\u00bb1250ms\u00bb global_colors_info=\u00bb{}\u00bb][\/et_pb_button][\/et_pb_column][\/et_pb_row][et_pb_row admin_label=\u00bbFila\u00bb _builder_version=\u00bb4.27.2&#8243; _module_preset=\u00bbdefault\u00bb background_color=\u00bbRGBA(255,255,255,0)\u00bb width=\u00bb100%\u00bb max_width=\u00bb1231px\u00bb module_alignment=\u00bbcenter\u00bb global_colors_info=\u00bb{}\u00bb][et_pb_column type=\u00bb4_4&#8243; _builder_version=\u00bb4.27.0&#8243; _module_preset=\u00bbdefault\u00bb global_colors_info=\u00bb{}\u00bb][ba_image_carousel content_alignment=\u00bbcenter\u00bb animation_speed=\u00bb900ms\u00bb autoplay_speed=\u00bb3900ms\u00bb slide_count=\u00bb2&#8243; slide_spacing=\u00bb12px\u00bb use_both_side_spacing=\u00bboff\u00bb nav_height=\u00bb42px\u00bb slide_count_tablet=\u00bb2&#8243; slide_count_phone=\u00bb1&#8243; slide_count_last_edited=\u00bbon|phone\u00bb _builder_version=\u00bb4.27.4&#8243; _module_preset=\u00bbdefault\u00bb width=\u00bb100%\u00bb width_tablet=\u00bb100%\u00bb width_phone=\u00bb100%\u00bb width_last_edited=\u00bbon|phone\u00bb module_alignment=\u00bbcenter\u00bb border_width_all_carousel=\u00bb0px\u00bb global_colors_info=\u00bb{}\u00bb][ba_image_carousel_child photo=\u00bbhttps:\/\/santboi.salesians.cat\/escola\/wp-content\/uploads\/sites\/3\/2024\/10\/AMPA01.png\u00bb _builder_version=\u00bb4.27.4&#8243; _module_preset=\u00bbdefault\u00bb global_colors_info=\u00bb{}\u00bb][\/ba_image_carousel_child][ba_image_carousel_child photo=\u00bbhttps:\/\/santboi.salesians.cat\/escola\/wp-content\/uploads\/sites\/3\/2024\/10\/AMPA02.png\u00bb _builder_version=\u00bb4.27.2&#8243; _module_preset=\u00bbdefault\u00bb global_colors_info=\u00bb{}\u00bb][\/ba_image_carousel_child][ba_image_carousel_child photo=\u00bbhttps:\/\/santboi.salesians.cat\/escola\/wp-content\/uploads\/sites\/3\/2024\/10\/AMPA03.png\u00bb _builder_version=\u00bb4.27.2&#8243; _module_preset=\u00bbdefault\u00bb global_colors_info=\u00bb{}\u00bb][\/ba_image_carousel_child][ba_image_carousel_child photo=\u00bbhttps:\/\/santboi.salesians.cat\/escola\/wp-content\/uploads\/sites\/3\/2024\/10\/AMPA04.png\u00bb _builder_version=\u00bb4.27.2&#8243; _module_preset=\u00bbdefault\u00bb global_colors_info=\u00bb{}\u00bb][\/ba_image_carousel_child][ba_image_carousel_child photo=\u00bbhttps:\/\/santboi.salesians.cat\/escola\/wp-content\/uploads\/sites\/3\/2024\/10\/AMPA05.png\u00bb _builder_version=\u00bb4.27.2&#8243; _module_preset=\u00bbdefault\u00bb global_colors_info=\u00bb{}\u00bb][\/ba_image_carousel_child][ba_image_carousel_child photo=\u00bbhttps:\/\/santboi.salesians.cat\/escola\/wp-content\/uploads\/sites\/3\/2024\/10\/AMPA06.png\u00bb _builder_version=\u00bb4.27.2&#8243; _module_preset=\u00bbdefault\u00bb global_colors_info=\u00bb{}\u00bb][\/ba_image_carousel_child][ba_image_carousel_child photo=\u00bbhttps:\/\/santboi.salesians.cat\/escola\/wp-content\/uploads\/sites\/3\/2024\/10\/AMPA07.png\u00bb _builder_version=\u00bb4.27.2&#8243; _module_preset=\u00bbdefault\u00bb global_colors_info=\u00bb{}\u00bb][\/ba_image_carousel_child][\/ba_image_carousel][\/et_pb_column][\/et_pb_row][et_pb_row _builder_version=\u00bb4.27.0&#8243; _module_preset=\u00bbdefault\u00bb global_colors_info=\u00bb{}\u00bb][et_pb_column type=\u00bb4_4&#8243; _builder_version=\u00bb4.27.0&#8243; _module_preset=\u00bbdefault\u00bb global_colors_info=\u00bb{}\u00bb][et_pb_text _builder_version=\u00bb4.27.4&#8243; _module_preset=\u00bbdefault\u00bb custom_margin=\u00bb0px||-42px|||\u00bb global_colors_info=\u00bb{}\u00bb]<\/p>\n<h2 style=\"text-align: center;\"><span style=\"font-size: x-large;\">FAQ<\/span><\/h2>\n<p>&nbsp;<\/p>\n<p>&nbsp;<\/p>\n<p>[\/et_pb_text][\/et_pb_column][\/et_pb_row][et_pb_row column_structure=\u00bb1_2,1_2&#8243; _builder_version=\u00bb4.27.0&#8243; _module_preset=\u00bbdefault\u00bb global_colors_info=\u00bb{}\u00bb][et_pb_column type=\u00bb1_2&#8243; _builder_version=\u00bb4.27.0&#8243; _module_preset=\u00bbdefault\u00bb global_colors_info=\u00bb{}\u00bb][et_pb_text _builder_version=\u00bb4.27.4&#8243; _module_preset=\u00bbdefault\u00bb custom_css_free_form=\u00bbhr, hr.wp-block-separator {||    width: 30% !important;||    margin: 30px 0 30px 0 !important;    \/* Sin auto: alineado izquierda *\/||    border: none !important;||    height: 8px !important;||    background-color: #FF0000 !important;||    border-radius: 5px !important;||}\u00bb global_colors_info=\u00bb{}\u00bb]<\/p>\n<p><span style=\"font-size: large;\"><strong>T\u00e9 algun cost formar part de l&#8217;AMPA?<\/strong><\/span><\/p>\n<p><span style=\"font-size: large;\">S\u00ed. 20\u202f\u20ac anuals per fam\u00edlia (independentment del nombre d&#8217;alumnes).<\/span><\/p>\n<p>&nbsp;<\/p>\n<hr \/>\n<p>&nbsp;<\/p>\n<p><span style=\"font-size: large;\"><strong>Hi ha algun benefici per ser membre de la Junta? <\/strong><\/span><\/p>\n<p><span style=\"font-size: large;\">No. Formar part de la Junta de l&#8217;AMPA \u00e9s un acte totalment voluntari i lliure, sense cap bonificaci\u00f3 ni avantatge per aquest motiu.<\/span><\/p>\n<p><span style=\"font-size: large;\">\u00a0<\/span><\/p>\n<hr \/>\n<p><span style=\"font-size: large;\">\u00a0<\/span><\/p>\n<p><span style=\"font-size: large;\"><strong>Hi ha assemblea? <\/strong><\/span><\/p>\n<p><span style=\"font-size: large;\">S\u00ed, m\u00ednim una l&#8217;any durant el primer trimestre del curs escolar i, si \u00e9s necessari l&#8217;aprovaci\u00f3 d&#8217;algun tema addicional, es poden convocar altres extraordin\u00e0ries.<\/span><\/p>\n<p>[\/et_pb_text][\/et_pb_column][et_pb_column type=\u00bb1_2&#8243; _builder_version=\u00bb4.27.0&#8243; _module_preset=\u00bbdefault\u00bb global_colors_info=\u00bb{}\u00bb][et_pb_text _builder_version=\u00bb4.27.4&#8243; _module_preset=\u00bbdefault\u00bb locked=\u00bboff\u00bb global_colors_info=\u00bb{}\u00bb]<\/p>\n<p><span style=\"font-size: large;\"><strong>Us encarregueu de les extraescolars? <\/strong><\/span><\/p>\n<p><span style=\"font-size: large;\">No, les activitats extraescolars les gestiona directament l&#8217;escola amb un prove\u00efdor.<\/span><\/p>\n<p><span style=\"font-size: large;\">\u00a0<\/span><\/p>\n<hr \/>\n<p><span style=\"font-size: large;\">\u00a0<\/span><\/p>\n<p><span style=\"font-size: large;\"><strong>A qu\u00e8 es dedica la meva quota? <\/strong><\/span><\/p>\n<p><span style=\"font-size: large;\">Les aportacions de les fam\u00edlies es dediquen exclusivament a les activitats i propostes per a alumnes i fam\u00edlies que s&#8217;organitzen al llarg del curs.\u00a0<\/span><\/p>\n<p>[\/et_pb_text][\/et_pb_column][\/et_pb_row][\/et_pb_section][et_pb_section fb_built=\u00bb1&#8243; admin_label=\u00bbrrss\u00bb _builder_version=\u00bb4.27.0&#8243; _module_preset=\u00bbdefault\u00bb background_image=\u00bbhttps:\/\/santboi.salesians.cat\/escola\/wp-content\/uploads\/sites\/3\/2020\/11\/ImagenPAGINA.jpg\u00bb global_colors_info=\u00bb{}\u00bb][et_pb_row column_structure=\u00bb1_3,1_3,1_3&#8243; admin_label=\u00bbFila\u00bb _builder_version=\u00bb4.27.4&#8243; _module_preset=\u00bbdefault\u00bb custom_margin=\u00bb|auto|40px|auto||\u00bb global_colors_info=\u00bb{}\u00bb][et_pb_column type=\u00bb1_3&#8243; _builder_version=\u00bb4.27.0&#8243; _module_preset=\u00bbdefault\u00bb global_colors_info=\u00bb{}\u00bb][et_pb_image src=\u00bbhttps:\/\/santboi.salesians.cat\/escola\/wp-content\/uploads\/sites\/3\/2024\/09\/instagram-white.png\u00bb title_text=\u00bbinstagram-white\u00bb url=\u00bbhttps:\/\/www.instagram.com\/ampa_salesians.sb\/\u00bb url_new_window=\u00bbon\u00bb align=\u00bbright\u00bb _builder_version=\u00bb4.27.4&#8243; _module_preset=\u00bbdefault\u00bb width=\u00bb25%\u00bb global_colors_info=\u00bb{}\u00bb][\/et_pb_image][\/et_pb_column][et_pb_column type=\u00bb1_3&#8243; _builder_version=\u00bb4.27.0&#8243; _module_preset=\u00bbdefault\u00bb global_colors_info=\u00bb{}\u00bb][et_pb_image src=\u00bbhttps:\/\/santboi.salesians.cat\/escola\/wp-content\/uploads\/sites\/3\/2024\/09\/facebook-white-1.png\u00bb title_text=\u00bbfacebook-white\u00bb url=\u00bbhttps:\/\/www.facebook.com\/p\/Ampa-Salesians-Sant-Boi-100063830116987\/?_rdr\u00bb url_new_window=\u00bbon\u00bb align=\u00bbcenter\u00bb admin_label=\u00bbImagedfacebook\u00bb _builder_version=\u00bb4.27.4&#8243; _module_preset=\u00bbdefault\u00bb width=\u00bb25%\u00bb global_colors_info=\u00bb{}\u00bb][\/et_pb_image][\/et_pb_column][et_pb_column type=\u00bb1_3&#8243; _builder_version=\u00bb4.27.4&#8243; _module_preset=\u00bbdefault\u00bb global_colors_info=\u00bb{}\u00bb][et_pb_image src=\u00bbhttps:\/\/santboi.salesians.cat\/escola\/wp-content\/uploads\/sites\/3\/2024\/09\/email2-white.png\u00bb title_text=\u00bbemail2-white\u00bb url=\u00bbhttp:\/\/ampa.santboi@salesians.cat\u00bb url_new_window=\u00bbon\u00bb _builder_version=\u00bb4.27.4&#8243; _module_preset=\u00bbdefault\u00bb width=\u00bb25%\u00bb global_colors_info=\u00bb{}\u00bb][\/et_pb_image][\/et_pb_column][\/et_pb_row][et_pb_row _builder_version=\u00bb4.27.4&#8243; _module_preset=\u00bbdefault\u00bb global_colors_info=\u00bb{}\u00bb][et_pb_column type=\u00bb4_4&#8243; _builder_version=\u00bb4.27.4&#8243; _module_preset=\u00bbdefault\u00bb global_colors_info=\u00bb{}\u00bb][et_pb_heading title=\u00bbFormulari de contacte\u00bb _builder_version=\u00bb4.27.4&#8243; _module_preset=\u00bbdefault\u00bb title_text_color=\u00bb#FFFFFF\u00bb global_colors_info=\u00bb{}\u00bb][\/et_pb_heading][et_pb_contact_form email=\u00bbit@santboi.salesians.cat\u00bb custom_message=\u00bbEscriu tel teu missatge aqui&#8230;\u00bb success_message=\u00bbGr\u00e0cies per contactar amb nosaltres, et contestarem el m\u00e9s breu possible\u00bb submit_button_text=\u00bbEnviar missatge\u00bb _builder_version=\u00bb4.27.4&#8243; _module_preset=\u00bbdefault\u00bb _unique_id=\u00bb2285e4d1-e836-4ed1-8fee-870193413daf\u00bb form_field_background_color=\u00bb#FFFFFF\u00bb form_field_text_color=\u00bb#000000&#8243; form_field_focus_background_color=\u00bb#FFFFFF\u00bb form_field_focus_text_color=\u00bb#0C71C3&#8243; form_field_font_size=\u00bb14px\u00bb custom_button=\u00bbon\u00bb button_text_size=\u00bb24px\u00bb button_text_color=\u00bb#FFFFFF\u00bb button_bg_color=\u00bb#0C71C3&#8243; button_border_width=\u00bb2px\u00bb button_border_radius=\u00bb16px\u00bb min_height=\u00bb298.6px\u00bb custom_margin=\u00bb|-41px||||\u00bb global_colors_info=\u00bb{}\u00bb][et_pb_contact_field field_id=\u00bbNom\u00bb field_title=\u00bbNombre\u00bb _builder_version=\u00bb4.27.4&#8243; global_colors_info=\u00bb{}\u00bb button_text_size__hover_enabled=\u00bboff\u00bb button_one_text_size__hover_enabled=\u00bboff\u00bb button_two_text_size__hover_enabled=\u00bboff\u00bb button_text_color__hover_enabled=\u00bboff\u00bb button_one_text_color__hover_enabled=\u00bboff\u00bb button_two_text_color__hover_enabled=\u00bboff\u00bb button_border_width__hover_enabled=\u00bboff\u00bb button_one_border_width__hover_enabled=\u00bboff\u00bb button_two_border_width__hover_enabled=\u00bboff\u00bb button_border_color__hover_enabled=\u00bboff\u00bb button_one_border_color__hover_enabled=\u00bboff\u00bb button_two_border_color__hover_enabled=\u00bboff\u00bb button_border_radius__hover_enabled=\u00bboff\u00bb button_one_border_radius__hover_enabled=\u00bboff\u00bb button_two_border_radius__hover_enabled=\u00bboff\u00bb button_letter_spacing__hover_enabled=\u00bboff\u00bb button_one_letter_spacing__hover_enabled=\u00bboff\u00bb button_two_letter_spacing__hover_enabled=\u00bboff\u00bb button_bg_color__hover_enabled=\u00bboff\u00bb button_one_bg_color__hover_enabled=\u00bboff\u00bb button_two_bg_color__hover_enabled=\u00bboff\u00bb][\/et_pb_contact_field][et_pb_contact_field field_id=\u00bbEmail\u00bb field_title=\u00bbDirecci\u00f3n de correo electr\u00f3nico\u00bb field_type=\u00bbemail\u00bb _builder_version=\u00bb4.27.0&#8243; global_colors_info=\u00bb{}\u00bb button_text_size__hover_enabled=\u00bboff\u00bb button_one_text_size__hover_enabled=\u00bboff\u00bb button_two_text_size__hover_enabled=\u00bboff\u00bb button_text_color__hover_enabled=\u00bboff\u00bb button_one_text_color__hover_enabled=\u00bboff\u00bb button_two_text_color__hover_enabled=\u00bboff\u00bb button_border_width__hover_enabled=\u00bboff\u00bb button_one_border_width__hover_enabled=\u00bboff\u00bb button_two_border_width__hover_enabled=\u00bboff\u00bb button_border_color__hover_enabled=\u00bboff\u00bb button_one_border_color__hover_enabled=\u00bboff\u00bb button_two_border_color__hover_enabled=\u00bboff\u00bb button_border_radius__hover_enabled=\u00bboff\u00bb button_one_border_radius__hover_enabled=\u00bboff\u00bb button_two_border_radius__hover_enabled=\u00bboff\u00bb button_letter_spacing__hover_enabled=\u00bboff\u00bb button_one_letter_spacing__hover_enabled=\u00bboff\u00bb button_two_letter_spacing__hover_enabled=\u00bboff\u00bb button_bg_color__hover_enabled=\u00bboff\u00bb button_one_bg_color__hover_enabled=\u00bboff\u00bb button_two_bg_color__hover_enabled=\u00bboff\u00bb][\/et_pb_contact_field][et_pb_contact_field field_id=\u00bbMissatge\u00bb field_title=\u00bbMensaje\u00bb field_type=\u00bbtext\u00bb fullwidth_field=\u00bbon\u00bb _builder_version=\u00bb4.27.0&#8243; global_colors_info=\u00bb{}\u00bb button_text_size__hover_enabled=\u00bboff\u00bb button_one_text_size__hover_enabled=\u00bboff\u00bb button_two_text_size__hover_enabled=\u00bboff\u00bb button_text_color__hover_enabled=\u00bboff\u00bb button_one_text_color__hover_enabled=\u00bboff\u00bb button_two_text_color__hover_enabled=\u00bboff\u00bb button_border_width__hover_enabled=\u00bboff\u00bb button_one_border_width__hover_enabled=\u00bboff\u00bb button_two_border_width__hover_enabled=\u00bboff\u00bb button_border_color__hover_enabled=\u00bboff\u00bb button_one_border_color__hover_enabled=\u00bboff\u00bb button_two_border_color__hover_enabled=\u00bboff\u00bb button_border_radius__hover_enabled=\u00bboff\u00bb button_one_border_radius__hover_enabled=\u00bboff\u00bb button_two_border_radius__hover_enabled=\u00bboff\u00bb button_letter_spacing__hover_enabled=\u00bboff\u00bb button_one_letter_spacing__hover_enabled=\u00bboff\u00bb button_two_letter_spacing__hover_enabled=\u00bboff\u00bb button_bg_color__hover_enabled=\u00bboff\u00bb button_one_bg_color__hover_enabled=\u00bboff\u00bb button_two_bg_color__hover_enabled=\u00bboff\u00bb][\/et_pb_contact_field][\/et_pb_contact_form][\/et_pb_column][\/et_pb_row][\/et_pb_section]<\/p>\n","protected":false},"excerpt":{"rendered":"<p>Qui som? \u00a0 L&#8217;AMPA (Associaci\u00f3 de Mares i Pares d&#8217;Alumnes) som un col\u00b7lectiu format per pares i mares que, de manera volunt\u00e0ria, col\u00b7laboren amb l&#8217;educaci\u00f3 dels nostres fills i filles de l&#8217;escola. La nostra finalitat \u00e9s establir una estreta col\u00b7laboraci\u00f3 entre les fam\u00edlies, l&#8217;escola i la comunitat educativa en general. En vols formar part? \u00a0 [&hellip;]<\/p>\n","protected":false},"author":2,"featured_media":0,"parent":0,"menu_order":0,"comment_status":"closed","ping_status":"closed","template":"","meta":{"_et_pb_use_builder":"on","_et_pb_old_content":"","_et_gb_content_width":"","footnotes":""},"class_list":["post-9667","page","type-page","status-publish","hentry"],"yoast_head":"<!-- This site is optimized with the Yoast SEO plugin v28.4 - https:\/\/yoast.com\/product\/yoast-seo-wordpress\/ -->\n<title>AMPA - Escola<\/title>\n<meta name=\"robots\" content=\"index, follow, max-snippet:-1, max-image-preview:large, max-video-preview:-1\" \/>\n<link rel=\"canonical\" href=\"https:\/\/santboi.salesians.cat\/escola\/ampa\/\" \/>\n<meta property=\"og:locale\" content=\"es_ES\" \/>\n<meta property=\"og:type\" content=\"article\" \/>\n<meta property=\"og:title\" content=\"AMPA - Escola\" \/>\n<meta property=\"og:description\" content=\"Qui som? \u00a0 L&#039;AMPA (Associaci\u00f3 de Mares i Pares d&#039;Alumnes) som un col\u00b7lectiu format per pares i mares que, de manera volunt\u00e0ria, col\u00b7laboren amb l&#039;educaci\u00f3 dels nostres fills i filles de l&#039;escola. La nostra finalitat \u00e9s establir una estreta col\u00b7laboraci\u00f3 entre les fam\u00edlies, l&#039;escola i la comunitat educativa en general. En vols formar part? \u00a0 [&hellip;]\" \/>\n<meta property=\"og:url\" content=\"https:\/\/santboi.salesians.cat\/escola\/ampa\/\" \/>\n<meta property=\"og:site_name\" content=\"Escola\" \/>\n<meta property=\"article:publisher\" content=\"https:\/\/www.facebook.com\/SalesiansSBL\/\" \/>\n<meta property=\"article:modified_time\" content=\"2025-11-07T07:04:50+00:00\" \/>\n<meta name=\"twitter:card\" content=\"summary_large_image\" \/>\n<meta name=\"twitter:site\" content=\"@salesianssbl\" \/>\n<meta name=\"twitter:label1\" content=\"Tiempo de lectura\" \/>\n\t<meta name=\"twitter:data1\" content=\"5 minutos\" \/>\n<script type=\"application\/ld+json\" class=\"yoast-schema-graph\">{\"@context\":\"https:\\\/\\\/schema.org\",\"@graph\":[{\"@type\":\"WebPage\",\"@id\":\"https:\\\/\\\/santboi.salesians.cat\\\/escola\\\/ampa\\\/\",\"url\":\"https:\\\/\\\/santboi.salesians.cat\\\/escola\\\/ampa\\\/\",\"name\":\"AMPA - Escola\",\"isPartOf\":{\"@id\":\"https:\\\/\\\/santboi.salesians.cat\\\/escola\\\/#website\"},\"datePublished\":\"2024-09-23T12:03:20+00:00\",\"dateModified\":\"2025-11-07T07:04:50+00:00\",\"breadcrumb\":{\"@id\":\"https:\\\/\\\/santboi.salesians.cat\\\/escola\\\/ampa\\\/#breadcrumb\"},\"inLanguage\":\"es\",\"potentialAction\":[{\"@type\":\"ReadAction\",\"target\":[\"https:\\\/\\\/santboi.salesians.cat\\\/escola\\\/ampa\\\/\"]}]},{\"@type\":\"BreadcrumbList\",\"@id\":\"https:\\\/\\\/santboi.salesians.cat\\\/escola\\\/ampa\\\/#breadcrumb\",\"itemListElement\":[{\"@type\":\"ListItem\",\"position\":1,\"name\":\"Portada\",\"item\":\"https:\\\/\\\/santboi.salesians.cat\\\/escola\\\/\"},{\"@type\":\"ListItem\",\"position\":2,\"name\":\"AMPA\"}]},{\"@type\":\"WebSite\",\"@id\":\"https:\\\/\\\/santboi.salesians.cat\\\/escola\\\/#website\",\"url\":\"https:\\\/\\\/santboi.salesians.cat\\\/escola\\\/\",\"name\":\"Escola\",\"description\":\"Salesians Sant Boi de Llobregat\",\"potentialAction\":[{\"@type\":\"SearchAction\",\"target\":{\"@type\":\"EntryPoint\",\"urlTemplate\":\"https:\\\/\\\/santboi.salesians.cat\\\/escola\\\/?s={search_term_string}\"},\"query-input\":{\"@type\":\"PropertyValueSpecification\",\"valueRequired\":true,\"valueName\":\"search_term_string\"}}],\"inLanguage\":\"es\"}]}<\/script>\n<!-- \/ Yoast SEO plugin. -->","yoast_head_json":{"title":"AMPA - Escola","robots":{"index":"index","follow":"follow","max-snippet":"max-snippet:-1","max-image-preview":"max-image-preview:large","max-video-preview":"max-video-preview:-1"},"canonical":"https:\/\/santboi.salesians.cat\/escola\/ampa\/","og_locale":"es_ES","og_type":"article","og_title":"AMPA - Escola","og_description":"Qui som? \u00a0 L'AMPA (Associaci\u00f3 de Mares i Pares d'Alumnes) som un col\u00b7lectiu format per pares i mares que, de manera volunt\u00e0ria, col\u00b7laboren amb l'educaci\u00f3 dels nostres fills i filles de l'escola. La nostra finalitat \u00e9s establir una estreta col\u00b7laboraci\u00f3 entre les fam\u00edlies, l'escola i la comunitat educativa en general. En vols formar part? \u00a0 [&hellip;]","og_url":"https:\/\/santboi.salesians.cat\/escola\/ampa\/","og_site_name":"Escola","article_publisher":"https:\/\/www.facebook.com\/SalesiansSBL\/","article_modified_time":"2025-11-07T07:04:50+00:00","twitter_card":"summary_large_image","twitter_site":"@salesianssbl","twitter_misc":{"Tiempo de lectura":"5 minutos"},"schema":{"@context":"https:\/\/schema.org","@graph":[{"@type":"WebPage","@id":"https:\/\/santboi.salesians.cat\/escola\/ampa\/","url":"https:\/\/santboi.salesians.cat\/escola\/ampa\/","name":"AMPA - Escola","isPartOf":{"@id":"https:\/\/santboi.salesians.cat\/escola\/#website"},"datePublished":"2024-09-23T12:03:20+00:00","dateModified":"2025-11-07T07:04:50+00:00","breadcrumb":{"@id":"https:\/\/santboi.salesians.cat\/escola\/ampa\/#breadcrumb"},"inLanguage":"es","potentialAction":[{"@type":"ReadAction","target":["https:\/\/santboi.salesians.cat\/escola\/ampa\/"]}]},{"@type":"BreadcrumbList","@id":"https:\/\/santboi.salesians.cat\/escola\/ampa\/#breadcrumb","itemListElement":[{"@type":"ListItem","position":1,"name":"Portada","item":"https:\/\/santboi.salesians.cat\/escola\/"},{"@type":"ListItem","position":2,"name":"AMPA"}]},{"@type":"WebSite","@id":"https:\/\/santboi.salesians.cat\/escola\/#website","url":"https:\/\/santboi.salesians.cat\/escola\/","name":"Escola","description":"Salesians Sant Boi de Llobregat","potentialAction":[{"@type":"SearchAction","target":{"@type":"EntryPoint","urlTemplate":"https:\/\/santboi.salesians.cat\/escola\/?s={search_term_string}"},"query-input":{"@type":"PropertyValueSpecification","valueRequired":true,"valueName":"search_term_string"}}],"inLanguage":"es"}]}},"_links":{"self":[{"href":"https:\/\/santboi.salesians.cat\/escola\/wp-json\/wp\/v2\/pages\/9667","targetHints":{"allow":["GET"]}}],"collection":[{"href":"https:\/\/santboi.salesians.cat\/escola\/wp-json\/wp\/v2\/pages"}],"about":[{"href":"https:\/\/santboi.salesians.cat\/escola\/wp-json\/wp\/v2\/types\/page"}],"author":[{"embeddable":true,"href":"https:\/\/santboi.salesians.cat\/escola\/wp-json\/wp\/v2\/users\/2"}],"replies":[{"embeddable":true,"href":"https:\/\/santboi.salesians.cat\/escola\/wp-json\/wp\/v2\/comments?post=9667"}],"version-history":[{"count":91,"href":"https:\/\/santboi.salesians.cat\/escola\/wp-json\/wp\/v2\/pages\/9667\/revisions"}],"predecessor-version":[{"id":10180,"href":"https:\/\/santboi.salesians.cat\/escola\/wp-json\/wp\/v2\/pages\/9667\/revisions\/10180"}],"wp:attachment":[{"href":"https:\/\/santboi.salesians.cat\/escola\/wp-json\/wp\/v2\/media?parent=9667"}],"curies":[{"name":"wp","href":"https:\/\/api.w.org\/{rel}","templated":true}]}}