{"id":9831,"date":"2024-10-18T13:09:49","date_gmt":"2024-10-18T11:09:49","guid":{"rendered":"https:\/\/santboi.salesians.cat\/escola\/?page_id=9831"},"modified":"2026-03-17T11:16:43","modified_gmt":"2026-03-17T10:16:43","slug":"parroquia-maria-auxiliadora","status":"publish","type":"page","link":"https:\/\/santboi.salesians.cat\/escola\/parroquia-maria-auxiliadora\/","title":{"rendered":"Parroquia Maria Auxiliadora"},"content":{"rendered":"<div id=\"fb-root\"><\/div>\n<p>[et_pb_section fb_built=\u00bb1&#8243; fullwidth=\u00bbon\u00bb _builder_version=\u00bb4.16&#8243; custom_padding=\u00bb0px|0px|0px|0px\u00bb global_colors_info=\u00bb{}\u00bb][et_pb_fullwidth_header title=\u00bbParr\u00f2quia &#8211; Maria Auxiliadora\u00bb subhead=\u00bbSant Boi de Llobregat\u00bb background_overlay_color=\u00bbrgba(178,178,178,0)\u00bb module_class=\u00bbpagina-imagen-cabecera\u00bb _builder_version=\u00bb4.27.2&#8243; background_image=\u00bbhttps:\/\/inspectoria.salesianos.edu\/wp-content\/uploads\/2017\/09\/ImagenPAGINA.jpg\u00bb background_layout=\u00bblight\u00bb max_width_tablet=\u00bb50px\u00bb global_colors_info=\u00bb{}\u00bb button_one_text_size__hover_enabled=\u00bboff\u00bb button_two_text_size__hover_enabled=\u00bboff\u00bb button_one_text_color__hover_enabled=\u00bboff\u00bb button_two_text_color__hover_enabled=\u00bboff\u00bb button_one_border_width__hover_enabled=\u00bboff\u00bb button_two_border_width__hover_enabled=\u00bboff\u00bb button_one_border_color__hover_enabled=\u00bboff\u00bb button_two_border_color__hover_enabled=\u00bboff\u00bb button_one_border_radius__hover_enabled=\u00bboff\u00bb button_two_border_radius__hover_enabled=\u00bboff\u00bb button_one_letter_spacing__hover_enabled=\u00bboff\u00bb button_two_letter_spacing__hover_enabled=\u00bboff\u00bb button_one_bg_color__hover_enabled=\u00bboff\u00bb button_two_bg_color__hover_enabled=\u00bboff\u00bb][\/et_pb_fullwidth_header][\/et_pb_section][et_pb_section fb_built=\u00bb1&#8243; _builder_version=\u00bb4.27.4&#8243; hover_enabled=\u00bb0&#8243; global_colors_info=\u00bb{}\u00bb sticky_enabled=\u00bb0&#8243;][et_pb_row column_structure=\u00bb2_5,3_5&#8243; _builder_version=\u00bb4.27.2&#8243; _module_preset=\u00bbdefault\u00bb custom_padding=\u00bb||0px|||\u00bb animation_style=\u00bbfade\u00bb global_colors_info=\u00bb{}\u00bb][et_pb_column type=\u00bb2_5&#8243; _builder_version=\u00bb4.27.2&#8243; _module_preset=\u00bbdefault\u00bb global_colors_info=\u00bb{}\u00bb][et_pb_image src=\u00bbhttps:\/\/santboi.salesians.cat\/escola\/wp-content\/uploads\/sites\/3\/2019\/03\/IMG_3035-e1551952101103.jpg\u00bb title_text=\u00bbIMG_3035&#8243; _builder_version=\u00bb4.27.2&#8243; _module_preset=\u00bbdefault\u00bb custom_padding=\u00bb51px||79px|||\u00bb global_colors_info=\u00bb{}\u00bb][\/et_pb_image][\/et_pb_column][et_pb_column type=\u00bb3_5&#8243; _builder_version=\u00bb4.27.2&#8243; _module_preset=\u00bbdefault\u00bb global_colors_info=\u00bb{}\u00bb][et_pb_text _builder_version=\u00bb4.27.2&#8243; _module_preset=\u00bbdefault\u00bb custom_padding=\u00bb||0px|||\u00bb global_colors_info=\u00bb{}\u00bb]<\/p>\n<p><strong>Una mica d&#8217;hist\u00f2ria<\/strong><\/p>\n<p class=\"font_8 wixui-rich-text__text\" style=\"text-align: justify;\"><span class=\"wixui-rich-text__text\">La hist\u00f2ria de la nostra Parr\u00f2quia est\u00e0 molt lligada a la hist\u00f2ria de l\u2019Obra Salesiana de Sant Boi a la qual pertany. L\u2019any 1964 comencen les activitats dels Salesians a Sant Boi. L\u2019Escola, juntament amb l\u2019Oratori Salesi\u00e0 (activitats de lleure i catequesi) van ser les primeres activitats. R\u00e0pidament, es va creant als Salesians el nucli d\u2019una comunitat cristiana que celebra la seva fe en els locals escolars. Una aula va ser el primer espai que es va fer servir com a Esgl\u00e9sia.<\/span><\/p>\n<p class=\"font_8 wixui-rich-text__text\" style=\"text-align: justify;\"><span class=\"wixui-rich-text__text\">A la d\u00e8cada dels seixanta, a causa del fenomen de la immigraci\u00f3, es dona un gran creixement del barri de Marianao, on est\u00e0 situada l\u2019Obra Salesiana. D\u2019estar pr\u00e0cticament als afores de Sant Boi, queda integrada amb la resta de la vila, i esdev\u00e9 punt de refer\u00e8ncia educatiu i social per al barri en creixement i per a tota la vila.<\/span><\/p>\n<p class=\"font_8 wixui-rich-text__text\" style=\"text-align: justify;\"><span class=\"wixui-rich-text__text\">Juntament amb el barri, creixen les necessitats. Per aquest motiu, el 1972, essent arquebisbe de Barcelona Mn. Narc\u00eds Jubany, ser\u00e0 erigida la nova Parr\u00f2quia, sota l\u2019advocaci\u00f3 de Maria Auxiliadora. Es confia la seva animaci\u00f3 a la Congregaci\u00f3 Salesiana.<\/span><\/p>\n<p class=\"font_8 wixui-rich-text__text\" style=\"text-align: justify;\"><span class=\"wixui-rich-text__text\">El mes de juny del 2004 passa a formar part de la nova Di\u00f2cesi de Sant Feliu de Llobregat, en remodelar-se l\u2019Arxidi\u00f2cesi de Barcelona.<\/span><\/p>\n<p><strong><\/strong><\/p>\n<p>&nbsp;<\/p>\n<p>&nbsp;<\/p>\n<p>[\/et_pb_text][\/et_pb_column][\/et_pb_row][et_pb_row column_structure=\u00bb1_2,1_2&#8243; _builder_version=\u00bb4.27.2&#8243; _module_preset=\u00bbdefault\u00bb custom_padding=\u00bb11px||68px|||\u00bb hover_transition_duration=\u00bb400ms\u00bb scroll_vertical_motion_enable=\u00bbon\u00bb scroll_vertical_motion=\u00bb0|50|50|50|4|0|-4&#8243; global_colors_info=\u00bb{}\u00bb][et_pb_column type=\u00bb1_2&#8243; _builder_version=\u00bb4.27.2&#8243; _module_preset=\u00bbdefault\u00bb global_colors_info=\u00bb{}\u00bb][et_pb_text _builder_version=\u00bb4.27.2&#8243; _module_preset=\u00bbdefault\u00bb custom_padding=\u00bb|3px|0px|||\u00bb global_colors_info=\u00bb{}\u00bb]<\/p>\n<p class=\"font_9 wixui-rich-text__text\"><strong><span class=\"wixui-rich-text__text\">Una parr\u00f2quia Salesiana\u200b<\/span><\/strong><\/p>\n<p class=\"font_9 wixui-rich-text__text\">\n<p class=\"font_9 wixui-rich-text__text\" style=\"text-align: justify;\"><span class=\"wixui-rich-text__text\">Una comunitat cristiana convocada per l\u2019Esperit del Senyor, unida per la fe en Jesucrist i l\u2019amor a D\u00e9u. \u00c9s una comunitat de servei, amb la missi\u00f3 d&#8217;anunciar Jesucrist com a salvaci\u00f3, amb paraules i accions. La parr\u00f2quia, expressi\u00f3 visible de l&#8217;Esgl\u00e9sia local, t\u00e9 diversos trets: est\u00e0 en comuni\u00f3 amb el bisbe (diocesanitat), actua en un territori concret (territorialitat), acompanya les persones en totes les etapes de la seva fe (globalitat) i \u00e9s inclusiva (pluralitat). Promou la col\u00b7laboraci\u00f3 entre diferents grups i comunitats (complementarietat), fomentant la corresponsabilitat i la comuni\u00f3, sota la presid\u00e8ncia dels preveres, i t\u00e9 Jesucrist com a cap i Maria com a model.<\/span><\/p>\n<p>[\/et_pb_text][et_pb_image src=\u00bbhttps:\/\/santboi.salesians.cat\/escola\/wp-content\/uploads\/sites\/3\/2024\/10\/20241022_112555-scaled.jpg\u00bb title_text=\u00bbParroquia1_2024&#8243; _builder_version=\u00bb4.27.2&#8243; _module_preset=\u00bbdefault\u00bb global_colors_info=\u00bb{}\u00bb][\/et_pb_image][\/et_pb_column][et_pb_column type=\u00bb1_2&#8243; _builder_version=\u00bb4.27.2&#8243; _module_preset=\u00bbdefault\u00bb global_colors_info=\u00bb{}\u00bb][et_pb_text _builder_version=\u00bb4.27.2&#8243; _module_preset=\u00bbdefault\u00bb text_text_color=\u00bb#383838&#8243; global_colors_info=\u00bb{}\u00bb]<\/p>\n<p class=\"font_9 wixui-rich-text__text\"><strong><span class=\"wixui-rich-text__text\">La parr\u00f2quia, comunitat cristiana\u200b<\/span><\/strong><\/p>\n<p class=\"font_9 wixui-rich-text__text\" style=\"text-align: justify;\">\n<p class=\"font_9 wixui-rich-text__text\" style=\"text-align: justify;\">La parr\u00f2quia com una comunitat cristiana convocada per l\u2019Esperit del Senyor, unida per la fe en Jesucrist i l\u2019amor a D\u00e9u. \u00c9s una comunitat de servei, amb la missi\u00f3 d&#8217;anunciar Jesucrist com a salvaci\u00f3, amb paraules i accions. La parr\u00f2quia, expressi\u00f3 visible de l&#8217;Esgl\u00e9sia local, t\u00e9 diversos trets: est\u00e0 en comuni\u00f3 amb el bisbe (diocesanitat), actua en un territori concret (territorialitat), acompanya les persones en totes les etapes de la seva fe (globalitat) i \u00e9s inclusiva (pluralitat). Promou la col\u00b7laboraci\u00f3 entre diferents grups i comunitats (complementarietat), fomentant la corresponsabilitat i la comuni\u00f3, sota la presid\u00e8ncia dels preveres, i t\u00e9 Jesucrist com a cap i Maria com a model.<\/p>\n<p>[\/et_pb_text][et_pb_image src=\u00bbhttps:\/\/santboi.salesians.cat\/escola\/wp-content\/uploads\/sites\/3\/2024\/10\/20241022_112508-scaled.jpg\u00bb title_text=\u00bbParroquia2_2024&#8243; _builder_version=\u00bb4.27.2&#8243; _module_preset=\u00bbdefault\u00bb global_colors_info=\u00bb{}\u00bb][\/et_pb_image][\/et_pb_column][\/et_pb_row][et_pb_row _builder_version=\u00bb4.27.2&#8243; _module_preset=\u00bbdefault\u00bb global_colors_info=\u00bb{}\u00bb][et_pb_column type=\u00bb4_4&#8243; _builder_version=\u00bb4.27.2&#8243; _module_preset=\u00bbdefault\u00bb global_colors_info=\u00bb{}\u00bb][et_pb_divider _builder_version=\u00bb4.27.2&#8243; _module_preset=\u00bbdefault\u00bb global_colors_info=\u00bb{}\u00bb][\/et_pb_divider][\/et_pb_column][\/et_pb_row][et_pb_row _builder_version=\u00bb4.27.2&#8243; _module_preset=\u00bbdefault\u00bb scroll_fade_enable=\u00bbon\u00bb scroll_fade=\u00bb0|35|35|100|0|100|100&#8243; global_colors_info=\u00bb{}\u00bb][et_pb_column type=\u00bb4_4&#8243; _builder_version=\u00bb4.27.2&#8243; _module_preset=\u00bbdefault\u00bb global_colors_info=\u00bb{}\u00bb][et_pb_text _builder_version=\u00bb4.27.2&#8243; _module_preset=\u00bbdefault\u00bb custom_margin=\u00bb33px||55px|||\u00bb global_colors_info=\u00bb{}\u00bb]<\/p>\n<p style=\"text-align: center;\"><span style=\"font-size: x-large;\"><strong>Acollida de C\u00e0ritas<\/strong><\/span><\/p>\n<p style=\"text-align: center;\"><span style=\"font-size: large;\"><strong><\/strong><\/span><\/p>\n<p class=\"font_8 wixui-rich-text__text\" style=\"text-align: center;\"><span class=\"wixui-rich-text__text\"><strong>Atenci\u00f3 amb cita pr\u00e8via:<\/strong> Tel.\u00a0 93 652 57 70<\/span><\/p>\n<p class=\"font_8 wixui-rich-text__text\" style=\"text-align: center;\"><span class=\"wixui-rich-text__text\"><strong>Atenci\u00f3 sense cita pr\u00e8via:<\/strong> dimarts de 17.30 h a 19.30 h <\/span>\u00a0<\/p>\n<p class=\"font_8 wixui-rich-text__text\" style=\"text-align: center;\"><strong><em><span class=\"wixui-rich-text__text\">Autoritzacions a <\/span><span class=\"wixui-rich-text__text\">Parr\u00f2quia de Sant Baldiri<\/span><\/em><\/strong><\/p>\n<p class=\"font_8 wixui-rich-text__text\" style=\"text-align: center;\"><span class=\"wixui-rich-text__text\">Pla\u00e7a de la Constituci\u00f3, 3 (Sant Boi de Llobregat)<\/span><\/p>\n<p class=\"font_8 wixui-rich-text__text\" style=\"text-align: center;\"><span class=\"wixui-rich-text__text\" style=\"font-size: small;\">(recolliu informaci\u00f3 sobre la documentaci\u00f3 necess\u00e0ria que cal aportar)<\/span><\/p>\n<p>[\/et_pb_text][\/et_pb_column][\/et_pb_row][et_pb_row column_structure=\u00bb1_2,1_2&#8243; _builder_version=\u00bb4.27.2&#8243; _module_preset=\u00bbdefault\u00bb global_colors_info=\u00bb{}\u00bb][et_pb_column type=\u00bb1_2&#8243; _builder_version=\u00bb4.27.2&#8243; _module_preset=\u00bbdefault\u00bb global_colors_info=\u00bb{}\u00bb][et_pb_image src=\u00bbhttps:\/\/santboi.salesians.cat\/escola\/wp-content\/uploads\/sites\/3\/2024\/10\/Donacio-roba.png\u00bb title_text=\u00bbDonacio-roba\u00bb _builder_version=\u00bb4.27.2&#8243; _module_preset=\u00bbdefault\u00bb width=\u00bb40%\u00bb module_alignment=\u00bbcenter\u00bb global_colors_info=\u00bb{}\u00bb][\/et_pb_image][et_pb_text _builder_version=\u00bb4.27.2&#8243; _module_preset=\u00bbdefault\u00bb min_height=\u00bb148.8px\u00bb custom_padding=\u00bb||0px|||\u00bb global_colors_info=\u00bb{}\u00bb]<\/p>\n<p style=\"text-align: center;\"><strong><span style=\"font-size: large;\">Repartiment de roba<\/span><\/strong><\/p>\n<p style=\"text-align: center;\">c\/ Joan Mart\u00ed 17<\/p>\n<p style=\"text-align: center;\">\n<p style=\"text-align: center;\"><span style=\"color: #e02b20;\">Dimecres de 16.00 h a 19.00 h<\/span><\/p>\n<p style=\"text-align: center;\"><span style=\"color: #e02b20;\"><\/span><\/p>\n<p>[\/et_pb_text][et_pb_button button_url=\u00bbhttps:\/\/maps.app.goo.gl\/KZU7uM5wAsBVzP7f9&#8243; url_new_window=\u00bbon\u00bb button_text=\u00bbDirecci\u00f3\u00bb button_alignment=\u00bbcenter\u00bb _builder_version=\u00bb4.27.2&#8243; _module_preset=\u00bbdefault\u00bb custom_button=\u00bbon\u00bb button_text_color=\u00bb#FFFFFF\u00bb button_bg_color=\u00bb#E02B20&#8243; button_border_width=\u00bb0px\u00bb button_border_color=\u00bbRGBA(255,255,255,0)\u00bb button_border_radius=\u00bb25px\u00bb button_icon_color=\u00bb#E02B20&#8243; custom_margin=\u00bb-6px|||||\u00bb custom_padding=\u00bb3px|||||\u00bb global_colors_info=\u00bb{}\u00bb][\/et_pb_button][\/et_pb_column][et_pb_column type=\u00bb1_2&#8243; _builder_version=\u00bb4.27.2&#8243; _module_preset=\u00bbdefault\u00bb global_colors_info=\u00bb{}\u00bb][et_pb_image src=\u00bbhttps:\/\/santboi.salesians.cat\/escola\/wp-content\/uploads\/sites\/3\/2024\/10\/Aliments.png\u00bb title_text=\u00bbAliments\u00bb _builder_version=\u00bb4.27.2&#8243; _module_preset=\u00bbdefault\u00bb width=\u00bb40%\u00bb module_alignment=\u00bbcenter\u00bb global_colors_info=\u00bb{}\u00bb][\/et_pb_image][et_pb_text _builder_version=\u00bb4.27.2&#8243; _module_preset=\u00bbdefault\u00bb global_colors_info=\u00bb{}\u00bb]<\/p>\n<p style=\"text-align: center;\"><strong><span style=\"font-size: large;\">Botiga d&#8217;aliments<\/span><\/strong><\/p>\n<p style=\"text-align: center;\">c\/ Reverendo Solanas amb c\/ Ronda Sant Ramon<\/p>\n<p style=\"text-align: center;\"><span style=\"color: #e02b20;\">Dimarts, dijous i divendres de 9.00 h a 12.00 h<\/span><\/p>\n<p style=\"text-align: center;\"><span style=\"color: #e02b20;\">Dimarts, dimecres i dijous de 16.00 h a 19.00 h<\/span><\/p>\n<p>[\/et_pb_text][et_pb_button button_url=\u00bbhttps:\/\/maps.app.goo.gl\/JPLBZiaWXUH1WHW39&#8243; url_new_window=\u00bbon\u00bb button_text=\u00bbDirecci\u00f3\u00bb button_alignment=\u00bbcenter\u00bb _builder_version=\u00bb4.27.2&#8243; _module_preset=\u00bbdefault\u00bb custom_button=\u00bbon\u00bb button_text_color=\u00bb#FFFFFF\u00bb button_bg_color=\u00bb#E02B20&#8243; button_border_width=\u00bb0px\u00bb button_border_radius=\u00bb25px\u00bb custom_margin=\u00bb27px|||||\u00bb custom_padding=\u00bb4px|||||\u00bb global_colors_info=\u00bb{}\u00bb][\/et_pb_button][\/et_pb_column][\/et_pb_row][et_pb_row _builder_version=\u00bb4.27.2&#8243; _module_preset=\u00bbdefault\u00bb custom_padding=\u00bb65px|||||\u00bb global_colors_info=\u00bb{}\u00bb][et_pb_column type=\u00bb4_4&#8243; _builder_version=\u00bb4.27.2&#8243; _module_preset=\u00bbdefault\u00bb global_colors_info=\u00bb{}\u00bb][et_pb_divider _builder_version=\u00bb4.27.2&#8243; _module_preset=\u00bbdefault\u00bb global_colors_info=\u00bb{}\u00bb][\/et_pb_divider][\/et_pb_column][\/et_pb_row][et_pb_row column_structure=\u00bb1_2,1_2&#8243; _builder_version=\u00bb4.27.2&#8243; _module_preset=\u00bbdefault\u00bb global_colors_info=\u00bb{}\u00bb][et_pb_column type=\u00bb1_2&#8243; _builder_version=\u00bb4.27.2&#8243; _module_preset=\u00bbdefault\u00bb global_colors_info=\u00bb{}\u00bb][et_pb_text _builder_version=\u00bb4.27.2&#8243; _module_preset=\u00bbdefault\u00bb custom_margin=\u00bb||6px|||\u00bb global_colors_info=\u00bb{}\u00bb]<\/p>\n<p style=\"text-align: center;\"><span style=\"color: #e00b00;\"><strong>DESPATX PARROQUIAL<\/strong><\/span><\/p>\n<p style=\"text-align: center;\">\n<p style=\"text-align: center;\"><span style=\"text-decoration: underline;\">Horari d&#8217;atenci\u00f3:<\/span><\/p>\n<p style=\"text-align: center;\"><strong>Dimarts i dijous<\/strong> de 17:30h a 19:00h i hores a convenir<\/p>\n<p>[\/et_pb_text][\/et_pb_column][et_pb_column type=\u00bb1_2&#8243; _builder_version=\u00bb4.27.2&#8243; _module_preset=\u00bbdefault\u00bb global_colors_info=\u00bb{}\u00bb][et_pb_text _builder_version=\u00bb4.27.2&#8243; _module_preset=\u00bbdefault\u00bb global_colors_info=\u00bb{}\u00bb]<\/p>\n<p style=\"text-align: center;\"><span style=\"color: #e00b00;\"><strong>EUCARISTIES<\/strong><\/span><\/p>\n<p class=\"font_8 wixui-rich-text__text\" style=\"text-align: center;\">\n<p class=\"font_8 wixui-rich-text__text\" style=\"text-align: center;\"><span class=\"wixui-rich-text__text\"><strong>Di\u00e0ria<\/strong>: a les 19:00 h (<\/span><span style=\"font-size: 14px;\">estiu a les 20:00 h<\/span><\/p>\n<p class=\"font_8 wixui-rich-text__text\" style=\"text-align: center;\"><strong style=\"font-size: 14px;\">Dissabtes<\/strong><span style=\"font-size: 14px;\">: a les 19:30 h<\/span><\/p>\n<p class=\"font_8 wixui-rich-text__text\" style=\"text-align: center;\"><span class=\"wixui-rich-text__text\" style=\"font-size: 14px;\"><strong>Diumenges i Festius<\/strong>: a les 11:00 h<\/span><span style=\"font-size: 14px;\">\u00a0 \u00a0 \u00a0\u00a0<\/span><\/p>\n<p class=\"font_8 wixui-rich-text__text\">\n<p>[\/et_pb_text][\/et_pb_column][\/et_pb_row][et_pb_row _builder_version=\u00bb4.27.2&#8243; _module_preset=\u00bbdefault\u00bb global_colors_info=\u00bb{}\u00bb][et_pb_column type=\u00bb4_4&#8243; _builder_version=\u00bb4.27.2&#8243; _module_preset=\u00bbdefault\u00bb global_colors_info=\u00bb{}\u00bb][et_pb_text _builder_version=\u00bb4.27.2&#8243; _module_preset=\u00bbdefault\u00bb global_colors_info=\u00bb{}\u00bb]<\/p>\n<p><span style=\"color: #e00b00;\"><strong>MEMBRES DEL CONSELL PASTORAL PARROQUIAL<\/strong><\/span><\/p>\n<p style=\"text-align: justify;\"><strong>Joan Camps<\/strong> &#8211; <em>Director d&#8217;Obra i vicari<\/em>, <strong>Ramon Muray<\/strong> &#8211; <em>Rector<\/em>, <strong>Jaume Bernadet<\/strong> &#8211; <em>Grups de Fe<\/em>, <strong>Pilar Lozano<\/strong> &#8211; Representant consell arxiprestal, <strong>Joan Piany<\/strong> &#8211; <em>Acci\u00f3 social: C\u00e0ritas-Ajuquart<\/em>, <strong>Mercedes Rup\u00e9rez<\/strong> &#8211; <em>Comissi\u00f3 de Lit\u00fargia<\/em>, <strong>Teresa Viles<\/strong> &#8211; <em>Salesians Cooperadors<\/em>, <strong>Paco Gonz\u00e1lez<\/strong> &#8211; <em>Comunitat parroquial<\/em>, <strong>Ariadna Nespleda<\/strong>\u00a0 &#8211; <em>Espai Arrels \/ Centre juvenil, <\/em><strong>Conxita Bigord\u00e0<\/strong><em> &#8211; Equip salut<\/em><\/p>\n<p>[\/et_pb_text][\/et_pb_column][\/et_pb_row][et_pb_row _builder_version=\u00bb4.27.2&#8243; _module_preset=\u00bbdefault\u00bb global_colors_info=\u00bb{}\u00bb][et_pb_column type=\u00bb4_4&#8243; _builder_version=\u00bb4.27.2&#8243; _module_preset=\u00bbdefault\u00bb global_colors_info=\u00bb{}\u00bb][et_pb_divider _builder_version=\u00bb4.27.2&#8243; _module_preset=\u00bbdefault\u00bb custom_margin=\u00bb||56px|||\u00bb global_colors_info=\u00bb{}\u00bb][\/et_pb_divider][\/et_pb_column][\/et_pb_row][et_pb_row _builder_version=\u00bb4.27.2&#8243; _module_preset=\u00bbdefault\u00bb global_colors_info=\u00bb{}\u00bb][et_pb_column type=\u00bb4_4&#8243; _builder_version=\u00bb4.27.2&#8243; _module_preset=\u00bbdefault\u00bb global_colors_info=\u00bb{}\u00bb][et_pb_heading title=\u00bbCalendari de la Parr\u00f2quia Maria Auxiliadora &#8211; Sant Boi de Llobregat\u00bb admin_label=\u00bbT\u00edtulo\u00bb _builder_version=\u00bb4.27.2&#8243; _module_preset=\u00bbdefault\u00bb title_text_align=\u00bbcenter\u00bb min_height=\u00bb74px\u00bb custom_margin=\u00bb||24px|||\u00bb custom_padding=\u00bb14px||16px|||\u00bb global_colors_info=\u00bb{}\u00bb][\/et_pb_heading][et_pb_code _builder_version=\u00bb4.27.2&#8243; _module_preset=\u00bbdefault\u00bb text_orientation=\u00bbcenter\u00bb custom_margin=\u00bb37px|||||\u00bb global_colors_info=\u00bb{}\u00bb]<iframe loading=\"lazy\" src=\"https:\/\/calendar.google.com\/calendar\/embed?src=c_2cb956796209ac4b7f2b274243351299907f833107e04c0cfed039a4192ff25a%40group.calendar.google.com&#038;ctz=Europe%2FMadrid\" style=\"border: 0\" width=\"800\" height=\"600\" frameborder=\"0\" scrolling=\"no\"><\/iframe>[\/et_pb_code][\/et_pb_column][\/et_pb_row][\/et_pb_section][et_pb_section fb_built=\u00bb1&#8243; fullwidth=\u00bbon\u00bb _builder_version=\u00bb4.27.2&#8243; _module_preset=\u00bbdefault\u00bb global_colors_info=\u00bb{}\u00bb][\/et_pb_section]<\/p>\n","protected":false},"excerpt":{"rendered":"<p>Una mica d&#8217;hist\u00f2ria La hist\u00f2ria de la nostra Parr\u00f2quia est\u00e0 molt lligada a la hist\u00f2ria de l\u2019Obra Salesiana de Sant Boi a la qual pertany. L\u2019any 1964 comencen les activitats dels Salesians a Sant Boi. L\u2019Escola, juntament amb l\u2019Oratori Salesi\u00e0 (activitats de lleure i catequesi) van ser les primeres activitats. R\u00e0pidament, es va creant als [&hellip;]<\/p>\n","protected":false},"author":2,"featured_media":0,"parent":0,"menu_order":0,"comment_status":"closed","ping_status":"closed","template":"","meta":{"_et_pb_use_builder":"on","_et_pb_old_content":"","_et_gb_content_width":"","footnotes":""},"class_list":["post-9831","page","type-page","status-publish","hentry"],"yoast_head":"<!-- This site is optimized with the Yoast SEO plugin v28.4 - https:\/\/yoast.com\/product\/yoast-seo-wordpress\/ -->\n<title>Parroquia Maria Auxiliadora - Escola<\/title>\n<meta name=\"robots\" content=\"index, follow, max-snippet:-1, max-image-preview:large, max-video-preview:-1\" \/>\n<link rel=\"canonical\" href=\"https:\/\/santboi.salesians.cat\/escola\/parroquia-maria-auxiliadora\/\" \/>\n<meta property=\"og:locale\" content=\"es_ES\" \/>\n<meta property=\"og:type\" content=\"article\" \/>\n<meta property=\"og:title\" content=\"Parroquia Maria Auxiliadora - Escola\" \/>\n<meta property=\"og:description\" content=\"Una mica d&#039;hist\u00f2ria La hist\u00f2ria de la nostra Parr\u00f2quia est\u00e0 molt lligada a la hist\u00f2ria de l\u2019Obra Salesiana de Sant Boi a la qual pertany. L\u2019any 1964 comencen les activitats dels Salesians a Sant Boi. L\u2019Escola, juntament amb l\u2019Oratori Salesi\u00e0 (activitats de lleure i catequesi) van ser les primeres activitats. R\u00e0pidament, es va creant als [&hellip;]\" \/>\n<meta property=\"og:url\" content=\"https:\/\/santboi.salesians.cat\/escola\/parroquia-maria-auxiliadora\/\" \/>\n<meta property=\"og:site_name\" content=\"Escola\" \/>\n<meta property=\"article:publisher\" content=\"https:\/\/www.facebook.com\/SalesiansSBL\/\" \/>\n<meta property=\"article:modified_time\" content=\"2026-03-17T10:16:43+00:00\" \/>\n<meta name=\"twitter:card\" content=\"summary_large_image\" \/>\n<meta name=\"twitter:site\" content=\"@salesianssbl\" \/>\n<meta name=\"twitter:label1\" content=\"Tiempo de lectura\" \/>\n\t<meta name=\"twitter:data1\" content=\"4 minutos\" \/>\n<script type=\"application\/ld+json\" class=\"yoast-schema-graph\">{\"@context\":\"https:\\\/\\\/schema.org\",\"@graph\":[{\"@type\":\"WebPage\",\"@id\":\"https:\\\/\\\/santboi.salesians.cat\\\/escola\\\/parroquia-maria-auxiliadora\\\/\",\"url\":\"https:\\\/\\\/santboi.salesians.cat\\\/escola\\\/parroquia-maria-auxiliadora\\\/\",\"name\":\"Parroquia Maria Auxiliadora - Escola\",\"isPartOf\":{\"@id\":\"https:\\\/\\\/santboi.salesians.cat\\\/escola\\\/#website\"},\"datePublished\":\"2024-10-18T11:09:49+00:00\",\"dateModified\":\"2026-03-17T10:16:43+00:00\",\"breadcrumb\":{\"@id\":\"https:\\\/\\\/santboi.salesians.cat\\\/escola\\\/parroquia-maria-auxiliadora\\\/#breadcrumb\"},\"inLanguage\":\"es\",\"potentialAction\":[{\"@type\":\"ReadAction\",\"target\":[\"https:\\\/\\\/santboi.salesians.cat\\\/escola\\\/parroquia-maria-auxiliadora\\\/\"]}]},{\"@type\":\"BreadcrumbList\",\"@id\":\"https:\\\/\\\/santboi.salesians.cat\\\/escola\\\/parroquia-maria-auxiliadora\\\/#breadcrumb\",\"itemListElement\":[{\"@type\":\"ListItem\",\"position\":1,\"name\":\"Portada\",\"item\":\"https:\\\/\\\/santboi.salesians.cat\\\/escola\\\/\"},{\"@type\":\"ListItem\",\"position\":2,\"name\":\"Parroquia Maria Auxiliadora\"}]},{\"@type\":\"WebSite\",\"@id\":\"https:\\\/\\\/santboi.salesians.cat\\\/escola\\\/#website\",\"url\":\"https:\\\/\\\/santboi.salesians.cat\\\/escola\\\/\",\"name\":\"Escola\",\"description\":\"Salesians Sant Boi de Llobregat\",\"potentialAction\":[{\"@type\":\"SearchAction\",\"target\":{\"@type\":\"EntryPoint\",\"urlTemplate\":\"https:\\\/\\\/santboi.salesians.cat\\\/escola\\\/?s={search_term_string}\"},\"query-input\":{\"@type\":\"PropertyValueSpecification\",\"valueRequired\":true,\"valueName\":\"search_term_string\"}}],\"inLanguage\":\"es\"}]}<\/script>\n<!-- \/ Yoast SEO plugin. -->","yoast_head_json":{"title":"Parroquia Maria Auxiliadora - Escola","robots":{"index":"index","follow":"follow","max-snippet":"max-snippet:-1","max-image-preview":"max-image-preview:large","max-video-preview":"max-video-preview:-1"},"canonical":"https:\/\/santboi.salesians.cat\/escola\/parroquia-maria-auxiliadora\/","og_locale":"es_ES","og_type":"article","og_title":"Parroquia Maria Auxiliadora - Escola","og_description":"Una mica d'hist\u00f2ria La hist\u00f2ria de la nostra Parr\u00f2quia est\u00e0 molt lligada a la hist\u00f2ria de l\u2019Obra Salesiana de Sant Boi a la qual pertany. L\u2019any 1964 comencen les activitats dels Salesians a Sant Boi. L\u2019Escola, juntament amb l\u2019Oratori Salesi\u00e0 (activitats de lleure i catequesi) van ser les primeres activitats. R\u00e0pidament, es va creant als [&hellip;]","og_url":"https:\/\/santboi.salesians.cat\/escola\/parroquia-maria-auxiliadora\/","og_site_name":"Escola","article_publisher":"https:\/\/www.facebook.com\/SalesiansSBL\/","article_modified_time":"2026-03-17T10:16:43+00:00","twitter_card":"summary_large_image","twitter_site":"@salesianssbl","twitter_misc":{"Tiempo de lectura":"4 minutos"},"schema":{"@context":"https:\/\/schema.org","@graph":[{"@type":"WebPage","@id":"https:\/\/santboi.salesians.cat\/escola\/parroquia-maria-auxiliadora\/","url":"https:\/\/santboi.salesians.cat\/escola\/parroquia-maria-auxiliadora\/","name":"Parroquia Maria Auxiliadora - Escola","isPartOf":{"@id":"https:\/\/santboi.salesians.cat\/escola\/#website"},"datePublished":"2024-10-18T11:09:49+00:00","dateModified":"2026-03-17T10:16:43+00:00","breadcrumb":{"@id":"https:\/\/santboi.salesians.cat\/escola\/parroquia-maria-auxiliadora\/#breadcrumb"},"inLanguage":"es","potentialAction":[{"@type":"ReadAction","target":["https:\/\/santboi.salesians.cat\/escola\/parroquia-maria-auxiliadora\/"]}]},{"@type":"BreadcrumbList","@id":"https:\/\/santboi.salesians.cat\/escola\/parroquia-maria-auxiliadora\/#breadcrumb","itemListElement":[{"@type":"ListItem","position":1,"name":"Portada","item":"https:\/\/santboi.salesians.cat\/escola\/"},{"@type":"ListItem","position":2,"name":"Parroquia Maria Auxiliadora"}]},{"@type":"WebSite","@id":"https:\/\/santboi.salesians.cat\/escola\/#website","url":"https:\/\/santboi.salesians.cat\/escola\/","name":"Escola","description":"Salesians Sant Boi de Llobregat","potentialAction":[{"@type":"SearchAction","target":{"@type":"EntryPoint","urlTemplate":"https:\/\/santboi.salesians.cat\/escola\/?s={search_term_string}"},"query-input":{"@type":"PropertyValueSpecification","valueRequired":true,"valueName":"search_term_string"}}],"inLanguage":"es"}]}},"_links":{"self":[{"href":"https:\/\/santboi.salesians.cat\/escola\/wp-json\/wp\/v2\/pages\/9831","targetHints":{"allow":["GET"]}}],"collection":[{"href":"https:\/\/santboi.salesians.cat\/escola\/wp-json\/wp\/v2\/pages"}],"about":[{"href":"https:\/\/santboi.salesians.cat\/escola\/wp-json\/wp\/v2\/types\/page"}],"author":[{"embeddable":true,"href":"https:\/\/santboi.salesians.cat\/escola\/wp-json\/wp\/v2\/users\/2"}],"replies":[{"embeddable":true,"href":"https:\/\/santboi.salesians.cat\/escola\/wp-json\/wp\/v2\/comments?post=9831"}],"version-history":[{"count":54,"href":"https:\/\/santboi.salesians.cat\/escola\/wp-json\/wp\/v2\/pages\/9831\/revisions"}],"predecessor-version":[{"id":10257,"href":"https:\/\/santboi.salesians.cat\/escola\/wp-json\/wp\/v2\/pages\/9831\/revisions\/10257"}],"wp:attachment":[{"href":"https:\/\/santboi.salesians.cat\/escola\/wp-json\/wp\/v2\/media?parent=9831"}],"curies":[{"name":"wp","href":"https:\/\/api.w.org\/{rel}","templated":true}]}}