{"id":9869,"date":"2024-10-18T13:17:51","date_gmt":"2024-10-18T11:17:51","guid":{"rendered":"https:\/\/santboi.salesians.cat\/escola\/?page_id=9869"},"modified":"2025-09-25T08:33:11","modified_gmt":"2025-09-25T06:33:11","slug":"educacio-en-la-fe","status":"publish","type":"page","link":"https:\/\/santboi.salesians.cat\/escola\/educacio-en-la-fe\/","title":{"rendered":"Educaci\u00f3 en la fe"},"content":{"rendered":"<div id=\"fb-root\"><\/div>\n<p>[et_pb_section fb_built=\u00bb1&#8243; fullwidth=\u00bbon\u00bb _builder_version=\u00bb4.16&#8243; custom_padding=\u00bb0px|0px|0px|0px\u00bb global_colors_info=\u00bb{}\u00bb][et_pb_fullwidth_header title=\u00bbEducaci\u00f3 en la fe\u00bb background_overlay_color=\u00bbrgba(178,178,178,0)\u00bb module_class=\u00bbpagina-imagen-cabecera\u00bb _builder_version=\u00bb4.27.2&#8243; background_image=\u00bbhttps:\/\/inspectoria.salesianos.edu\/wp-content\/uploads\/2017\/09\/ImagenPAGINA.jpg\u00bb background_layout=\u00bblight\u00bb max_width_tablet=\u00bb50px\u00bb global_colors_info=\u00bb{}\u00bb button_one_text_size__hover_enabled=\u00bboff\u00bb button_two_text_size__hover_enabled=\u00bboff\u00bb button_one_text_color__hover_enabled=\u00bboff\u00bb button_two_text_color__hover_enabled=\u00bboff\u00bb button_one_border_width__hover_enabled=\u00bboff\u00bb button_two_border_width__hover_enabled=\u00bboff\u00bb button_one_border_color__hover_enabled=\u00bboff\u00bb button_two_border_color__hover_enabled=\u00bboff\u00bb button_one_border_radius__hover_enabled=\u00bboff\u00bb button_two_border_radius__hover_enabled=\u00bboff\u00bb button_one_letter_spacing__hover_enabled=\u00bboff\u00bb button_two_letter_spacing__hover_enabled=\u00bboff\u00bb button_one_bg_color__hover_enabled=\u00bboff\u00bb button_two_bg_color__hover_enabled=\u00bboff\u00bb][\/et_pb_fullwidth_header][\/et_pb_section][et_pb_section fb_built=\u00bb1&#8243; _builder_version=\u00bb4.16&#8243; global_colors_info=\u00bb{}\u00bb][et_pb_row _builder_version=\u00bb4.16&#8243; background_size=\u00bbinitial\u00bb background_position=\u00bbtop_left\u00bb background_repeat=\u00bbrepeat\u00bb global_colors_info=\u00bb{}\u00bb][et_pb_column type=\u00bb4_4&#8243; _builder_version=\u00bb4.16&#8243; custom_padding=\u00bb|||\u00bb global_colors_info=\u00bb{}\u00bb custom_padding__hover=\u00bb|||\u00bb][et_pb_text _builder_version=\u00bb4.27.2&#8243; _module_preset=\u00bbdefault\u00bb global_colors_info=\u00bb{}\u00bb]<\/p>\n<div id=\"comp-j2azh8mf\" class=\"HcOXKn SxM0TO QxJLC3 lq2cno comp-j2azh8mf wixui-rich-text\" data-testid=\"richTextElement\">\n<h2 class=\"font_4 wixui-rich-text__text\"><span class=\"wixui-rich-text__text\">Catequesi <\/span><span class=\"wixui-rich-text__text\">de 1a comuni\u00f3<\/span><\/h2>\n<\/div>\n<div id=\"comp-j2azh8mh\" class=\"HcOXKn c9GqVL QxJLC3 lq2cno comp-j2azh8mh wixui-rich-text\" data-testid=\"richTextElement\">\n<p class=\"font_8 wixui-rich-text__text\" style=\"text-align: justify;\"><span class=\"wixui-rich-text__text\">La preparaci\u00f3 a la primera comuni\u00f3 es fa al llarg de dos cursos, per als nois i noies de 8 i 9 anys (3r i 4t de Prim\u00e0ria).<\/span><\/p>\n<p class=\"font_8 wixui-rich-text__text\" style=\"text-align: justify;\"><span class=\"wixui-rich-text__text\">1r curs (nois i noies que cursen 3r de Prim\u00e0ria): Una reuni\u00f3 mensual (6 en total). Els pares tamb\u00e9 participen d\u2019unes trobades mensuals preparant els temes que hauran de treballar a casa amb els seus fills.<\/span><\/p>\n<p class=\"font_8 wixui-rich-text__text\" style=\"text-align: justify;\"><span class=\"wixui-rich-text__text\">2n curs (nois i noies que cursen 4t de Prim\u00e0ria): Reuni\u00f3 quinzenal de l\u2019octubre a l&#8217;abril. Els pares participen d&#8217;unes trobades mensuals de formaci\u00f3 cristiana.\u00a0<\/span><\/p>\n<p class=\"font_8 wixui-rich-text__text\" style=\"text-align: justify;\"><span class=\"wixui-rich-text__text\">Tan de primer com de segon curs de catequesi hi ha grups de dimarts a divendres.<\/span><\/p>\n<\/div>\n<p>[\/et_pb_text][\/et_pb_column][\/et_pb_row][et_pb_row _builder_version=\u00bb4.27.2&#8243; _module_preset=\u00bbdefault\u00bb hover_enabled=\u00bb0&#8243; global_colors_info=\u00bb{}\u00bb sticky_enabled=\u00bb0&#8243;][et_pb_column type=\u00bb4_4&#8243; _builder_version=\u00bb4.27.2&#8243; _module_preset=\u00bbdefault\u00bb global_colors_info=\u00bb{}\u00bb][et_pb_code _builder_version=\u00bb4.27.4&#8243; _module_preset=\u00bbdefault\u00bb hover_enabled=\u00bb0&#8243; global_colors_info=\u00bb{}\u00bb sticky_enabled=\u00bb0&#8243;]<iframe loading=\"lazy\" style=\"display: block; margin-left: auto; margin-right: auto;\" src=\"https:\/\/santboi.salesians.cat\/escola\/wp-content\/uploads\/sites\/3\/2025\/09\/Calendari-25-26.pdf\" width=\"100%\" height=\"1000\"><\/iframe>[\/et_pb_code][\/et_pb_column][\/et_pb_row][et_pb_row _builder_version=\u00bb4.27.2&#8243; _module_preset=\u00bbdefault\u00bb custom_margin=\u00bb41px|auto||auto||\u00bb global_colors_info=\u00bb{}\u00bb][et_pb_column type=\u00bb4_4&#8243; _builder_version=\u00bb4.27.2&#8243; _module_preset=\u00bbdefault\u00bb global_colors_info=\u00bb{}\u00bb][et_pb_divider _builder_version=\u00bb4.27.2&#8243; _module_preset=\u00bbdefault\u00bb global_colors_info=\u00bb{}\u00bb][\/et_pb_divider][\/et_pb_column][\/et_pb_row][et_pb_row column_structure=\u00bb1_3,1_3,1_3&#8243; _builder_version=\u00bb4.27.2&#8243; _module_preset=\u00bbdefault\u00bb custom_margin=\u00bb60px|auto||auto|false|false\u00bb custom_padding=\u00bb0px|0px||0px|false|false\u00bb border_color_all=\u00bbRGBA(255,255,255,0)\u00bb global_colors_info=\u00bb{}\u00bb][et_pb_column type=\u00bb1_3&#8243; _builder_version=\u00bb4.27.2&#8243; _module_preset=\u00bbdefault\u00bb global_colors_info=\u00bb{}\u00bb][et_pb_text _builder_version=\u00bb4.27.2&#8243; _module_preset=\u00bbdefault\u00bb border_width_all=\u00bb2px\u00bb border_color_all=\u00bbRGBA(255,255,255,0)\u00bb global_colors_info=\u00bb{}\u00bb]<\/p>\n<div id=\"comp-j2azgjum\" class=\"HcOXKn SxM0TO QxJLC3 lq2cno comp-j2azgjum wixui-rich-text\" data-testid=\"richTextElement\">\n<h4 class=\"font_4 wixui-rich-text__text\" style=\"text-align: center;\"><span class=\"wixui-rich-text__text\">Preg\u00e0ria<\/span><\/h4>\n<p><span class=\"wixui-rich-text__text\"><\/span><\/p>\n<p>&nbsp;<\/p>\n<\/div>\n<div id=\"comp-j2azgjup\" class=\"HcOXKn SxM0TO QxJLC3 lq2cno comp-j2azgjup wixui-rich-text\" data-testid=\"richTextElement\">\n<p class=\"font_8 wixui-rich-text__text\" style=\"text-align: left;\"><span class=\"wixui-rich-text__text\">Al llarg de la setmana, o en temps lit\u00fargics forts, la parr\u00f2quia ofereix diferents moments de preg\u00e0ria, com ara:<\/span><\/p>\n<p class=\"font_8 wixui-rich-text__text\" style=\"text-align: left;\"><span class=\"wixui-rich-text__text\"><\/span><\/p>\n<p class=\"font_8 wixui-rich-text__text\" style=\"text-align: left;\"><strong><span class=\"wixui-rich-text__text\">Oraci\u00f3 personal<\/span><\/strong><\/p>\n<p class=\"font_8 wixui-rich-text__text\" style=\"text-align: left;\"><span class=\"wixui-rich-text__text\">Cada dia a partir de les 18:30\u202fh a la capella del Sant\u00edssim<\/span><\/p>\n<p class=\"font_8 wixui-rich-text__text\" style=\"text-align: left;\"><strong><span class=\"wixui-rich-text__text\"><\/span><\/strong><\/p>\n<p class=\"font_8 wixui-rich-text__text\" style=\"text-align: left;\"><strong><span class=\"wixui-rich-text__text\">Rosari<\/span><\/strong><\/p>\n<p class=\"font_8 wixui-rich-text__text\" style=\"text-align: left;\"><span class=\"wixui-rich-text__text\">Cada dia a partir de les<span>\u00a0<\/span><span style=\"color: #e02b20;\">18:30\u202fh \/19:30\u202fh estiu<\/span><\/span><\/p>\n<p class=\"font_8 wixui-rich-text__text\" style=\"text-align: left;\"><span class=\"wixui-rich-text__text\"><span class=\"wixGuard wixui-rich-text__text\">\u200b<\/span><\/span><\/p>\n<p class=\"font_8 wixui-rich-text__text\" style=\"text-align: left;\"><strong><span class=\"wixui-rich-text__text\">Adoraci\u00f3 eucar\u00edstica<\/span><\/strong><\/p>\n<p class=\"font_8 wixui-rich-text__text\" style=\"text-align: left;\"><span class=\"wixui-rich-text__text\">Primer dijous a les<span>\u00a0<\/span><span style=\"color: #e02b20;\">18:30 h \/ 19:30 h estiu<\/span><\/span><\/p>\n<p class=\"font_8 wixui-rich-text__text\" style=\"text-align: left;\">\n<p class=\"font_8 wixui-rich-text__text\" style=\"text-align: left;\"><strong><span class=\"wixui-rich-text__text\">Commemoraci\u00f3 de M. Auxiliadora<\/span><\/strong><\/p>\n<p class=\"font_8 wixui-rich-text__text\" style=\"text-align: left;\"><span class=\"wixui-rich-text__text\">El 24 de cada mes a les 19:30\u202fh<\/span><\/p>\n<p class=\"font_8 wixui-rich-text__text\" style=\"text-align: left;\">\n<p class=\"font_8 wixui-rich-text__text\" style=\"text-align: left;\"><strong><span class=\"wixui-rich-text__text\">Via Crucis<\/span><\/strong><\/p>\n<p class=\"font_8 wixui-rich-text__text\" style=\"text-align: left;\"><span class=\"wixui-rich-text__text\">Els divendres de Quaresma, a les<span>\u00a0<\/span><span style=\"color: #e02b20;\">18:15 h<\/span><\/span><\/p>\n<p class=\"font_8 wixui-rich-text__text\" style=\"text-align: left;\">\n<p class=\"font_8 wixui-rich-text__text\" style=\"text-align: left;\"><strong><span class=\"wixui-rich-text__text\">Mes de Maria<\/span><\/strong><\/p>\n<p class=\"font_8 wixui-rich-text__text\" style=\"text-align: left;\"><span class=\"wixui-rich-text__text\">De dilluns a divendres del mes de maig a les 19:30\u202fh<\/span><\/p>\n<\/div>\n<p>[\/et_pb_text][\/et_pb_column][et_pb_column type=\u00bb1_3&#8243; _builder_version=\u00bb4.27.2&#8243; _module_preset=\u00bbdefault\u00bb global_colors_info=\u00bb{}\u00bb][et_pb_text _builder_version=\u00bb4.27.2&#8243; _module_preset=\u00bbdefault\u00bb global_colors_info=\u00bb{}\u00bb]<\/p>\n<p class=\"font_8 wixui-rich-text__text\" style=\"text-align: center;\"><span style=\"font-size: large; color: #e00b00;\"><strong>Grups de fe<\/strong><span class=\"wixui-rich-text__text\"><\/span><span class=\"wixui-rich-text__text\"><\/span><\/span><\/p>\n<p class=\"font_8 wixui-rich-text__text\" style=\"text-align: left;\"><span class=\"wixui-rich-text__text\"><\/span><\/p>\n<p class=\"font_8 wixui-rich-text__text\" style=\"text-align: left;\"><span class=\"wixui-rich-text__text\"><\/span><\/p>\n<p class=\"font_8 wixui-rich-text__text\" style=\"text-align: left;\"><span class=\"wixui-rich-text__text\"><\/span><\/p>\n<p class=\"font_8 wixui-rich-text__text\" style=\"text-align: left;\"><span class=\"wixui-rich-text__text\">La vida \u00e9s una aventura i volem compartir-la EN GRUP, amb ALEGRIA, amb IL\u00b7LUSI\u00d3 i amb COMPROM\u00cdS. En quins grups ens trobem?<\/span><\/p>\n<p class=\"font_8 wixui-rich-text__text\" style=\"text-align: left;\">\n<p class=\"font_8 wixui-rich-text__text\" style=\"text-align: left;\"><span class=\"wixui-rich-text__text\"><strong>GRUPS AMICS:<\/strong> de 9-11 \/ 12-13 anys<\/span><\/p>\n<p class=\"font_8 wixui-rich-text__text\" style=\"text-align: left;\"><span class=\"wixui-rich-text__text\"><\/span><\/p>\n<p class=\"font_8 wixui-rich-text__text\" style=\"text-align: left;\"><strong><span class=\"wixui-rich-text__text\"><span class=\"wixGuard wixui-rich-text__text\">\u200b<\/span><\/span><\/strong><span class=\"wixui-rich-text__text\"><strong>GRUPS FOC:<\/strong> de 14-16 anys<\/span><\/p>\n<p class=\"font_8 wixui-rich-text__text\" style=\"text-align: left;\"><strong style=\"font-size: 14px;\"><\/strong><\/p>\n<p class=\"font_8 wixui-rich-text__text\" style=\"text-align: left;\"><strong style=\"font-size: 14px;\">GRUPS DE JOVES:<\/strong><span style=\"font-size: 14px;\"> m\u00e9s de 17 anys<\/span><\/p>\n<p class=\"font_8 wixui-rich-text__text\" style=\"text-align: left;\"><strong style=\"font-size: 14px;\"><\/strong><\/p>\n<p class=\"font_8 wixui-rich-text__text\" style=\"text-align: left;\"><strong style=\"font-size: 14px;\">CATECUMENT:<\/strong><span style=\"font-size: 14px;\">\u00a0 a partir dels 20 anys<\/span><\/p>\n<p>[\/et_pb_text][\/et_pb_column][et_pb_column type=\u00bb1_3&#8243; _builder_version=\u00bb4.27.2&#8243; _module_preset=\u00bbdefault\u00bb global_colors_info=\u00bb{}\u00bb][et_pb_text _builder_version=\u00bb4.27.2&#8243; _module_preset=\u00bbdefault\u00bb global_colors_info=\u00bb{}\u00bb]<\/p>\n<div id=\"comp-j2el8bt5\" class=\"HcOXKn SxM0TO QxJLC3 lq2cno comp-j2el8bt5 wixui-rich-text\" data-testid=\"richTextElement\">\n<h4 class=\"font_4 wixui-rich-text__text\" style=\"text-align: center;\"><span class=\"wixui-rich-text__text\">Preg\u00e0ria jove<\/span><\/h4>\n<p style=\"text-align: center;\"><span class=\"wixui-rich-text__text\"><\/span><\/p>\n<p><span class=\"wixui-rich-text__text\"><\/span><\/p>\n<p><span class=\"wixui-rich-text__text\"><\/span><\/p>\n<\/div>\n<div id=\"comp-j2cbxpge\" class=\"HcOXKn SxM0TO QxJLC3 lq2cno comp-j2cbxpge wixui-rich-text\" data-testid=\"richTextElement\">\n<p class=\"font_8 wixui-rich-text__text\"><span class=\"wixui-rich-text__text\">Un divendres de cada trimestre a les 21:30 h, els Grups de Fe organitzen una preg\u00e0ria amb caire juvenil oberta a tots els agents pastorals de la parr\u00f2quia, als educadors de l&#8217;Obra Salesiana i a tothom que hi vulgui.<\/span><\/p>\n<p class=\"font_8 wixui-rich-text__text\"><span class=\"wixui-rich-text__text\">Preg\u00e0ria de joves de l&#8217;Arxiprestat de Sant Boi <\/span><span class=\"wixui-rich-text__text\">un divendres de cada trimestre.<\/span><\/p>\n<\/div>\n<p>[\/et_pb_text][\/et_pb_column][\/et_pb_row][\/et_pb_section]<\/p>\n","protected":false},"excerpt":{"rendered":"<p>Catequesi de 1a comuni\u00f3 La preparaci\u00f3 a la primera comuni\u00f3 es fa al llarg de dos cursos, per als nois i noies de 8 i 9 anys (3r i 4t de Prim\u00e0ria). 1r curs (nois i noies que cursen 3r de Prim\u00e0ria): Una reuni\u00f3 mensual (6 en total). Els pares tamb\u00e9 participen d\u2019unes trobades mensuals [&hellip;]<\/p>\n","protected":false},"author":2,"featured_media":0,"parent":0,"menu_order":0,"comment_status":"closed","ping_status":"closed","template":"","meta":{"_et_pb_use_builder":"on","_et_pb_old_content":"","_et_gb_content_width":"","footnotes":""},"class_list":["post-9869","page","type-page","status-publish","hentry"],"yoast_head":"<!-- This site is optimized with the Yoast SEO plugin v28.3 - https:\/\/yoast.com\/product\/yoast-seo-wordpress\/ -->\n<title>Educaci\u00f3 en la fe - Escola<\/title>\n<meta name=\"robots\" content=\"index, follow, max-snippet:-1, max-image-preview:large, max-video-preview:-1\" \/>\n<link rel=\"canonical\" href=\"https:\/\/santboi.salesians.cat\/escola\/educacio-en-la-fe\/\" \/>\n<meta property=\"og:locale\" content=\"es_ES\" \/>\n<meta property=\"og:type\" content=\"article\" \/>\n<meta property=\"og:title\" content=\"Educaci\u00f3 en la fe - Escola\" \/>\n<meta property=\"og:description\" content=\"Catequesi de 1a comuni\u00f3 La preparaci\u00f3 a la primera comuni\u00f3 es fa al llarg de dos cursos, per als nois i noies de 8 i 9 anys (3r i 4t de Prim\u00e0ria). 1r curs (nois i noies que cursen 3r de Prim\u00e0ria): Una reuni\u00f3 mensual (6 en total). Els pares tamb\u00e9 participen d\u2019unes trobades mensuals [&hellip;]\" \/>\n<meta property=\"og:url\" content=\"https:\/\/santboi.salesians.cat\/escola\/educacio-en-la-fe\/\" \/>\n<meta property=\"og:site_name\" content=\"Escola\" \/>\n<meta property=\"article:publisher\" content=\"https:\/\/www.facebook.com\/SalesiansSBL\/\" \/>\n<meta property=\"article:modified_time\" content=\"2025-09-25T06:33:11+00:00\" \/>\n<meta name=\"twitter:card\" content=\"summary_large_image\" \/>\n<meta name=\"twitter:site\" content=\"@salesianssbl\" \/>\n<meta name=\"twitter:label1\" content=\"Tiempo de lectura\" \/>\n\t<meta name=\"twitter:data1\" content=\"2 minutos\" \/>\n<script type=\"application\/ld+json\" class=\"yoast-schema-graph\">{\"@context\":\"https:\\\/\\\/schema.org\",\"@graph\":[{\"@type\":\"WebPage\",\"@id\":\"https:\\\/\\\/santboi.salesians.cat\\\/escola\\\/educacio-en-la-fe\\\/\",\"url\":\"https:\\\/\\\/santboi.salesians.cat\\\/escola\\\/educacio-en-la-fe\\\/\",\"name\":\"Educaci\u00f3 en la fe - Escola\",\"isPartOf\":{\"@id\":\"https:\\\/\\\/santboi.salesians.cat\\\/escola\\\/#website\"},\"datePublished\":\"2024-10-18T11:17:51+00:00\",\"dateModified\":\"2025-09-25T06:33:11+00:00\",\"breadcrumb\":{\"@id\":\"https:\\\/\\\/santboi.salesians.cat\\\/escola\\\/educacio-en-la-fe\\\/#breadcrumb\"},\"inLanguage\":\"es\",\"potentialAction\":[{\"@type\":\"ReadAction\",\"target\":[\"https:\\\/\\\/santboi.salesians.cat\\\/escola\\\/educacio-en-la-fe\\\/\"]}]},{\"@type\":\"BreadcrumbList\",\"@id\":\"https:\\\/\\\/santboi.salesians.cat\\\/escola\\\/educacio-en-la-fe\\\/#breadcrumb\",\"itemListElement\":[{\"@type\":\"ListItem\",\"position\":1,\"name\":\"Portada\",\"item\":\"https:\\\/\\\/santboi.salesians.cat\\\/escola\\\/\"},{\"@type\":\"ListItem\",\"position\":2,\"name\":\"Educaci\u00f3 en la fe\"}]},{\"@type\":\"WebSite\",\"@id\":\"https:\\\/\\\/santboi.salesians.cat\\\/escola\\\/#website\",\"url\":\"https:\\\/\\\/santboi.salesians.cat\\\/escola\\\/\",\"name\":\"Escola\",\"description\":\"Salesians Sant Boi de Llobregat\",\"potentialAction\":[{\"@type\":\"SearchAction\",\"target\":{\"@type\":\"EntryPoint\",\"urlTemplate\":\"https:\\\/\\\/santboi.salesians.cat\\\/escola\\\/?s={search_term_string}\"},\"query-input\":{\"@type\":\"PropertyValueSpecification\",\"valueRequired\":true,\"valueName\":\"search_term_string\"}}],\"inLanguage\":\"es\"}]}<\/script>\n<!-- \/ Yoast SEO plugin. -->","yoast_head_json":{"title":"Educaci\u00f3 en la fe - Escola","robots":{"index":"index","follow":"follow","max-snippet":"max-snippet:-1","max-image-preview":"max-image-preview:large","max-video-preview":"max-video-preview:-1"},"canonical":"https:\/\/santboi.salesians.cat\/escola\/educacio-en-la-fe\/","og_locale":"es_ES","og_type":"article","og_title":"Educaci\u00f3 en la fe - Escola","og_description":"Catequesi de 1a comuni\u00f3 La preparaci\u00f3 a la primera comuni\u00f3 es fa al llarg de dos cursos, per als nois i noies de 8 i 9 anys (3r i 4t de Prim\u00e0ria). 1r curs (nois i noies que cursen 3r de Prim\u00e0ria): Una reuni\u00f3 mensual (6 en total). Els pares tamb\u00e9 participen d\u2019unes trobades mensuals [&hellip;]","og_url":"https:\/\/santboi.salesians.cat\/escola\/educacio-en-la-fe\/","og_site_name":"Escola","article_publisher":"https:\/\/www.facebook.com\/SalesiansSBL\/","article_modified_time":"2025-09-25T06:33:11+00:00","twitter_card":"summary_large_image","twitter_site":"@salesianssbl","twitter_misc":{"Tiempo de lectura":"2 minutos"},"schema":{"@context":"https:\/\/schema.org","@graph":[{"@type":"WebPage","@id":"https:\/\/santboi.salesians.cat\/escola\/educacio-en-la-fe\/","url":"https:\/\/santboi.salesians.cat\/escola\/educacio-en-la-fe\/","name":"Educaci\u00f3 en la fe - Escola","isPartOf":{"@id":"https:\/\/santboi.salesians.cat\/escola\/#website"},"datePublished":"2024-10-18T11:17:51+00:00","dateModified":"2025-09-25T06:33:11+00:00","breadcrumb":{"@id":"https:\/\/santboi.salesians.cat\/escola\/educacio-en-la-fe\/#breadcrumb"},"inLanguage":"es","potentialAction":[{"@type":"ReadAction","target":["https:\/\/santboi.salesians.cat\/escola\/educacio-en-la-fe\/"]}]},{"@type":"BreadcrumbList","@id":"https:\/\/santboi.salesians.cat\/escola\/educacio-en-la-fe\/#breadcrumb","itemListElement":[{"@type":"ListItem","position":1,"name":"Portada","item":"https:\/\/santboi.salesians.cat\/escola\/"},{"@type":"ListItem","position":2,"name":"Educaci\u00f3 en la fe"}]},{"@type":"WebSite","@id":"https:\/\/santboi.salesians.cat\/escola\/#website","url":"https:\/\/santboi.salesians.cat\/escola\/","name":"Escola","description":"Salesians Sant Boi de Llobregat","potentialAction":[{"@type":"SearchAction","target":{"@type":"EntryPoint","urlTemplate":"https:\/\/santboi.salesians.cat\/escola\/?s={search_term_string}"},"query-input":{"@type":"PropertyValueSpecification","valueRequired":true,"valueName":"search_term_string"}}],"inLanguage":"es"}]}},"_links":{"self":[{"href":"https:\/\/santboi.salesians.cat\/escola\/wp-json\/wp\/v2\/pages\/9869","targetHints":{"allow":["GET"]}}],"collection":[{"href":"https:\/\/santboi.salesians.cat\/escola\/wp-json\/wp\/v2\/pages"}],"about":[{"href":"https:\/\/santboi.salesians.cat\/escola\/wp-json\/wp\/v2\/types\/page"}],"author":[{"embeddable":true,"href":"https:\/\/santboi.salesians.cat\/escola\/wp-json\/wp\/v2\/users\/2"}],"replies":[{"embeddable":true,"href":"https:\/\/santboi.salesians.cat\/escola\/wp-json\/wp\/v2\/comments?post=9869"}],"version-history":[{"count":16,"href":"https:\/\/santboi.salesians.cat\/escola\/wp-json\/wp\/v2\/pages\/9869\/revisions"}],"predecessor-version":[{"id":10101,"href":"https:\/\/santboi.salesians.cat\/escola\/wp-json\/wp\/v2\/pages\/9869\/revisions\/10101"}],"wp:attachment":[{"href":"https:\/\/santboi.salesians.cat\/escola\/wp-json\/wp\/v2\/media?parent=9869"}],"curies":[{"name":"wp","href":"https:\/\/api.w.org\/{rel}","templated":true}]}}